{"id":1105,"date":"2024-08-05T16:38:44","date_gmt":"2024-08-05T14:38:44","guid":{"rendered":"https:\/\/tourderomandie.ch\/?page_id=1105"},"modified":"2024-11-15T11:06:18","modified_gmt":"2024-11-15T09:06:18","slug":"who-are-we","status":"publish","type":"page","link":"https:\/\/www.tourderomandie.ch\/en\/qui-sommes-nous\/","title":{"rendered":"About us"},"content":{"rendered":"<div data-elementor-type=\"wp-page\" data-elementor-id=\"1105\" class=\"elementor elementor-1105\" data-elementor-post-type=\"page\">\n\t\t\t\t<div class=\"elementor-element elementor-element-da3b16d e-flex e-con-boxed e-con e-parent\" data-id=\"da3b16d\" data-element_type=\"container\" data-e-type=\"container\" data-settings=\"{&quot;background_background&quot;:&quot;classic&quot;}\">\n\t\t\t\t\t<div class=\"e-con-inner\">\n\t\t\t\t<div class=\"elementor-element elementor-element-0fa9022 txt_gradient elementor-widget elementor-widget-heading\" data-id=\"0fa9022\" data-element_type=\"widget\" data-e-type=\"widget\" data-widget_type=\"heading.default\">\n\t\t\t\t\t<h1 class=\"elementor-heading-title elementor-size-default\">About<\/h1>\t\t\t\t<\/div>\n\t\t\t\t<div class=\"elementor-element elementor-element-415f569 elementor-widget elementor-widget-text-editor\" data-id=\"415f569\" data-element_type=\"widget\" data-e-type=\"widget\" data-widget_type=\"text-editor.default\">\n\t\t\t\t\t\t\t\t\t<p>The Tour de Romandie is a stage race cycling competition founded in 1947 to celebrate the 50th<sup>e<\/sup>\u00a0anniversary of the Swiss Cycling Union. The first edition brought together 40 riders divided into ten teams. At the time, only four stages were on the program and the total distance covered was 755 kilometers!<\/p><p>A prestigious and legendary cycling race, it has held a prime position on the international calendar for several years, thus attracting the world's greatest cyclists. In 2006, the Tour de Romandie received the UCI ProTour label, and since 2011 it has been part of the prestigious UCI WorldTour circuit, alongside the Giro d\u2019Italia, the Tour de France, and the Vuelta a Espa\u00f1a, among others.<\/p>\t\t\t\t\t\t\t\t<\/div>\n\t\t\t\t<div class=\"elementor-element elementor-element-cc578c6 txt_gradient elementor-widget elementor-widget-heading\" data-id=\"cc578c6\" data-element_type=\"widget\" data-e-type=\"widget\" data-widget_type=\"heading.default\">\n\t\t\t\t\t<h1 class=\"elementor-heading-title elementor-size-default\">Some numbers<\/h1>\t\t\t\t<\/div>\n\t\t\t\t\t<\/div>\n\t\t\t\t<\/div>\n\t\t<div class=\"elementor-element elementor-element-9d45f0d e-flex e-con-boxed e-con e-parent\" data-id=\"9d45f0d\" data-element_type=\"container\" data-e-type=\"container\">\n\t\t\t\t\t<div class=\"e-con-inner\">\n\t\t\t\t<div class=\"elementor-element elementor-element-5c225d2 elementor-widget elementor-widget-image\" data-id=\"5c225d2\" data-element_type=\"widget\" data-e-type=\"widget\" data-widget_type=\"image.default\">\n\t\t\t\t\t\t\t\t\t\t\t\t\t\t\t<img fetchpriority=\"high\" decoding=\"async\" width=\"1396\" height=\"1920\" src=\"https:\/\/www.tourderomandie.ch\/wp-content\/uploads\/2025\/04\/Infographie_EN.jpg\" class=\"attachment-full size-full wp-image-4448\" alt=\"\" \/>\t\t\t\t\t\t\t\t\t\t\t\t\t\t\t<\/div>\n\t\t<div class=\"elementor-element elementor-element-51752f2 e-con-full e-flex e-con e-child\" data-id=\"51752f2\" data-element_type=\"container\" data-e-type=\"container\">\n\t\t\t\t<div class=\"elementor-element elementor-element-e4c6428 elementor-widget elementor-widget-text-editor\" data-id=\"e4c6428\" data-element_type=\"widget\" data-e-type=\"widget\" data-widget_type=\"text-editor.default\">\n\t\t\t\t\t\t\t\t\t<div class=\"g-cols wpb_row type_default valign_top vc_inner\"><div class=\"vc_col-sm-6 wpb_column vc_column_container\"><div class=\"vc_column-inner\"><div class=\"wpb_wrapper\"><div class=\"wpb_text_column\"><div class=\"wpb_wrapper\"><h4>The media impact of the Tour de Romandie goes well beyond Swiss borders.<\/h4><\/div><\/div><div class=\"wpb_text_column\"><div class=\"wpb_wrapper\"><p>The event brings together all the French-speaking cantons as a single entity, and represents a powerful driver for touristic and cultural promotion for the Romandie region. The show put on by the Tour de Romandie delights the greatest sports fans, while the beauty of the landscapes crossed \u2013 enhanced by the televisual production \u2013 captivates everybody.<\/p><p>As a key event in terms of the sporting heritage of French-speaking Switzerland, the Tour de Romandie enables the political, economic, sporting and media circles to further develop their relationships, while  promoting French-speaking Switzerland around the world.<\/p><\/div><\/div><\/div><\/div><\/div><\/div>\t\t\t\t\t\t\t\t<\/div>\n\t\t\t\t<\/div>\n\t\t\t\t\t<\/div>\n\t\t\t\t<\/div>\n\t\t<div class=\"elementor-element elementor-element-ff0c72f e-flex e-con-boxed e-con e-parent\" data-id=\"ff0c72f\" data-element_type=\"container\" data-e-type=\"container\">\n\t\t\t\t\t<div class=\"e-con-inner\">\n\t\t\t\t<div class=\"elementor-element elementor-element-36dd002 txt_gradient elementor-widget elementor-widget-heading\" data-id=\"36dd002\" data-element_type=\"widget\" data-e-type=\"widget\" data-widget_type=\"heading.default\">\n\t\t\t\t\t<h1 class=\"elementor-heading-title elementor-size-default\">The Tour de Romandie in figures:<\/h1>\t\t\t\t<\/div>\n\t\t<div class=\"elementor-element elementor-element-2aac9f4 e-con-full e-flex e-con e-child\" data-id=\"2aac9f4\" data-element_type=\"container\" data-e-type=\"container\">\n\t\t<div class=\"elementor-element elementor-element-0e62db8 e-con-full e-flex e-con e-child\" data-id=\"0e62db8\" data-element_type=\"container\" data-e-type=\"container\">\n\t\t\t\t<div class=\"elementor-element elementor-element-66f44bb elementor-widget elementor-widget-counter\" data-id=\"66f44bb\" data-element_type=\"widget\" data-e-type=\"widget\" data-widget_type=\"counter.default\">\n\t\t\t\t\t\t\t<div class=\"elementor-counter\">\n\t\t\t<div class=\"elementor-counter-title\">subscribers on Facebook<\/div>\t\t\t<div class=\"elementor-counter-number-wrapper\">\n\t\t\t\t<span class=\"elementor-counter-number-prefix\"><\/span>\n\t\t\t\t<span class=\"elementor-counter-number\" data-duration=\"2000\" data-to-value=\"22150\" data-from-value=\"0\" data-delimiter=\",\">0<\/span>\n\t\t\t\t<span class=\"elementor-counter-number-suffix\"><\/span>\n\t\t\t<\/div>\n\t\t<\/div>\n\t\t\t\t\t\t<\/div>\n\t\t\t\t<\/div>\n\t\t<div class=\"elementor-element elementor-element-7aa0d7d e-con-full e-flex e-con e-child\" data-id=\"7aa0d7d\" data-element_type=\"container\" data-e-type=\"container\">\n\t\t\t\t<div class=\"elementor-element elementor-element-7ef67a3 elementor-widget elementor-widget-counter\" data-id=\"7ef67a3\" data-element_type=\"widget\" data-e-type=\"widget\" data-widget_type=\"counter.default\">\n\t\t\t\t\t\t\t<div class=\"elementor-counter\">\n\t\t\t<div class=\"elementor-counter-title\">subscribers on Instagram<\/div>\t\t\t<div class=\"elementor-counter-number-wrapper\">\n\t\t\t\t<span class=\"elementor-counter-number-prefix\"><\/span>\n\t\t\t\t<span class=\"elementor-counter-number\" data-duration=\"2000\" data-to-value=\"18500\" data-from-value=\"0\" data-delimiter=\",\">0<\/span>\n\t\t\t\t<span class=\"elementor-counter-number-suffix\"><\/span>\n\t\t\t<\/div>\n\t\t<\/div>\n\t\t\t\t\t\t<\/div>\n\t\t\t\t<\/div>\n\t\t<div class=\"elementor-element elementor-element-36c0e5c e-con-full e-flex e-con e-child\" data-id=\"36c0e5c\" data-element_type=\"container\" data-e-type=\"container\">\n\t\t\t\t<div class=\"elementor-element elementor-element-1a409c1 elementor-widget elementor-widget-counter\" data-id=\"1a409c1\" data-element_type=\"widget\" data-e-type=\"widget\" data-widget_type=\"counter.default\">\n\t\t\t\t\t\t\t<div class=\"elementor-counter\">\n\t\t\t<div class=\"elementor-counter-title\">subscribers on X<\/div>\t\t\t<div class=\"elementor-counter-number-wrapper\">\n\t\t\t\t<span class=\"elementor-counter-number-prefix\"><\/span>\n\t\t\t\t<span class=\"elementor-counter-number\" data-duration=\"2000\" data-to-value=\"24400\" data-from-value=\"0\" data-delimiter=\",\">0<\/span>\n\t\t\t\t<span class=\"elementor-counter-number-suffix\"><\/span>\n\t\t\t<\/div>\n\t\t<\/div>\n\t\t\t\t\t\t<\/div>\n\t\t\t\t<\/div>\n\t\t<div class=\"elementor-element elementor-element-aafa418 e-con-full e-flex e-con e-child\" data-id=\"aafa418\" data-element_type=\"container\" data-e-type=\"container\">\n\t\t\t\t<div class=\"elementor-element elementor-element-b07d96d elementor-widget elementor-widget-counter\" data-id=\"b07d96d\" data-element_type=\"widget\" data-e-type=\"widget\" data-widget_type=\"counter.default\">\n\t\t\t\t\t\t\t<div class=\"elementor-counter\">\n\t\t\t<div class=\"elementor-counter-title\">subscribers on LinkedIn<\/div>\t\t\t<div class=\"elementor-counter-number-wrapper\">\n\t\t\t\t<span class=\"elementor-counter-number-prefix\"><\/span>\n\t\t\t\t<span class=\"elementor-counter-number\" data-duration=\"2000\" data-to-value=\"600\" data-from-value=\"0\" data-delimiter=\",\">0<\/span>\n\t\t\t\t<span class=\"elementor-counter-number-suffix\"><\/span>\n\t\t\t<\/div>\n\t\t<\/div>\n\t\t\t\t\t\t<\/div>\n\t\t\t\t<\/div>\n\t\t\t\t<\/div>\n\t\t\t\t\t<\/div>\n\t\t\t\t<\/div>\n\t\t<div class=\"elementor-element elementor-element-a97631b e-flex e-con-boxed e-con e-parent\" data-id=\"a97631b\" data-element_type=\"container\" data-e-type=\"container\">\n\t\t\t\t\t<div class=\"e-con-inner\">\n\t\t\t\t<div class=\"elementor-element elementor-element-6701fd3 txt_gradient elementor-widget elementor-widget-heading\" data-id=\"6701fd3\" data-element_type=\"widget\" data-e-type=\"widget\" data-widget_type=\"heading.default\">\n\t\t\t\t\t<h1 class=\"elementor-heading-title elementor-size-default\">And over 480,000 visitors to our website!<\/h1>\t\t\t\t<\/div>\n\t\t\t\t<div class=\"elementor-element elementor-element-5d04fad elementor-widget elementor-widget-spacer\" data-id=\"5d04fad\" data-element_type=\"widget\" data-e-type=\"widget\" data-widget_type=\"spacer.default\">\n\t\t\t\t\t\t\t<div class=\"elementor-spacer\">\n\t\t\t<div class=\"elementor-spacer-inner\"><\/div>\n\t\t<\/div>\n\t\t\t\t\t\t<\/div>\n\t\t\t\t\t<\/div>\n\t\t\t\t<\/div>\n\t\t\t\t<\/div>","protected":false},"excerpt":{"rendered":"<p>A propos Le Tour de Roman\u00addie est une course cycliste par \u00e9tapes qui fut fon\u00add\u00e9e en 1947 afin de c\u00e9l\u00e9\u00adbrer le 50e\u00a0anni\u00adver\u00adsaire de l\u2019Union Cycliste Suisse. La pre\u00admi\u00e8re \u00e9di\u00adtion r\u00e9unis\u00adsait 40 cou\u00adreurs r\u00e9par\u00adtis dans dix \u00e9quipes. A l\u2019\u00e9poque, seules quatre \u00e9tapes figu\u00adraient au pro\u00adgramme et la dis\u00adtance totale par\u00adcou\u00adrue \u00e9tait de 755 kilo\u00adm\u00e8tres ! Course [&hellip;]<\/p>\n","protected":false},"author":1,"featured_media":0,"parent":0,"menu_order":0,"comment_status":"closed","ping_status":"closed","template":"","meta":{"_acf_changed":false,"footnotes":""},"class_list":["post-1105","page","type-page","status-publish","hentry"],"acf":[],"yoast_head":"<!-- This site is optimized with the Yoast SEO plugin v27.5 - https:\/\/yoast.com\/product\/yoast-seo-wordpress\/ -->\n<title>Qui sommes-nous - TdR<\/title>\n<meta name=\"description\" content=\"Le Tour de Romandie F\u00e9minin a \u00e9t\u00e9 cr\u00e9\u00e9 dans le cadre des festivit\u00e9s des 75 ans du Tour de Romandie et regroupe l&#039;\u00e9lite du cyclisme f\u00e9minin\" \/>\n<meta name=\"robots\" content=\"index, follow, max-snippet:-1, max-image-preview:large, max-video-preview:-1\" \/>\n<link rel=\"canonical\" href=\"https:\/\/www.tourderomandie.ch\/en\/who-are-we\/\" \/>\n<meta property=\"og:locale\" content=\"en_US\" \/>\n<meta property=\"og:type\" content=\"article\" \/>\n<meta property=\"og:title\" content=\"Qui sommes-nous - TdR\" \/>\n<meta property=\"og:description\" content=\"Le Tour de Romandie F\u00e9minin a \u00e9t\u00e9 cr\u00e9\u00e9 dans le cadre des festivit\u00e9s des 75 ans du Tour de Romandie et regroupe l&#039;\u00e9lite du cyclisme f\u00e9minin\" \/>\n<meta property=\"og:url\" content=\"https:\/\/www.tourderomandie.ch\/en\/who-are-we\/\" \/>\n<meta property=\"og:site_name\" content=\"TdR\" \/>\n<meta property=\"article:publisher\" content=\"https:\/\/www.facebook.com\/tourderomandie\" \/>\n<meta property=\"article:modified_time\" content=\"2024-11-15T09:06:18+00:00\" \/>\n<meta property=\"og:image\" content=\"https:\/\/tourderomandie.ch\/wp-content\/uploads\/2024\/11\/Infographie_77e-1-e1730703036629-2.png\" \/>\n<meta name=\"twitter:card\" content=\"summary_large_image\" \/>\n<meta name=\"twitter:site\" content=\"@TourDeRomandie\" \/>\n<meta name=\"twitter:label1\" content=\"Est. reading time\" \/>\n\t<meta name=\"twitter:data1\" content=\"2 minutes\" \/>\n<script type=\"application\/ld+json\" class=\"yoast-schema-graph\">{\"@context\":\"https:\\\/\\\/schema.org\",\"@graph\":[{\"@type\":\"WebPage\",\"@id\":\"https:\\\/\\\/www.tourderomandie.ch\\\/en\\\/qui-sommes-nous\\\/\",\"url\":\"https:\\\/\\\/www.tourderomandie.ch\\\/en\\\/qui-sommes-nous\\\/\",\"name\":\"Qui sommes-nous - TdR\",\"isPartOf\":{\"@id\":\"https:\\\/\\\/www.tourderomandie.ch\\\/en\\\/#website\"},\"primaryImageOfPage\":{\"@id\":\"https:\\\/\\\/www.tourderomandie.ch\\\/en\\\/qui-sommes-nous\\\/#primaryimage\"},\"image\":{\"@id\":\"https:\\\/\\\/www.tourderomandie.ch\\\/en\\\/qui-sommes-nous\\\/#primaryimage\"},\"thumbnailUrl\":\"https:\\\/\\\/tourderomandie.ch\\\/wp-content\\\/uploads\\\/2024\\\/11\\\/Infographie_77e-1-e1730703036629-2.png\",\"datePublished\":\"2024-08-05T14:38:44+00:00\",\"dateModified\":\"2024-11-15T09:06:18+00:00\",\"description\":\"Le Tour de Romandie F\u00e9minin a \u00e9t\u00e9 cr\u00e9\u00e9 dans le cadre des festivit\u00e9s des 75 ans du Tour de Romandie et regroupe l'\u00e9lite du cyclisme f\u00e9minin\",\"breadcrumb\":{\"@id\":\"https:\\\/\\\/www.tourderomandie.ch\\\/en\\\/qui-sommes-nous\\\/#breadcrumb\"},\"inLanguage\":\"en-US\",\"potentialAction\":[{\"@type\":\"ReadAction\",\"target\":[\"https:\\\/\\\/www.tourderomandie.ch\\\/en\\\/qui-sommes-nous\\\/\"]}]},{\"@type\":\"ImageObject\",\"inLanguage\":\"en-US\",\"@id\":\"https:\\\/\\\/www.tourderomandie.ch\\\/en\\\/qui-sommes-nous\\\/#primaryimage\",\"url\":\"https:\\\/\\\/tourderomandie.ch\\\/wp-content\\\/uploads\\\/2024\\\/11\\\/Infographie_77e-1-e1730703036629-2.png\",\"contentUrl\":\"https:\\\/\\\/tourderomandie.ch\\\/wp-content\\\/uploads\\\/2024\\\/11\\\/Infographie_77e-1-e1730703036629-2.png\"},{\"@type\":\"BreadcrumbList\",\"@id\":\"https:\\\/\\\/www.tourderomandie.ch\\\/en\\\/qui-sommes-nous\\\/#breadcrumb\",\"itemListElement\":[{\"@type\":\"ListItem\",\"position\":1,\"name\":\"Accueil\",\"item\":\"https:\\\/\\\/www.tourderomandie.ch\\\/en\\\/\"},{\"@type\":\"ListItem\",\"position\":2,\"name\":\"Qui sommes-nous\"}]},{\"@type\":\"WebSite\",\"@id\":\"https:\\\/\\\/www.tourderomandie.ch\\\/en\\\/#website\",\"url\":\"https:\\\/\\\/www.tourderomandie.ch\\\/en\\\/\",\"name\":\"Tour de Romandie\",\"description\":\"Tour de Romandie | du 28 avril au 03 mai 2026\",\"publisher\":{\"@id\":\"https:\\\/\\\/www.tourderomandie.ch\\\/en\\\/#organization\"},\"potentialAction\":[{\"@type\":\"SearchAction\",\"target\":{\"@type\":\"EntryPoint\",\"urlTemplate\":\"https:\\\/\\\/www.tourderomandie.ch\\\/en\\\/?s={search_term_string}\"},\"query-input\":{\"@type\":\"PropertyValueSpecification\",\"valueRequired\":true,\"valueName\":\"search_term_string\"}}],\"inLanguage\":\"en-US\"},{\"@type\":\"Organization\",\"@id\":\"https:\\\/\\\/www.tourderomandie.ch\\\/en\\\/#organization\",\"name\":\"Tour de Romandie\",\"url\":\"https:\\\/\\\/www.tourderomandie.ch\\\/en\\\/\",\"logo\":{\"@type\":\"ImageObject\",\"inLanguage\":\"en-US\",\"@id\":\"https:\\\/\\\/www.tourderomandie.ch\\\/en\\\/#\\\/schema\\\/logo\\\/image\\\/\",\"url\":\"https:\\\/\\\/www.tourderomandie.ch\\\/wp-content\\\/uploads\\\/2024\\\/07\\\/logo-tdr-2x-min-2.png\",\"contentUrl\":\"https:\\\/\\\/www.tourderomandie.ch\\\/wp-content\\\/uploads\\\/2024\\\/07\\\/logo-tdr-2x-min-2.png\",\"width\":354,\"height\":110,\"caption\":\"Tour de Romandie\"},\"image\":{\"@id\":\"https:\\\/\\\/www.tourderomandie.ch\\\/en\\\/#\\\/schema\\\/logo\\\/image\\\/\"},\"sameAs\":[\"https:\\\/\\\/www.facebook.com\\\/tourderomandie\",\"https:\\\/\\\/x.com\\\/TourDeRomandie\",\"https:\\\/\\\/www.linkedin.com\\\/company\\\/tour-de-romandie\\\/\",\"https:\\\/\\\/www.instagram.com\\\/tourderomandie\\\/\",\"https:\\\/\\\/www.flickr.com\\\/photos\\\/149217298@N06\\\/\"]}]}<\/script>\n<!-- \/ Yoast SEO plugin. -->","yoast_head_json":{"title":"Who are we - ToR","description":"The Tour de Romandie F\u00e9minin was created as part of the 75th-anniversary celebrations of the Tour de Romandie and brings together the elite of women's cycling.","robots":{"index":"index","follow":"follow","max-snippet":"max-snippet:-1","max-image-preview":"max-image-preview:large","max-video-preview":"max-video-preview:-1"},"canonical":"https:\/\/www.tourderomandie.ch\/en\/who-are-we\/","og_locale":"en_US","og_type":"article","og_title":"Qui sommes-nous - TdR","og_description":"Le Tour de Romandie F\u00e9minin a \u00e9t\u00e9 cr\u00e9\u00e9 dans le cadre des festivit\u00e9s des 75 ans du Tour de Romandie et regroupe l'\u00e9lite du cyclisme f\u00e9minin","og_url":"https:\/\/www.tourderomandie.ch\/en\/who-are-we\/","og_site_name":"TdR","article_publisher":"https:\/\/www.facebook.com\/tourderomandie","article_modified_time":"2024-11-15T09:06:18+00:00","og_image":[{"url":"https:\/\/tourderomandie.ch\/wp-content\/uploads\/2024\/11\/Infographie_77e-1-e1730703036629-2.png","type":"","width":"","height":""}],"twitter_card":"summary_large_image","twitter_site":"@TourDeRomandie","twitter_misc":{"Est. reading time":"2 minutes"},"schema":{"@context":"https:\/\/schema.org","@graph":[{"@type":"WebPage","@id":"https:\/\/www.tourderomandie.ch\/en\/qui-sommes-nous\/","url":"https:\/\/www.tourderomandie.ch\/en\/qui-sommes-nous\/","name":"Who are we - ToR","isPartOf":{"@id":"https:\/\/www.tourderomandie.ch\/en\/#website"},"primaryImageOfPage":{"@id":"https:\/\/www.tourderomandie.ch\/en\/qui-sommes-nous\/#primaryimage"},"image":{"@id":"https:\/\/www.tourderomandie.ch\/en\/qui-sommes-nous\/#primaryimage"},"thumbnailUrl":"https:\/\/tourderomandie.ch\/wp-content\/uploads\/2024\/11\/Infographie_77e-1-e1730703036629-2.png","datePublished":"2024-08-05T14:38:44+00:00","dateModified":"2024-11-15T09:06:18+00:00","description":"The Tour de Romandie F\u00e9minin was created as part of the 75th-anniversary celebrations of the Tour de Romandie and brings together the elite of women's cycling.","breadcrumb":{"@id":"https:\/\/www.tourderomandie.ch\/en\/qui-sommes-nous\/#breadcrumb"},"inLanguage":"en-US","potentialAction":[{"@type":"ReadAction","target":["https:\/\/www.tourderomandie.ch\/en\/qui-sommes-nous\/"]}]},{"@type":"ImageObject","inLanguage":"en-US","@id":"https:\/\/www.tourderomandie.ch\/en\/qui-sommes-nous\/#primaryimage","url":"https:\/\/tourderomandie.ch\/wp-content\/uploads\/2024\/11\/Infographie_77e-1-e1730703036629-2.png","contentUrl":"https:\/\/tourderomandie.ch\/wp-content\/uploads\/2024\/11\/Infographie_77e-1-e1730703036629-2.png"},{"@type":"BreadcrumbList","@id":"https:\/\/www.tourderomandie.ch\/en\/qui-sommes-nous\/#breadcrumb","itemListElement":[{"@type":"ListItem","position":1,"name":"Accueil","item":"https:\/\/www.tourderomandie.ch\/en\/"},{"@type":"ListItem","position":2,"name":"Qui sommes-nous"}]},{"@type":"WebSite","@id":"https:\/\/www.tourderomandie.ch\/en\/#website","url":"https:\/\/www.tourderomandie.ch\/en\/","name":"Tour de Romandie","description":"Tour de Romandie | April 28 to May 3, 2026","publisher":{"@id":"https:\/\/www.tourderomandie.ch\/en\/#organization"},"potentialAction":[{"@type":"SearchAction","target":{"@type":"EntryPoint","urlTemplate":"https:\/\/www.tourderomandie.ch\/en\/?s={search_term_string}"},"query-input":{"@type":"PropertyValueSpecification","valueRequired":true,"valueName":"search_term_string"}}],"inLanguage":"en-US"},{"@type":"Organization","@id":"https:\/\/www.tourderomandie.ch\/en\/#organization","name":"Tour de Romandie","url":"https:\/\/www.tourderomandie.ch\/en\/","logo":{"@type":"ImageObject","inLanguage":"en-US","@id":"https:\/\/www.tourderomandie.ch\/en\/#\/schema\/logo\/image\/","url":"https:\/\/www.tourderomandie.ch\/wp-content\/uploads\/2024\/07\/logo-tdr-2x-min-2.png","contentUrl":"https:\/\/www.tourderomandie.ch\/wp-content\/uploads\/2024\/07\/logo-tdr-2x-min-2.png","width":354,"height":110,"caption":"Tour de Romandie"},"image":{"@id":"https:\/\/www.tourderomandie.ch\/en\/#\/schema\/logo\/image\/"},"sameAs":["https:\/\/www.facebook.com\/tourderomandie","https:\/\/x.com\/TourDeRomandie","https:\/\/www.linkedin.com\/company\/tour-de-romandie\/","https:\/\/www.instagram.com\/tourderomandie\/","https:\/\/www.flickr.com\/photos\/149217298@N06\/"]}]}},"_links":{"self":[{"href":"https:\/\/www.tourderomandie.ch\/en\/wp-json\/wp\/v2\/pages\/1105","targetHints":{"allow":["GET"]}}],"collection":[{"href":"https:\/\/www.tourderomandie.ch\/en\/wp-json\/wp\/v2\/pages"}],"about":[{"href":"https:\/\/www.tourderomandie.ch\/en\/wp-json\/wp\/v2\/types\/page"}],"author":[{"embeddable":true,"href":"https:\/\/www.tourderomandie.ch\/en\/wp-json\/wp\/v2\/users\/1"}],"replies":[{"embeddable":true,"href":"https:\/\/www.tourderomandie.ch\/en\/wp-json\/wp\/v2\/comments?post=1105"}],"version-history":[{"count":80,"href":"https:\/\/www.tourderomandie.ch\/en\/wp-json\/wp\/v2\/pages\/1105\/revisions"}],"predecessor-version":[{"id":4454,"href":"https:\/\/www.tourderomandie.ch\/en\/wp-json\/wp\/v2\/pages\/1105\/revisions\/4454"}],"wp:attachment":[{"href":"https:\/\/www.tourderomandie.ch\/en\/wp-json\/wp\/v2\/media?parent=1105"}],"curies":[{"name":"wp","href":"https:\/\/api.w.org\/{rel}","templated":true}]}}