{"id":1420,"date":"2024-08-06T11:07:21","date_gmt":"2024-08-06T09:07:21","guid":{"rendered":"https:\/\/tourderomandie.ch\/?page_id=1420"},"modified":"2026-02-20T14:37:47","modified_gmt":"2026-02-20T12:37:47","slug":"archives-media","status":"publish","type":"page","link":"https:\/\/www.tourderomandie.ch\/en\/archives-media\/","title":{"rendered":"Photo and video gallery"},"content":{"rendered":"\t\t<div data-elementor-type=\"wp-page\" data-elementor-id=\"1420\" class=\"elementor elementor-1420\" data-elementor-post-type=\"page\">\n\t\t\t\t<div class=\"elementor-element elementor-element-da3b16d e-con-full e-flex e-con e-parent\" data-id=\"da3b16d\" data-element_type=\"container\" data-e-type=\"container\">\n\t\t<div class=\"elementor-element elementor-element-02adf5f e-con-full elementor-hidden-mobile_extra elementor-hidden-mobile elementor-hidden-tablet e-flex e-con e-child\" data-id=\"02adf5f\" data-element_type=\"container\" data-e-type=\"container\">\n\t\t\t\t<\/div>\n\t\t<div class=\"elementor-element elementor-element-30ac560 e-con-full e-flex e-con e-child\" data-id=\"30ac560\" data-element_type=\"container\" data-e-type=\"container\">\n\t\t<div class=\"elementor-element elementor-element-e29a750 e-con-full e-flex e-con e-child\" data-id=\"e29a750\" data-element_type=\"container\" data-e-type=\"container\">\n\t\t\t\t<div class=\"elementor-element elementor-element-ed919e4 elementor-widget__width-initial elementor-widget elementor-widget-image\" data-id=\"ed919e4\" data-element_type=\"widget\" data-e-type=\"widget\" data-widget_type=\"image.default\">\n\t\t\t\t\t\t\t\t\t\t\t\t\t\t\t<img fetchpriority=\"high\" decoding=\"async\" width=\"500\" height=\"333\" src=\"https:\/\/www.tourderomandie.ch\/wp-content\/uploads\/2026\/01\/montagne-1.png\" class=\"attachment-large size-large wp-image-9137\" alt=\"\" \/>\t\t\t\t\t\t\t\t\t\t\t\t\t\t\t<\/div>\n\t\t\t\t<div class=\"elementor-element elementor-element-227b4c0 elementor-widget__width-initial elementor-widget elementor-widget-image\" data-id=\"227b4c0\" data-element_type=\"widget\" data-e-type=\"widget\" data-widget_type=\"image.default\">\n\t\t\t\t\t\t\t\t\t\t\t\t\t\t\t<img decoding=\"async\" width=\"200\" height=\"188\" src=\"https:\/\/www.tourderomandie.ch\/wp-content\/uploads\/2026\/01\/etoile.png\" class=\"attachment-large size-large wp-image-9129\" alt=\"\" \/>\t\t\t\t\t\t\t\t\t\t\t\t\t\t\t<\/div>\n\t\t\t\t<\/div>\n\t\t\t\t<div class=\"elementor-element elementor-element-0fa9022 txt_gradient elementor-widget elementor-widget-heading\" data-id=\"0fa9022\" data-element_type=\"widget\" data-e-type=\"widget\" data-widget_type=\"heading.default\">\n\t\t\t\t\t<h1 class=\"elementor-heading-title elementor-size-default\">Archives m\u00e9dia<\/h1>\t\t\t\t<\/div>\n\t\t\t\t<div class=\"elementor-element elementor-element-2fa7250 year-group elementor-widget elementor-widget-heading\" data-id=\"2fa7250\" data-element_type=\"widget\" data-e-type=\"widget\" data-widget_type=\"heading.default\">\n\t\t\t\t\t<h2 class=\"elementor-heading-title elementor-size-default\">2026<\/h2>\t\t\t\t<\/div>\n\t\t<div class=\"elementor-element elementor-element-c38015c e-con-full e-flex e-con e-child\" data-id=\"c38015c\" data-element_type=\"container\" data-e-type=\"container\">\n\t\t<div class=\"elementor-element elementor-element-a2b56e7 e-con-full e-flex e-con e-child\" data-id=\"a2b56e7\" data-element_type=\"container\" data-e-type=\"container\">\n\t\t\t\t<div class=\"elementor-element elementor-element-5f17e8b txt_gradient elementor-widget elementor-widget-heading\" data-id=\"5f17e8b\" data-element_type=\"widget\" data-e-type=\"widget\" data-widget_type=\"heading.default\">\n\t\t\t\t\t<h3 class=\"elementor-heading-title elementor-size-default\">Teaser<\/h3>\t\t\t\t<\/div>\n\t\t\t\t<div class=\"elementor-element elementor-element-a93966f elementor-widget elementor-widget-video\" data-id=\"a93966f\" data-element_type=\"widget\" data-e-type=\"widget\" data-settings=\"{&quot;video_type&quot;:&quot;hosted&quot;,&quot;start&quot;:0,&quot;end&quot;:0,&quot;controls&quot;:&quot;yes&quot;}\" data-widget_type=\"video.default\">\n\t\t\t\t\t\t\t<div class=\"e-hosted-video elementor-wrapper elementor-open-inline\">\n\t\t\t\t\t<video class=\"elementor-video\" src=\"https:\/\/www.tourderomandie.ch\/wp-content\/uploads\/2026\/02\/Teaser-TDR-Masculin-2026-V2-Final-1.mp4\" controls=\"\" preload=\"metadata\" controlsList=\"nodownload\" poster=\"https:\/\/www.tourderomandie.ch\/wp-content\/uploads\/2026\/02\/Capture-decran-2026-02-20-a-13.36.48.jpg\"><\/video>\n\t\t\t\t<\/div>\n\t\t\t\t\t\t<\/div>\n\t\t\t\t<\/div>\n\t\t\t\t<\/div>\n\t\t<div class=\"elementor-element elementor-element-31980b2 e-con-full e-flex e-con e-child\" data-id=\"31980b2\" data-element_type=\"container\" data-e-type=\"container\">\n\t\t<div class=\"elementor-element elementor-element-df2a6b2 e-con-full e-flex e-con e-child\" data-id=\"df2a6b2\" data-element_type=\"container\" data-e-type=\"container\">\n\t\t\t\t<div class=\"elementor-element elementor-element-4b2de2a year-group elementor-widget elementor-widget-heading\" data-id=\"4b2de2a\" data-element_type=\"widget\" data-e-type=\"widget\" data-widget_type=\"heading.default\">\n\t\t\t\t\t<h2 class=\"elementor-heading-title elementor-size-default\">2025<\/h2>\t\t\t\t<\/div>\n\t\t\t\t<div class=\"elementor-element elementor-element-f59b132 txt_gradient elementor-widget elementor-widget-heading\" data-id=\"f59b132\" data-element_type=\"widget\" data-e-type=\"widget\" data-widget_type=\"heading.default\">\n\t\t\t\t\t<h3 class=\"elementor-heading-title elementor-size-default\">After movie 2025<\/h3>\t\t\t\t<\/div>\n\t\t\t\t<div class=\"elementor-element elementor-element-ad6bf3c elementor-widget elementor-widget-video\" data-id=\"ad6bf3c\" data-element_type=\"widget\" data-e-type=\"widget\" data-settings=\"{&quot;video_type&quot;:&quot;hosted&quot;,&quot;controls&quot;:&quot;yes&quot;}\" data-widget_type=\"video.default\">\n\t\t\t\t\t\t\t<div class=\"e-hosted-video elementor-wrapper elementor-open-inline\">\n\t\t\t\t\t<video class=\"elementor-video\" src=\"https:\/\/www.tourderomandie.ch\/wp-content\/uploads\/2025\/05\/tdr2025_aftermovie_v4.mp4\" controls=\"\" preload=\"metadata\" controlsList=\"nodownload\" poster=\"https:\/\/www.tourderomandie.ch\/wp-content\/uploads\/2025\/05\/aftermovie_miniature.jpg\"><\/video>\n\t\t\t\t<\/div>\n\t\t\t\t\t\t<\/div>\n\t\t\t\t<div class=\"elementor-element elementor-element-9500aa1 txt_gradient elementor-widget elementor-widget-heading\" data-id=\"9500aa1\" data-element_type=\"widget\" data-e-type=\"widget\" data-widget_type=\"heading.default\">\n\t\t\t\t\t<h3 class=\"elementor-heading-title elementor-size-default\">Photos 2025<\/h3>\t\t\t\t<\/div>\n\t\t\t\t<div class=\"elementor-element elementor-element-8e463a7 elementor-widget elementor-widget-text-editor\" data-id=\"8e463a7\" data-element_type=\"widget\" data-e-type=\"widget\" data-widget_type=\"text-editor.default\">\n\t\t\t\t\t\t\t\t\t<p>Pour toute utilisation, merci de contacter notre partenaire Keystone \u00e0 l\u2019adresse suivante :<span style=\"text-decoration: underline;\"><span style=\"color: #339966; text-decoration: underline;\">\u00a0<a style=\"color: #339966; text-decoration: underline;\" href=\"mailto:info@keystone-ats.ch\">info@keystone-ats.ch<\/a><\/span><\/span><\/p>\t\t\t\t\t\t\t\t<\/div>\n\t\t\t\t<div class=\"elementor-element elementor-element-95ed5f3 elementor-widget elementor-widget-heading\" data-id=\"95ed5f3\" data-element_type=\"widget\" data-e-type=\"widget\" data-widget_type=\"heading.default\">\n\t\t\t\t\t<h2 class=\"elementor-heading-title elementor-size-default\">Prologue Saint-Imier \u00a9Keystone<\/h2>\t\t\t\t<\/div>\n\t\t\t\t<div class=\"elementor-element elementor-element-8884750 elementor-pagination-position-outside elementor-widget elementor-widget-image-carousel\" data-id=\"8884750\" data-element_type=\"widget\" data-e-type=\"widget\" data-settings=\"{&quot;navigation&quot;:&quot;dots&quot;,&quot;image_spacing_custom&quot;:{&quot;unit&quot;:&quot;px&quot;,&quot;size&quot;:10,&quot;sizes&quot;:[]},&quot;autoplay&quot;:&quot;yes&quot;,&quot;pause_on_hover&quot;:&quot;yes&quot;,&quot;pause_on_interaction&quot;:&quot;yes&quot;,&quot;autoplay_speed&quot;:5000,&quot;infinite&quot;:&quot;yes&quot;,&quot;speed&quot;:500,&quot;image_spacing_custom_laptop&quot;:{&quot;unit&quot;:&quot;px&quot;,&quot;size&quot;:&quot;&quot;,&quot;sizes&quot;:[]},&quot;image_spacing_custom_tablet_extra&quot;:{&quot;unit&quot;:&quot;px&quot;,&quot;size&quot;:&quot;&quot;,&quot;sizes&quot;:[]},&quot;image_spacing_custom_tablet&quot;:{&quot;unit&quot;:&quot;px&quot;,&quot;size&quot;:&quot;&quot;,&quot;sizes&quot;:[]},&quot;image_spacing_custom_mobile_extra&quot;:{&quot;unit&quot;:&quot;px&quot;,&quot;size&quot;:&quot;&quot;,&quot;sizes&quot;:[]},&quot;image_spacing_custom_mobile&quot;:{&quot;unit&quot;:&quot;px&quot;,&quot;size&quot;:&quot;&quot;,&quot;sizes&quot;:[]}}\" data-widget_type=\"image-carousel.default\">\n\t\t\t\t\t\t\t<div class=\"elementor-image-carousel-wrapper swiper\" role=\"region\" aria-roledescription=\"carousel\" aria-label=\"Carrousel d\u2019images\" dir=\"ltr\">\n\t\t\t<div class=\"elementor-image-carousel swiper-wrapper\" aria-live=\"off\">\n\t\t\t\t\t\t\t\t<div class=\"swiper-slide\" role=\"group\" aria-roledescription=\"slide\" aria-label=\"1 of 6\"><a data-elementor-open-lightbox=\"yes\" data-elementor-lightbox-slideshow=\"8884750\" data-e-action-hash=\"#elementor-action%3Aaction%3Dlightbox%26settings%3DeyJpZCI6ODA5MCwidXJsIjoiaHR0cHM6XC9cL3d3dy50b3VyZGVyb21hbmRpZS5jaFwvd3AtY29udGVudFwvdXBsb2Fkc1wvMjAyNVwvMDVcL1NhaW50LUltaWVyX1x1MDBhOUtleXN0b25lLTEuanBnIiwic2xpZGVzaG93IjoiODg4NDc1MCJ9\" href=\"https:\/\/www.tourderomandie.ch\/wp-content\/uploads\/2025\/05\/Saint-Imier_\u00a9Keystone-1.jpg\"><figure class=\"swiper-slide-inner\"><img decoding=\"async\" class=\"swiper-slide-image\" src=\"https:\/\/www.tourderomandie.ch\/wp-content\/uploads\/2025\/05\/Saint-Imier_\u00a9Keystone-1.jpg\" alt=\"Remco Evenepoel from Belgium of team Soudal Quick-Step in action during the prologue, a 3,44 km race against the clock at the 78th Tour de Romandie UCI World Tour Cycling race, in Saint-Imier, Switzerland, Tuesday, April 29, 2025. (KEYSTONE\/Laurent Gillieron)\" \/><\/figure><\/a><\/div><div class=\"swiper-slide\" role=\"group\" aria-roledescription=\"slide\" aria-label=\"2 of 6\"><a data-elementor-open-lightbox=\"yes\" data-elementor-lightbox-slideshow=\"8884750\" data-e-action-hash=\"#elementor-action%3Aaction%3Dlightbox%26settings%3DeyJpZCI6ODA5MSwidXJsIjoiaHR0cHM6XC9cL3d3dy50b3VyZGVyb21hbmRpZS5jaFwvd3AtY29udGVudFwvdXBsb2Fkc1wvMjAyNVwvMDVcL1NhaW50LUltaWVyX1x1MDBhOUtleXN0b25lLTIuanBnIiwic2xpZGVzaG93IjoiODg4NDc1MCJ9\" href=\"https:\/\/www.tourderomandie.ch\/wp-content\/uploads\/2025\/05\/Saint-Imier_\u00a9Keystone-2.jpg\"><figure class=\"swiper-slide-inner\"><img decoding=\"async\" class=\"swiper-slide-image\" src=\"https:\/\/www.tourderomandie.ch\/wp-content\/uploads\/2025\/05\/Saint-Imier_\u00a9Keystone-2.jpg\" alt=\"KEYPIX - Stefan Bissegger from Switzerland of team Decathlon AG2R La Mondiale celebrates on the podium after the prologue, a 3,44 km race against the clock at the 78th Tour de Romandie UCI World Tour Cycling race, in Saint-Imier, Switzerland, Tuesday, April 29, 2025. (KEYSTONE\/Jean-Christophe Bott)\" \/><\/figure><\/a><\/div><div class=\"swiper-slide\" role=\"group\" aria-roledescription=\"slide\" aria-label=\"3 of 6\"><a data-elementor-open-lightbox=\"yes\" data-elementor-lightbox-slideshow=\"8884750\" data-e-action-hash=\"#elementor-action%3Aaction%3Dlightbox%26settings%3DeyJpZCI6ODA5MiwidXJsIjoiaHR0cHM6XC9cL3d3dy50b3VyZGVyb21hbmRpZS5jaFwvd3AtY29udGVudFwvdXBsb2Fkc1wvMjAyNVwvMDVcL1NhaW50LUltaWVyX1x1MDBhOUtleXN0b25lLTMuanBnIiwic2xpZGVzaG93IjoiODg4NDc1MCJ9\" href=\"https:\/\/www.tourderomandie.ch\/wp-content\/uploads\/2025\/05\/Saint-Imier_\u00a9Keystone-3.jpg\"><figure class=\"swiper-slide-inner\"><img decoding=\"async\" class=\"swiper-slide-image\" src=\"https:\/\/www.tourderomandie.ch\/wp-content\/uploads\/2025\/05\/Saint-Imier_\u00a9Keystone-3.jpg\" alt=\"The winner of the stage Samuel Watson from Great Britain of team Ineos Grenadiers celebrates on the podium after the prologue, a 3,44 km race against the clock at the 78th Tour de Romandie UCI World Tour Cycling race, in Saint-Imier, Switzerland, Tuesday, April 29, 2025. (KEYSTONE\/Jean-Christophe Bott)\" \/><\/figure><\/a><\/div><div class=\"swiper-slide\" role=\"group\" aria-roledescription=\"slide\" aria-label=\"4 of 6\"><a data-elementor-open-lightbox=\"yes\" data-elementor-lightbox-slideshow=\"8884750\" data-e-action-hash=\"#elementor-action%3Aaction%3Dlightbox%26settings%3DeyJpZCI6ODA5MywidXJsIjoiaHR0cHM6XC9cL3d3dy50b3VyZGVyb21hbmRpZS5jaFwvd3AtY29udGVudFwvdXBsb2Fkc1wvMjAyNVwvMDVcL1NhaW50LUltaWVyX1x1MDBhOUtleXN0b25lLTQuanBnIiwic2xpZGVzaG93IjoiODg4NDc1MCJ9\" href=\"https:\/\/www.tourderomandie.ch\/wp-content\/uploads\/2025\/05\/Saint-Imier_\u00a9Keystone-4.jpg\"><figure class=\"swiper-slide-inner\"><img decoding=\"async\" class=\"swiper-slide-image\" src=\"https:\/\/www.tourderomandie.ch\/wp-content\/uploads\/2025\/05\/Saint-Imier_\u00a9Keystone-4.jpg\" alt=\"The winner of the stage Samuel Watson from Great Britain of team Ineos Grenadiers celebrates on the podium after the prologue, a 3,44 km race against the clock at the 78th Tour de Romandie UCI World Tour Cycling race, in Saint-Imier, Switzerland, Tuesday, April 29, 2025. (KEYSTONE\/Jean-Christophe Bott)\" \/><\/figure><\/a><\/div><div class=\"swiper-slide\" role=\"group\" aria-roledescription=\"slide\" aria-label=\"5 of 6\"><a data-elementor-open-lightbox=\"yes\" data-elementor-lightbox-slideshow=\"8884750\" data-e-action-hash=\"#elementor-action%3Aaction%3Dlightbox%26settings%3DeyJpZCI6ODA5NCwidXJsIjoiaHR0cHM6XC9cL3d3dy50b3VyZGVyb21hbmRpZS5jaFwvd3AtY29udGVudFwvdXBsb2Fkc1wvMjAyNVwvMDVcL1NhaW50LUltaWVyX1x1MDBhOUtleXN0b25lLTUuanBnIiwic2xpZGVzaG93IjoiODg4NDc1MCJ9\" href=\"https:\/\/www.tourderomandie.ch\/wp-content\/uploads\/2025\/05\/Saint-Imier_\u00a9Keystone-5.jpg\"><figure class=\"swiper-slide-inner\"><img decoding=\"async\" class=\"swiper-slide-image\" src=\"https:\/\/www.tourderomandie.ch\/wp-content\/uploads\/2025\/05\/Saint-Imier_\u00a9Keystone-5.jpg\" alt=\"The winner of the stage Samuel Watson from Great Britain of team Ineos Grenadiers celebrates on the podium after the prologue, a 3,44 km race against the clock at the 78th Tour de Romandie UCI World Tour Cycling race, in Saint-Imier, Switzerland, Tuesday, April 29, 2025. (KEYSTONE\/Jean-Christophe Bott)\" \/><\/figure><\/a><\/div><div class=\"swiper-slide\" role=\"group\" aria-roledescription=\"slide\" aria-label=\"6 of 6\"><a data-elementor-open-lightbox=\"yes\" data-elementor-lightbox-slideshow=\"8884750\" data-e-action-hash=\"#elementor-action%3Aaction%3Dlightbox%26settings%3DeyJpZCI6ODA5NSwidXJsIjoiaHR0cHM6XC9cL3d3dy50b3VyZGVyb21hbmRpZS5jaFwvd3AtY29udGVudFwvdXBsb2Fkc1wvMjAyNVwvMDVcL1NhaW50LUltaWVyX1x1MDBhOUtleXN0b25lLTYuanBnIiwic2xpZGVzaG93IjoiODg4NDc1MCJ9\" href=\"https:\/\/www.tourderomandie.ch\/wp-content\/uploads\/2025\/05\/Saint-Imier_\u00a9Keystone-6.jpg\"><figure class=\"swiper-slide-inner\"><img decoding=\"async\" class=\"swiper-slide-image\" src=\"https:\/\/www.tourderomandie.ch\/wp-content\/uploads\/2025\/05\/Saint-Imier_\u00a9Keystone-6.jpg\" alt=\"The winner of the stage Samuel Watson from Great Britain of team Ineos Grenadiers celebrates on the podium after the prologue, a 3,44 km race against the clock at the 78th Tour de Romandie UCI World Tour Cycling race, in Saint-Imier, Switzerland, Tuesday, April 29, 2025. (KEYSTONE\/Jean-Christophe Bott)\" \/><\/figure><\/a><\/div>\t\t\t<\/div>\n\t\t\t\t\t\t\t\n\t\t\t\t\t\t\t\t\t<div class=\"swiper-pagination\"><\/div>\n\t\t\t\t\t\t\t\t\t<\/div>\n\t\t\t\t\t\t<\/div>\n\t\t\t\t<div class=\"elementor-element elementor-element-3d77cb5 elementor-widget elementor-widget-heading\" data-id=\"3d77cb5\" data-element_type=\"widget\" data-e-type=\"widget\" data-widget_type=\"heading.default\">\n\t\t\t\t\t<h2 class=\"elementor-heading-title elementor-size-default\">M\u00fcnchenstein by Primeo Energie -\nFribourg \u00a9Keystone<\/h2>\t\t\t\t<\/div>\n\t\t\t\t<div class=\"elementor-element elementor-element-509cd8d elementor-pagination-position-outside elementor-widget elementor-widget-image-carousel\" data-id=\"509cd8d\" data-element_type=\"widget\" data-e-type=\"widget\" data-settings=\"{&quot;navigation&quot;:&quot;dots&quot;,&quot;image_spacing_custom&quot;:{&quot;unit&quot;:&quot;px&quot;,&quot;size&quot;:10,&quot;sizes&quot;:[]},&quot;autoplay&quot;:&quot;yes&quot;,&quot;pause_on_hover&quot;:&quot;yes&quot;,&quot;pause_on_interaction&quot;:&quot;yes&quot;,&quot;autoplay_speed&quot;:5000,&quot;infinite&quot;:&quot;yes&quot;,&quot;speed&quot;:500,&quot;image_spacing_custom_laptop&quot;:{&quot;unit&quot;:&quot;px&quot;,&quot;size&quot;:&quot;&quot;,&quot;sizes&quot;:[]},&quot;image_spacing_custom_tablet_extra&quot;:{&quot;unit&quot;:&quot;px&quot;,&quot;size&quot;:&quot;&quot;,&quot;sizes&quot;:[]},&quot;image_spacing_custom_tablet&quot;:{&quot;unit&quot;:&quot;px&quot;,&quot;size&quot;:&quot;&quot;,&quot;sizes&quot;:[]},&quot;image_spacing_custom_mobile_extra&quot;:{&quot;unit&quot;:&quot;px&quot;,&quot;size&quot;:&quot;&quot;,&quot;sizes&quot;:[]},&quot;image_spacing_custom_mobile&quot;:{&quot;unit&quot;:&quot;px&quot;,&quot;size&quot;:&quot;&quot;,&quot;sizes&quot;:[]}}\" data-widget_type=\"image-carousel.default\">\n\t\t\t\t\t\t\t<div class=\"elementor-image-carousel-wrapper swiper\" role=\"region\" aria-roledescription=\"carousel\" aria-label=\"Carrousel d\u2019images\" dir=\"ltr\">\n\t\t\t<div class=\"elementor-image-carousel swiper-wrapper\" aria-live=\"off\">\n\t\t\t\t\t\t\t\t<div class=\"swiper-slide\" role=\"group\" aria-roledescription=\"slide\" aria-label=\"1 of 11\"><a data-elementor-open-lightbox=\"yes\" data-elementor-lightbox-slideshow=\"509cd8d\" data-e-action-hash=\"#elementor-action%3Aaction%3Dlightbox%26settings%3DeyJpZCI6ODA5NywidXJsIjoiaHR0cHM6XC9cL3d3dy50b3VyZGVyb21hbmRpZS5jaFwvd3AtY29udGVudFwvdXBsb2Fkc1wvMjAyNVwvMDVcL011bmNoZW5zdGVpbl9Gcmlib3VyZ19cdTAwYTlLZXlzdG9uZS0xLmpwZyIsInNsaWRlc2hvdyI6IjUwOWNkOGQifQ%3D%3D\" href=\"https:\/\/www.tourderomandie.ch\/wp-content\/uploads\/2025\/05\/Munchenstein_Fribourg_\u00a9Keystone-1.jpg\"><figure class=\"swiper-slide-inner\"><img decoding=\"async\" class=\"swiper-slide-image\" src=\"https:\/\/www.tourderomandie.ch\/wp-content\/uploads\/2025\/05\/Munchenstein_Fribourg_\u00a9Keystone-1.jpg\" alt=\"Samuel Watson from Great Britain of team Ineos Grenadiers, signs autographs prior to the first stage, a 194,3 km race between Muenchenstein and Fribourg at the 78th Tour de Romandie UCI World Tour Cycling race, in Muenchenstein, Switzerland, Wednesday, April 30, 2025. (KEYSTONE\/Jean-Christophe Bott)\" \/><\/figure><\/a><\/div><div class=\"swiper-slide\" role=\"group\" aria-roledescription=\"slide\" aria-label=\"2 of 11\"><a data-elementor-open-lightbox=\"yes\" data-elementor-lightbox-slideshow=\"509cd8d\" data-e-action-hash=\"#elementor-action%3Aaction%3Dlightbox%26settings%3DeyJpZCI6ODA5OCwidXJsIjoiaHR0cHM6XC9cL3d3dy50b3VyZGVyb21hbmRpZS5jaFwvd3AtY29udGVudFwvdXBsb2Fkc1wvMjAyNVwvMDVcL011bmNoZW5zdGVpbl9Gcmlib3VyZ19cdTAwYTlLZXlzdG9uZS0yLmpwZyIsInNsaWRlc2hvdyI6IjUwOWNkOGQifQ%3D%3D\" href=\"https:\/\/www.tourderomandie.ch\/wp-content\/uploads\/2025\/05\/Munchenstein_Fribourg_\u00a9Keystone-2.jpg\"><figure class=\"swiper-slide-inner\"><img decoding=\"async\" class=\"swiper-slide-image\" src=\"https:\/\/www.tourderomandie.ch\/wp-content\/uploads\/2025\/05\/Munchenstein_Fribourg_\u00a9Keystone-2.jpg\" alt=\"Stefan Kueng from Switzerland of team Groupama-FDJ reacts during the first stage, a 194,3 km race between Muenchenstein and Fribourg at the 78th Tour de Romandie UCI World Tour Cycling race, in Muenchenstein, Switzerland, Wednesday, April 30, 2025. (KEYSTONE\/Jean-Christophe Bott)\" \/><\/figure><\/a><\/div><div class=\"swiper-slide\" role=\"group\" aria-roledescription=\"slide\" aria-label=\"3 of 11\"><a data-elementor-open-lightbox=\"yes\" data-elementor-lightbox-slideshow=\"509cd8d\" data-e-action-hash=\"#elementor-action%3Aaction%3Dlightbox%26settings%3DeyJpZCI6ODA5OSwidXJsIjoiaHR0cHM6XC9cL3d3dy50b3VyZGVyb21hbmRpZS5jaFwvd3AtY29udGVudFwvdXBsb2Fkc1wvMjAyNVwvMDVcL011bmNoZW5zdGVpbl9Gcmlib3VyZ19cdTAwYTlLZXlzdG9uZS0zLmpwZyIsInNsaWRlc2hvdyI6IjUwOWNkOGQifQ%3D%3D\" href=\"https:\/\/www.tourderomandie.ch\/wp-content\/uploads\/2025\/05\/Munchenstein_Fribourg_\u00a9Keystone-3.jpg\"><figure class=\"swiper-slide-inner\"><img decoding=\"async\" class=\"swiper-slide-image\" src=\"https:\/\/www.tourderomandie.ch\/wp-content\/uploads\/2025\/05\/Munchenstein_Fribourg_\u00a9Keystone-3.jpg\" alt=\"Ben Zwiehoff from from Germany of team Red Bull-Bora-Hansgrohe celebrates on the podium during the first stage, a 194,3 km race between Muenchenstein and Fribourg at the 78th Tour de Romandie UCI World Tour Cycling race, in Fribourg, Switzerland, Wednesday, April 30, 2025. (KEYSTONE\/Jean-Christophe Bott)\" \/><\/figure><\/a><\/div><div class=\"swiper-slide\" role=\"group\" aria-roledescription=\"slide\" aria-label=\"4 of 11\"><a data-elementor-open-lightbox=\"yes\" data-elementor-lightbox-slideshow=\"509cd8d\" data-e-action-hash=\"#elementor-action%3Aaction%3Dlightbox%26settings%3DeyJpZCI6ODEwMCwidXJsIjoiaHR0cHM6XC9cL3d3dy50b3VyZGVyb21hbmRpZS5jaFwvd3AtY29udGVudFwvdXBsb2Fkc1wvMjAyNVwvMDVcL011bmNoZW5zdGVpbl9Gcmlib3VyZ19cdTAwYTlLZXlzdG9uZS00LmpwZyIsInNsaWRlc2hvdyI6IjUwOWNkOGQifQ%3D%3D\" href=\"https:\/\/www.tourderomandie.ch\/wp-content\/uploads\/2025\/05\/Munchenstein_Fribourg_\u00a9Keystone-4.jpg\"><figure class=\"swiper-slide-inner\"><img decoding=\"async\" class=\"swiper-slide-image\" src=\"https:\/\/www.tourderomandie.ch\/wp-content\/uploads\/2025\/05\/Munchenstein_Fribourg_\u00a9Keystone-4.jpg\" alt=\"Matthew Brennan from Great Britain of team Visma-Lease a Bike celebrates on the podium during the first stage, a 194,3 km race between Muenchenstein and Fribourg at the 78th Tour de Romandie UCI World Tour Cycling race, in Fribourg, Switzerland, Wednesday, April 30, 2025. (KEYSTONE\/Jean-Christophe Bott)\" \/><\/figure><\/a><\/div><div class=\"swiper-slide\" role=\"group\" aria-roledescription=\"slide\" aria-label=\"5 of 11\"><a data-elementor-open-lightbox=\"yes\" data-elementor-lightbox-slideshow=\"509cd8d\" data-e-action-hash=\"#elementor-action%3Aaction%3Dlightbox%26settings%3DeyJpZCI6ODEwMSwidXJsIjoiaHR0cHM6XC9cL3d3dy50b3VyZGVyb21hbmRpZS5jaFwvd3AtY29udGVudFwvdXBsb2Fkc1wvMjAyNVwvMDVcL011bmNoZW5zdGVpbl9Gcmlib3VyZ19cdTAwYTlLZXlzdG9uZS01LmpwZyIsInNsaWRlc2hvdyI6IjUwOWNkOGQifQ%3D%3D\" href=\"https:\/\/www.tourderomandie.ch\/wp-content\/uploads\/2025\/05\/Munchenstein_Fribourg_\u00a9Keystone-5.jpg\"><figure class=\"swiper-slide-inner\"><img decoding=\"async\" class=\"swiper-slide-image\" src=\"https:\/\/www.tourderomandie.ch\/wp-content\/uploads\/2025\/05\/Munchenstein_Fribourg_\u00a9Keystone-5.jpg\" alt=\"Gerben Kuypers from Belgium of team Intermarche-Wanty celebrates on the podium during the first stage, a 194,3 km race between Muenchenstein and Fribourg at the 78th Tour de Romandie UCI World Tour Cycling race, in Fribourg, Switzerland, Wednesday, April 30, 2025. (KEYSTONE\/Jean-Christophe Bott)\" \/><\/figure><\/a><\/div><div class=\"swiper-slide\" role=\"group\" aria-roledescription=\"slide\" aria-label=\"6 of 11\"><a data-elementor-open-lightbox=\"yes\" data-elementor-lightbox-slideshow=\"509cd8d\" data-e-action-hash=\"#elementor-action%3Aaction%3Dlightbox%26settings%3DeyJpZCI6ODEwMiwidXJsIjoiaHR0cHM6XC9cL3d3dy50b3VyZGVyb21hbmRpZS5jaFwvd3AtY29udGVudFwvdXBsb2Fkc1wvMjAyNVwvMDVcL011bmNoZW5zdGVpbl9Gcmlib3VyZ19cdTAwYTlLZXlzdG9uZS02LmpwZyIsInNsaWRlc2hvdyI6IjUwOWNkOGQifQ%3D%3D\" href=\"https:\/\/www.tourderomandie.ch\/wp-content\/uploads\/2025\/05\/Munchenstein_Fribourg_\u00a9Keystone-6.jpg\"><figure class=\"swiper-slide-inner\"><img decoding=\"async\" class=\"swiper-slide-image\" src=\"https:\/\/www.tourderomandie.ch\/wp-content\/uploads\/2025\/05\/Munchenstein_Fribourg_\u00a9Keystone-6.jpg\" alt=\"Stefan Kueng from Switzerland of team Groupama-FDJ celebrates on the podium during the first stage, a 194,3 km race between Muenchenstein and Fribourg at the 78th Tour de Romandie UCI World Tour Cycling race, in Fribourg, Switzerland, Wednesday, April 30, 2025. (KEYSTONE\/Jean-Christophe Bott)\" \/><\/figure><\/a><\/div><div class=\"swiper-slide\" role=\"group\" aria-roledescription=\"slide\" aria-label=\"7 of 11\"><a data-elementor-open-lightbox=\"yes\" data-elementor-lightbox-slideshow=\"509cd8d\" data-e-action-hash=\"#elementor-action%3Aaction%3Dlightbox%26settings%3DeyJpZCI6ODEwMywidXJsIjoiaHR0cHM6XC9cL3d3dy50b3VyZGVyb21hbmRpZS5jaFwvd3AtY29udGVudFwvdXBsb2Fkc1wvMjAyNVwvMDVcL011bmNoZW5zdGVpbl9Gcmlib3VyZ19cdTAwYTlLZXlzdG9uZS03LmpwZyIsInNsaWRlc2hvdyI6IjUwOWNkOGQifQ%3D%3D\" href=\"https:\/\/www.tourderomandie.ch\/wp-content\/uploads\/2025\/05\/Munchenstein_Fribourg_\u00a9Keystone-7.jpg\"><figure class=\"swiper-slide-inner\"><img decoding=\"async\" class=\"swiper-slide-image\" src=\"https:\/\/www.tourderomandie.ch\/wp-content\/uploads\/2025\/05\/Munchenstein_Fribourg_\u00a9Keystone-7.jpg\" alt=\"The pack in action over the Schiffenen dam (Barrage de Schiffenen) in front of artist Jean Tinguely portrait in tribute to the 100th anniversary of his death during the first stage, a 194,3 km race between Muenchenstein and Fribourg at the 78th Tour de Romandie UCI World Tour Cycling race, in Kleinboesingen, Switzerland, Wednesday, April 30, 2025. (KEYSTONE\/Jean-Christophe Bott)\" \/><\/figure><\/a><\/div><div class=\"swiper-slide\" role=\"group\" aria-roledescription=\"slide\" aria-label=\"8 of 11\"><a data-elementor-open-lightbox=\"yes\" data-elementor-lightbox-slideshow=\"509cd8d\" data-e-action-hash=\"#elementor-action%3Aaction%3Dlightbox%26settings%3DeyJpZCI6ODEwNCwidXJsIjoiaHR0cHM6XC9cL3d3dy50b3VyZGVyb21hbmRpZS5jaFwvd3AtY29udGVudFwvdXBsb2Fkc1wvMjAyNVwvMDVcL011bmNoZW5zdGVpbl9Gcmlib3VyZ19cdTAwYTlLZXlzdG9uZS04LmpwZyIsInNsaWRlc2hvdyI6IjUwOWNkOGQifQ%3D%3D\" href=\"https:\/\/www.tourderomandie.ch\/wp-content\/uploads\/2025\/05\/Munchenstein_Fribourg_\u00a9Keystone-8.jpg\"><figure class=\"swiper-slide-inner\"><img decoding=\"async\" class=\"swiper-slide-image\" src=\"https:\/\/www.tourderomandie.ch\/wp-content\/uploads\/2025\/05\/Munchenstein_Fribourg_\u00a9Keystone-8.jpg\" alt=\"The new overall leader Matthew Brennan from Great Britain of team Visma-Lease a Bike celebrates on the podium with the yellow jersey after winning the first stage, a 194,3 km race between Muenchenstein and Fribourg at the 78th Tour de Romandie UCI World Tour Cycling race, in Fribourg, Switzerland, Wednesday, April 30, 2025. (KEYSTONE\/Laurent Gillieron)\" \/><\/figure><\/a><\/div><div class=\"swiper-slide\" role=\"group\" aria-roledescription=\"slide\" aria-label=\"9 of 11\"><a data-elementor-open-lightbox=\"yes\" data-elementor-lightbox-slideshow=\"509cd8d\" data-e-action-hash=\"#elementor-action%3Aaction%3Dlightbox%26settings%3DeyJpZCI6ODEwNSwidXJsIjoiaHR0cHM6XC9cL3d3dy50b3VyZGVyb21hbmRpZS5jaFwvd3AtY29udGVudFwvdXBsb2Fkc1wvMjAyNVwvMDVcL011bmNoZW5zdGVpbl9Gcmlib3VyZ19cdTAwYTlLZXlzdG9uZS05LmpwZyIsInNsaWRlc2hvdyI6IjUwOWNkOGQifQ%3D%3D\" href=\"https:\/\/www.tourderomandie.ch\/wp-content\/uploads\/2025\/05\/Munchenstein_Fribourg_\u00a9Keystone-9.jpg\"><figure class=\"swiper-slide-inner\"><img decoding=\"async\" class=\"swiper-slide-image\" src=\"https:\/\/www.tourderomandie.ch\/wp-content\/uploads\/2025\/05\/Munchenstein_Fribourg_\u00a9Keystone-9.jpg\" alt=\"Matthew Brennan from Great Britain of team Visma-Lease a Bike raises his arms after crossing the finish line to win the first stage, a 194,3 km race between Muenchenstein and Fribourg at the 78th Tour de Romandie UCI World Tour Cycling race, in Fribourg, Switzerland, Wednesday, April 30, 2025. (KEYSTONE\/Laurent Gillieron)\" \/><\/figure><\/a><\/div><div class=\"swiper-slide\" role=\"group\" aria-roledescription=\"slide\" aria-label=\"10 of 11\"><a data-elementor-open-lightbox=\"yes\" data-elementor-lightbox-slideshow=\"509cd8d\" data-e-action-hash=\"#elementor-action%3Aaction%3Dlightbox%26settings%3DeyJpZCI6ODEwNiwidXJsIjoiaHR0cHM6XC9cL3d3dy50b3VyZGVyb21hbmRpZS5jaFwvd3AtY29udGVudFwvdXBsb2Fkc1wvMjAyNVwvMDVcL011bmNoZW5zdGVpbl9Gcmlib3VyZ19cdTAwYTlLZXlzdG9uZS0xMC5qcGciLCJzbGlkZXNob3ciOiI1MDljZDhkIn0%3D\" href=\"https:\/\/www.tourderomandie.ch\/wp-content\/uploads\/2025\/05\/Munchenstein_Fribourg_\u00a9Keystone-10.jpg\"><figure class=\"swiper-slide-inner\"><img decoding=\"async\" class=\"swiper-slide-image\" src=\"https:\/\/www.tourderomandie.ch\/wp-content\/uploads\/2025\/05\/Munchenstein_Fribourg_\u00a9Keystone-10.jpg\" alt=\"The breakaway riders with Silvan Dillier from Switzerland of team Alpecin-Deceuninck, front, in action during the first stage, a 194,3 km race between Muenchenstein and Fribourg at the 78th Tour de Romandie UCI World Tour Cycling race, in Roches, Switzerland, Wednesday, April 30, 2025. (KEYSTONE\/Jean-Christophe Bott)\" \/><\/figure><\/a><\/div><div class=\"swiper-slide\" role=\"group\" aria-roledescription=\"slide\" aria-label=\"11 of 11\"><a data-elementor-open-lightbox=\"yes\" data-elementor-lightbox-slideshow=\"509cd8d\" data-e-action-hash=\"#elementor-action%3Aaction%3Dlightbox%26settings%3DeyJpZCI6ODEwNywidXJsIjoiaHR0cHM6XC9cL3d3dy50b3VyZGVyb21hbmRpZS5jaFwvd3AtY29udGVudFwvdXBsb2Fkc1wvMjAyNVwvMDVcL011bmNoZW5zdGVpbl9Gcmlib3VyZ19cdTAwYTlLZXlzdG9uZS0xMS5qcGciLCJzbGlkZXNob3ciOiI1MDljZDhkIn0%3D\" href=\"https:\/\/www.tourderomandie.ch\/wp-content\/uploads\/2025\/05\/Munchenstein_Fribourg_\u00a9Keystone-11.jpg\"><figure class=\"swiper-slide-inner\"><img decoding=\"async\" class=\"swiper-slide-image\" src=\"https:\/\/www.tourderomandie.ch\/wp-content\/uploads\/2025\/05\/Munchenstein_Fribourg_\u00a9Keystone-11.jpg\" alt=\"The Pack in action during the first stage, a 194,3 km race between Muenchenstein and Fribourg at the 78th Tour de Romandie UCI World Tour Cycling race, in Baerschwil, Switzerland, Wednesday, April 30, 2025. (KEYSTONE\/Jean-Christophe Bott)\" \/><\/figure><\/a><\/div>\t\t\t<\/div>\n\t\t\t\t\t\t\t\n\t\t\t\t\t\t\t\t\t<div class=\"swiper-pagination\"><\/div>\n\t\t\t\t\t\t\t\t\t<\/div>\n\t\t\t\t\t\t<\/div>\n\t\t\t\t<div class=\"elementor-element elementor-element-a973830 elementor-widget elementor-widget-heading\" data-id=\"a973830\" data-element_type=\"widget\" data-e-type=\"widget\" data-widget_type=\"heading.default\">\n\t\t\t\t\t<h2 class=\"elementor-heading-title elementor-size-default\">La Grande B\u00e9roche \u00a9Keystone<\/h2>\t\t\t\t<\/div>\n\t\t\t\t<div class=\"elementor-element elementor-element-1fb048c elementor-pagination-position-outside elementor-widget elementor-widget-image-carousel\" data-id=\"1fb048c\" data-element_type=\"widget\" data-e-type=\"widget\" data-settings=\"{&quot;navigation&quot;:&quot;dots&quot;,&quot;image_spacing_custom&quot;:{&quot;unit&quot;:&quot;px&quot;,&quot;size&quot;:10,&quot;sizes&quot;:[]},&quot;autoplay&quot;:&quot;yes&quot;,&quot;pause_on_hover&quot;:&quot;yes&quot;,&quot;pause_on_interaction&quot;:&quot;yes&quot;,&quot;autoplay_speed&quot;:5000,&quot;infinite&quot;:&quot;yes&quot;,&quot;speed&quot;:500,&quot;image_spacing_custom_laptop&quot;:{&quot;unit&quot;:&quot;px&quot;,&quot;size&quot;:&quot;&quot;,&quot;sizes&quot;:[]},&quot;image_spacing_custom_tablet_extra&quot;:{&quot;unit&quot;:&quot;px&quot;,&quot;size&quot;:&quot;&quot;,&quot;sizes&quot;:[]},&quot;image_spacing_custom_tablet&quot;:{&quot;unit&quot;:&quot;px&quot;,&quot;size&quot;:&quot;&quot;,&quot;sizes&quot;:[]},&quot;image_spacing_custom_mobile_extra&quot;:{&quot;unit&quot;:&quot;px&quot;,&quot;size&quot;:&quot;&quot;,&quot;sizes&quot;:[]},&quot;image_spacing_custom_mobile&quot;:{&quot;unit&quot;:&quot;px&quot;,&quot;size&quot;:&quot;&quot;,&quot;sizes&quot;:[]}}\" data-widget_type=\"image-carousel.default\">\n\t\t\t\t\t\t\t<div class=\"elementor-image-carousel-wrapper swiper\" role=\"region\" aria-roledescription=\"carousel\" aria-label=\"Carrousel d\u2019images\" dir=\"ltr\">\n\t\t\t<div class=\"elementor-image-carousel swiper-wrapper\" aria-live=\"off\">\n\t\t\t\t\t\t\t\t<div class=\"swiper-slide\" role=\"group\" aria-roledescription=\"slide\" aria-label=\"1 of 10\"><a data-elementor-open-lightbox=\"yes\" data-elementor-lightbox-slideshow=\"1fb048c\" data-e-action-hash=\"#elementor-action%3Aaction%3Dlightbox%26settings%3DeyJpZCI6ODExMSwidXJsIjoiaHR0cHM6XC9cL3d3dy50b3VyZGVyb21hbmRpZS5jaFwvd3AtY29udGVudFwvdXBsb2Fkc1wvMjAyNVwvMDVcL0xhLUdyYW5kZS1CZXJvY2hlX1x1MDBhOS1LZXlzdG9uZS0xLTEuanBnIiwic2xpZGVzaG93IjoiMWZiMDQ4YyJ9\" href=\"https:\/\/www.tourderomandie.ch\/wp-content\/uploads\/2025\/05\/La-Grande-Beroche_\u00a9-Keystone-1-1.jpg\"><figure class=\"swiper-slide-inner\"><img decoding=\"async\" class=\"swiper-slide-image\" src=\"https:\/\/www.tourderomandie.ch\/wp-content\/uploads\/2025\/05\/La-Grande-Beroche_\u00a9-Keystone-1-1.jpg\" alt=\"KEYPIX - The pack rides during the second stage, a 157 km race between La Grande Beroche and La Grande Beroche at the 78th Tour de Romandie UCI World Tour Cycling race, in Mauborget, Switzerland, Thursday, May 1, 2025. (KEYSTONE\/Jean-Christophe Bott)\" \/><\/figure><\/a><\/div><div class=\"swiper-slide\" role=\"group\" aria-roledescription=\"slide\" aria-label=\"2 of 10\"><a data-elementor-open-lightbox=\"yes\" data-elementor-lightbox-slideshow=\"1fb048c\" data-e-action-hash=\"#elementor-action%3Aaction%3Dlightbox%26settings%3DeyJpZCI6ODExMiwidXJsIjoiaHR0cHM6XC9cL3d3dy50b3VyZGVyb21hbmRpZS5jaFwvd3AtY29udGVudFwvdXBsb2Fkc1wvMjAyNVwvMDVcL0xhLUdyYW5kZS1CZXJvY2hlX1x1MDBhOS1LZXlzdG9uZS0yLmpwZyIsInNsaWRlc2hvdyI6IjFmYjA0OGMifQ%3D%3D\" href=\"https:\/\/www.tourderomandie.ch\/wp-content\/uploads\/2025\/05\/La-Grande-Beroche_\u00a9-Keystone-2.jpg\"><figure class=\"swiper-slide-inner\"><img decoding=\"async\" class=\"swiper-slide-image\" src=\"https:\/\/www.tourderomandie.ch\/wp-content\/uploads\/2025\/05\/La-Grande-Beroche_\u00a9-Keystone-2.jpg\" alt=\"The Pack in action during the second stage, a 157 km race between La Grande Beroche and La Grande Beroche at the 78th Tour de Romandie UCI World Tour Cycling race, in Mauborget, Switzerland, Thursday, May 1, 2025. (KEYSTONE\/Jean-Christophe Bott)\" \/><\/figure><\/a><\/div><div class=\"swiper-slide\" role=\"group\" aria-roledescription=\"slide\" aria-label=\"3 of 10\"><a data-elementor-open-lightbox=\"yes\" data-elementor-lightbox-slideshow=\"1fb048c\" data-e-action-hash=\"#elementor-action%3Aaction%3Dlightbox%26settings%3DeyJpZCI6ODExMywidXJsIjoiaHR0cHM6XC9cL3d3dy50b3VyZGVyb21hbmRpZS5jaFwvd3AtY29udGVudFwvdXBsb2Fkc1wvMjAyNVwvMDVcL0xhLUdyYW5kZS1CZXJvY2hlX1x1MDBhOS1LZXlzdG9uZS0zLmpwZyIsInNsaWRlc2hvdyI6IjFmYjA0OGMifQ%3D%3D\" href=\"https:\/\/www.tourderomandie.ch\/wp-content\/uploads\/2025\/05\/La-Grande-Beroche_\u00a9-Keystone-3.jpg\"><figure class=\"swiper-slide-inner\"><img decoding=\"async\" class=\"swiper-slide-image\" src=\"https:\/\/www.tourderomandie.ch\/wp-content\/uploads\/2025\/05\/La-Grande-Beroche_\u00a9-Keystone-3.jpg\" alt=\"Matthew Brennan from Great Britain of team Visma-Lease a Bike celebrates on the podium during the second stage, a 157 km race between La Grande Beroche and La Grande Beroche at the 78th Tour de Romandie UCI World Tour Cycling race, in La Grande Beroche, Switzerland, Thursday, May 1, 2025. (KEYSTONE\/Jean-Christophe Bott)\" \/><\/figure><\/a><\/div><div class=\"swiper-slide\" role=\"group\" aria-roledescription=\"slide\" aria-label=\"4 of 10\"><a data-elementor-open-lightbox=\"yes\" data-elementor-lightbox-slideshow=\"1fb048c\" data-e-action-hash=\"#elementor-action%3Aaction%3Dlightbox%26settings%3DeyJpZCI6ODExNCwidXJsIjoiaHR0cHM6XC9cL3d3dy50b3VyZGVyb21hbmRpZS5jaFwvd3AtY29udGVudFwvdXBsb2Fkc1wvMjAyNVwvMDVcL0xhLUdyYW5kZS1CZXJvY2hlX1x1MDBhOS1LZXlzdG9uZS00LmpwZyIsInNsaWRlc2hvdyI6IjFmYjA0OGMifQ%3D%3D\" href=\"https:\/\/www.tourderomandie.ch\/wp-content\/uploads\/2025\/05\/La-Grande-Beroche_\u00a9-Keystone-4.jpg\"><figure class=\"swiper-slide-inner\"><img decoding=\"async\" class=\"swiper-slide-image\" src=\"https:\/\/www.tourderomandie.ch\/wp-content\/uploads\/2025\/05\/La-Grande-Beroche_\u00a9-Keystone-4.jpg\" alt=\"Stefan Kueng from Switzerland of team Groupama-FDJ celebrates on the podium during the second stage, a 157 km race between La Grande Beroche and La Grande Beroche at the 78th Tour de Romandie UCI World Tour Cycling race, in La Grande Beroche, Switzerland, Thursday, May 1, 2025. (KEYSTONE\/Jean-Christophe Bott)\" \/><\/figure><\/a><\/div><div class=\"swiper-slide\" role=\"group\" aria-roledescription=\"slide\" aria-label=\"5 of 10\"><a data-elementor-open-lightbox=\"yes\" data-elementor-lightbox-slideshow=\"1fb048c\" data-e-action-hash=\"#elementor-action%3Aaction%3Dlightbox%26settings%3DeyJpZCI6ODExNSwidXJsIjoiaHR0cHM6XC9cL3d3dy50b3VyZGVyb21hbmRpZS5jaFwvd3AtY29udGVudFwvdXBsb2Fkc1wvMjAyNVwvMDVcL0xhLUdyYW5kZS1CZXJvY2hlX1x1MDBhOS1LZXlzdG9uZS01LmpwZyIsInNsaWRlc2hvdyI6IjFmYjA0OGMifQ%3D%3D\" href=\"https:\/\/www.tourderomandie.ch\/wp-content\/uploads\/2025\/05\/La-Grande-Beroche_\u00a9-Keystone-5.jpg\"><figure class=\"swiper-slide-inner\"><img decoding=\"async\" class=\"swiper-slide-image\" src=\"https:\/\/www.tourderomandie.ch\/wp-content\/uploads\/2025\/05\/La-Grande-Beroche_\u00a9-Keystone-5.jpg\" alt=\"Juan Pedro Lopez from Spain of team Lidl-Trek celebrates on the podium during the second stage, a 157 km race between La Grande Beroche and La Grande Beroche at the 78th Tour de Romandie UCI World Tour Cycling race, in La Grande Beroche, Switzerland, Thursday, May 1, 2025. (KEYSTONE\/Jean-Christophe Bott)\" \/><\/figure><\/a><\/div><div class=\"swiper-slide\" role=\"group\" aria-roledescription=\"slide\" aria-label=\"6 of 10\"><a data-elementor-open-lightbox=\"yes\" data-elementor-lightbox-slideshow=\"1fb048c\" data-e-action-hash=\"#elementor-action%3Aaction%3Dlightbox%26settings%3DeyJpZCI6ODExNiwidXJsIjoiaHR0cHM6XC9cL3d3dy50b3VyZGVyb21hbmRpZS5jaFwvd3AtY29udGVudFwvdXBsb2Fkc1wvMjAyNVwvMDVcL0xhLUdyYW5kZS1CZXJvY2hlX1x1MDBhOS1LZXlzdG9uZS02LmpwZyIsInNsaWRlc2hvdyI6IjFmYjA0OGMifQ%3D%3D\" href=\"https:\/\/www.tourderomandie.ch\/wp-content\/uploads\/2025\/05\/La-Grande-Beroche_\u00a9-Keystone-6.jpg\"><figure class=\"swiper-slide-inner\"><img decoding=\"async\" class=\"swiper-slide-image\" src=\"https:\/\/www.tourderomandie.ch\/wp-content\/uploads\/2025\/05\/La-Grande-Beroche_\u00a9-Keystone-6.jpg\" alt=\"Alex Baudin from France of team EF Education-Easypost celebrates on the podium during the second stage, a 157 km race between La Grande Beroche and La Grande Beroche at the 78th Tour de Romandie UCI World Tour Cycling race, in La Grande Beroche, Switzerland, Thursday, May 1, 2025. (KEYSTONE\/Jean-Christophe Bott)\" \/><\/figure><\/a><\/div><div class=\"swiper-slide\" role=\"group\" aria-roledescription=\"slide\" aria-label=\"7 of 10\"><a data-elementor-open-lightbox=\"yes\" data-elementor-lightbox-slideshow=\"1fb048c\" data-e-action-hash=\"#elementor-action%3Aaction%3Dlightbox%26settings%3DeyJpZCI6ODExNywidXJsIjoiaHR0cHM6XC9cL3d3dy50b3VyZGVyb21hbmRpZS5jaFwvd3AtY29udGVudFwvdXBsb2Fkc1wvMjAyNVwvMDVcL0xhLUdyYW5kZS1CZXJvY2hlX1x1MDBhOS1LZXlzdG9uZS03LmpwZyIsInNsaWRlc2hvdyI6IjFmYjA0OGMifQ%3D%3D\" href=\"https:\/\/www.tourderomandie.ch\/wp-content\/uploads\/2025\/05\/La-Grande-Beroche_\u00a9-Keystone-7.jpg\"><figure class=\"swiper-slide-inner\"><img decoding=\"async\" class=\"swiper-slide-image\" src=\"https:\/\/www.tourderomandie.ch\/wp-content\/uploads\/2025\/05\/La-Grande-Beroche_\u00a9-Keystone-7.jpg\" alt=\"Ben Zwiehoff from from Germany of team Red Bull-Bora-Hansgrohe celebrates on the podium during the second stage, a 157 km race between La Grande Beroche and La Grande Beroche at the 78th Tour de Romandie UCI World Tour Cycling race, in La Grande Beroche, Switzerland, Thursday, May 1, 2025. (KEYSTONE\/Jean-Christophe Bott)\" \/><\/figure><\/a><\/div><div class=\"swiper-slide\" role=\"group\" aria-roledescription=\"slide\" aria-label=\"8 of 10\"><a data-elementor-open-lightbox=\"yes\" data-elementor-lightbox-slideshow=\"1fb048c\" data-e-action-hash=\"#elementor-action%3Aaction%3Dlightbox%26settings%3DeyJpZCI6ODExOCwidXJsIjoiaHR0cHM6XC9cL3d3dy50b3VyZGVyb21hbmRpZS5jaFwvd3AtY29udGVudFwvdXBsb2Fkc1wvMjAyNVwvMDVcL0xhLUdyYW5kZS1CZXJvY2hlX1x1MDBhOS1LZXlzdG9uZS04LmpwZyIsInNsaWRlc2hvdyI6IjFmYjA0OGMifQ%3D%3D\" href=\"https:\/\/www.tourderomandie.ch\/wp-content\/uploads\/2025\/05\/La-Grande-Beroche_\u00a9-Keystone-8.jpg\"><figure class=\"swiper-slide-inner\"><img decoding=\"async\" class=\"swiper-slide-image\" src=\"https:\/\/www.tourderomandie.ch\/wp-content\/uploads\/2025\/05\/La-Grande-Beroche_\u00a9-Keystone-8.jpg\" alt=\"The overall leader Alex Baudin from France of team EF Education-Easypost celebrates on the podium with the yellow jersey after the second stage, a 157 km race between La Grande Beroche and La Grande Beroche at the 78th Tour de Romandie UCI World Tour Cycling race, in La Grande Beroche, Switzerland, Thursday, May 1, 2025. (KEYSTONE\/Jean-Christophe Bott)\" \/><\/figure><\/a><\/div><div class=\"swiper-slide\" role=\"group\" aria-roledescription=\"slide\" aria-label=\"9 of 10\"><a data-elementor-open-lightbox=\"yes\" data-elementor-lightbox-slideshow=\"1fb048c\" data-e-action-hash=\"#elementor-action%3Aaction%3Dlightbox%26settings%3DeyJpZCI6ODExOSwidXJsIjoiaHR0cHM6XC9cL3d3dy50b3VyZGVyb21hbmRpZS5jaFwvd3AtY29udGVudFwvdXBsb2Fkc1wvMjAyNVwvMDVcL0xhLUdyYW5kZS1CZXJvY2hlX1x1MDBhOS1LZXlzdG9uZS5qcGciLCJzbGlkZXNob3ciOiIxZmIwNDhjIn0%3D\" href=\"https:\/\/www.tourderomandie.ch\/wp-content\/uploads\/2025\/05\/La-Grande-Beroche_\u00a9-Keystone.jpg\"><figure class=\"swiper-slide-inner\"><img decoding=\"async\" class=\"swiper-slide-image\" src=\"https:\/\/www.tourderomandie.ch\/wp-content\/uploads\/2025\/05\/La-Grande-Beroche_\u00a9-Keystone.jpg\" alt=\"KEYPIX - Lorenzo Fortunato from Italy of team XDS Astana raises his arms after crossing the finish line to win the second stage, a 157 km race between La Grande Beroche and La Grande Beroche at the 78th Tour de Romandie UCI World Tour Cycling race, in La Grande Beroche, Switzerland, Thursday, May 1, 2025. (KEYSTONE\/Jean-Christophe Bott)\" \/><\/figure><\/a><\/div><div class=\"swiper-slide\" role=\"group\" aria-roledescription=\"slide\" aria-label=\"10 of 10\"><a data-elementor-open-lightbox=\"yes\" data-elementor-lightbox-slideshow=\"1fb048c\" data-e-action-hash=\"#elementor-action%3Aaction%3Dlightbox%26settings%3DeyJpZCI6ODEyMCwidXJsIjoiaHR0cHM6XC9cL3d3dy50b3VyZGVyb21hbmRpZS5jaFwvd3AtY29udGVudFwvdXBsb2Fkc1wvMjAyNVwvMDVcL0xhLUdyYW5kZS1CZXJvY2hlX1x1MDBhOUtleXN0b25lLmpwZyIsInNsaWRlc2hvdyI6IjFmYjA0OGMifQ%3D%3D\" href=\"https:\/\/www.tourderomandie.ch\/wp-content\/uploads\/2025\/05\/La-Grande-Beroche_\u00a9Keystone.jpg\"><figure class=\"swiper-slide-inner\"><img decoding=\"async\" class=\"swiper-slide-image\" src=\"https:\/\/www.tourderomandie.ch\/wp-content\/uploads\/2025\/05\/La-Grande-Beroche_\u00a9Keystone.jpg\" alt=\"Lorenzo Fortunato from Italy of team XDS Astana celebrates on the podium after winning the second stage, a 157 km race between La Grande Beroche and La Grande Beroche at the 78th Tour de Romandie UCI World Tour Cycling race, in La Grande Beroche, Switzerland, Thursday, May 1, 2025. (KEYSTONE\/Laurent Gillieron)\" \/><\/figure><\/a><\/div>\t\t\t<\/div>\n\t\t\t\t\t\t\t\n\t\t\t\t\t\t\t\t\t<div class=\"swiper-pagination\"><\/div>\n\t\t\t\t\t\t\t\t\t<\/div>\n\t\t\t\t\t\t<\/div>\n\t\t\t\t<div class=\"elementor-element elementor-element-85f2cc6 elementor-widget elementor-widget-heading\" data-id=\"85f2cc6\" data-element_type=\"widget\" data-e-type=\"widget\" data-widget_type=\"heading.default\">\n\t\t\t\t\t<h2 class=\"elementor-heading-title elementor-size-default\">Cossonay \u00a9Keystone<\/h2>\t\t\t\t<\/div>\n\t\t\t\t<div class=\"elementor-element elementor-element-1ff2bf7 elementor-pagination-position-outside elementor-widget elementor-widget-image-carousel\" data-id=\"1ff2bf7\" data-element_type=\"widget\" data-e-type=\"widget\" data-settings=\"{&quot;navigation&quot;:&quot;dots&quot;,&quot;image_spacing_custom&quot;:{&quot;unit&quot;:&quot;px&quot;,&quot;size&quot;:12,&quot;sizes&quot;:[]},&quot;autoplay&quot;:&quot;yes&quot;,&quot;pause_on_hover&quot;:&quot;yes&quot;,&quot;pause_on_interaction&quot;:&quot;yes&quot;,&quot;autoplay_speed&quot;:5000,&quot;infinite&quot;:&quot;yes&quot;,&quot;speed&quot;:500,&quot;image_spacing_custom_laptop&quot;:{&quot;unit&quot;:&quot;px&quot;,&quot;size&quot;:&quot;&quot;,&quot;sizes&quot;:[]},&quot;image_spacing_custom_tablet_extra&quot;:{&quot;unit&quot;:&quot;px&quot;,&quot;size&quot;:&quot;&quot;,&quot;sizes&quot;:[]},&quot;image_spacing_custom_tablet&quot;:{&quot;unit&quot;:&quot;px&quot;,&quot;size&quot;:&quot;&quot;,&quot;sizes&quot;:[]},&quot;image_spacing_custom_mobile_extra&quot;:{&quot;unit&quot;:&quot;px&quot;,&quot;size&quot;:&quot;&quot;,&quot;sizes&quot;:[]},&quot;image_spacing_custom_mobile&quot;:{&quot;unit&quot;:&quot;px&quot;,&quot;size&quot;:&quot;&quot;,&quot;sizes&quot;:[]}}\" data-widget_type=\"image-carousel.default\">\n\t\t\t\t\t\t\t<div class=\"elementor-image-carousel-wrapper swiper\" role=\"region\" aria-roledescription=\"carousel\" aria-label=\"Carrousel d\u2019images\" dir=\"ltr\">\n\t\t\t<div class=\"elementor-image-carousel swiper-wrapper\" aria-live=\"off\">\n\t\t\t\t\t\t\t\t<div class=\"swiper-slide\" role=\"group\" aria-roledescription=\"slide\" aria-label=\"1 of 14\"><a data-elementor-open-lightbox=\"yes\" data-elementor-lightbox-slideshow=\"1ff2bf7\" data-e-action-hash=\"#elementor-action%3Aaction%3Dlightbox%26settings%3DeyJpZCI6ODEyMSwidXJsIjoiaHR0cHM6XC9cL3d3dy50b3VyZGVyb21hbmRpZS5jaFwvd3AtY29udGVudFwvdXBsb2Fkc1wvMjAyNVwvMDVcL0Nvc3NvYW55X1x1MDBhOUtleXN0b25lLTEuanBnIiwic2xpZGVzaG93IjoiMWZmMmJmNyJ9\" href=\"https:\/\/www.tourderomandie.ch\/wp-content\/uploads\/2025\/05\/Cossoany_\u00a9Keystone-1.jpg\"><figure class=\"swiper-slide-inner\"><img decoding=\"async\" class=\"swiper-slide-image\" src=\"https:\/\/www.tourderomandie.ch\/wp-content\/uploads\/2025\/05\/Cossoany_\u00a9Keystone-1.jpg\" alt=\"KEYPIX - The pack pass between two rapeseed fields during the third stage, a 183 km race between Cossonay and Cossonay at the 78th Tour de Romandie UCI World Tour Cycling race, in Vuillerens, Switzerland, Friday, May 2, 2025. (KEYSTONE\/Jean-Christophe Bott)\" \/><\/figure><\/a><\/div><div class=\"swiper-slide\" role=\"group\" aria-roledescription=\"slide\" aria-label=\"2 of 14\"><a data-elementor-open-lightbox=\"yes\" data-elementor-lightbox-slideshow=\"1ff2bf7\" data-e-action-hash=\"#elementor-action%3Aaction%3Dlightbox%26settings%3DeyJpZCI6ODEyMiwidXJsIjoiaHR0cHM6XC9cL3d3dy50b3VyZGVyb21hbmRpZS5jaFwvd3AtY29udGVudFwvdXBsb2Fkc1wvMjAyNVwvMDVcL0Nvc3NvYW55X1x1MDBhOUtleXN0b25lLTIuanBnIiwic2xpZGVzaG93IjoiMWZmMmJmNyJ9\" href=\"https:\/\/www.tourderomandie.ch\/wp-content\/uploads\/2025\/05\/Cossoany_\u00a9Keystone-2.jpg\"><figure class=\"swiper-slide-inner\"><img decoding=\"async\" class=\"swiper-slide-image\" src=\"https:\/\/www.tourderomandie.ch\/wp-content\/uploads\/2025\/05\/Cossoany_\u00a9Keystone-2.jpg\" alt=\"Stefan Kueng from Switzerland of team Groupama-FDJ in action between two rapeseed fields during the third stage, a 183 km race between Cossonay and Cossonay at the 78th Tour de Romandie UCI World Tour Cycling race, in Vuillerens, Switzerland, Friday, May 2, 2025. (KEYSTONE\/Jean-Christophe Bott)\" \/><\/figure><\/a><\/div><div class=\"swiper-slide\" role=\"group\" aria-roledescription=\"slide\" aria-label=\"3 of 14\"><a data-elementor-open-lightbox=\"yes\" data-elementor-lightbox-slideshow=\"1ff2bf7\" data-e-action-hash=\"#elementor-action%3Aaction%3Dlightbox%26settings%3DeyJpZCI6ODEyMywidXJsIjoiaHR0cHM6XC9cL3d3dy50b3VyZGVyb21hbmRpZS5jaFwvd3AtY29udGVudFwvdXBsb2Fkc1wvMjAyNVwvMDVcL0Nvc3NvYW55X1x1MDBhOUtleXN0b25lLTMuanBnIiwic2xpZGVzaG93IjoiMWZmMmJmNyJ9\" href=\"https:\/\/www.tourderomandie.ch\/wp-content\/uploads\/2025\/05\/Cossoany_\u00a9Keystone-3.jpg\"><figure class=\"swiper-slide-inner\"><img decoding=\"async\" class=\"swiper-slide-image\" src=\"https:\/\/www.tourderomandie.ch\/wp-content\/uploads\/2025\/05\/Cossoany_\u00a9Keystone-3.jpg\" alt=\"Jay Vine from Australia of UAE Team Emirates XRG celebrates on the podium during the third stage, a 183 km race between Cossonay and Cossonay at the 78th Tour de Romandie UCI World Tour Cycling race, in Cossonay, Switzerland, Friday, May 2, 2025. (KEYSTONE\/Jean-Christophe Bott)\" \/><\/figure><\/a><\/div><div class=\"swiper-slide\" role=\"group\" aria-roledescription=\"slide\" aria-label=\"4 of 14\"><a data-elementor-open-lightbox=\"yes\" data-elementor-lightbox-slideshow=\"1ff2bf7\" data-e-action-hash=\"#elementor-action%3Aaction%3Dlightbox%26settings%3DeyJpZCI6ODEyNCwidXJsIjoiaHR0cHM6XC9cL3d3dy50b3VyZGVyb21hbmRpZS5jaFwvd3AtY29udGVudFwvdXBsb2Fkc1wvMjAyNVwvMDVcL0Nvc3NvYW55X1x1MDBhOUtleXN0b25lLTQuanBnIiwic2xpZGVzaG93IjoiMWZmMmJmNyJ9\" href=\"https:\/\/www.tourderomandie.ch\/wp-content\/uploads\/2025\/05\/Cossoany_\u00a9Keystone-4.jpg\"><figure class=\"swiper-slide-inner\"><img decoding=\"async\" class=\"swiper-slide-image\" src=\"https:\/\/www.tourderomandie.ch\/wp-content\/uploads\/2025\/05\/Cossoany_\u00a9Keystone-4.jpg\" alt=\"Ben Zwiehoff from from Germany of team Red Bull-Bora-Hansgrohe celebrates on the podium during the third stage, a 183 km race between Cossonay and Cossonay at the 78th Tour de Romandie UCI World Tour Cycling race, in Cossonay, Switzerland, Friday, May 2, 2025. (KEYSTONE\/Jean-Christophe Bott)\" \/><\/figure><\/a><\/div><div class=\"swiper-slide\" role=\"group\" aria-roledescription=\"slide\" aria-label=\"5 of 14\"><a data-elementor-open-lightbox=\"yes\" data-elementor-lightbox-slideshow=\"1ff2bf7\" data-e-action-hash=\"#elementor-action%3Aaction%3Dlightbox%26settings%3DeyJpZCI6ODEyNSwidXJsIjoiaHR0cHM6XC9cL3d3dy50b3VyZGVyb21hbmRpZS5jaFwvd3AtY29udGVudFwvdXBsb2Fkc1wvMjAyNVwvMDVcL0Nvc3NvYW55X1x1MDBhOUtleXN0b25lLTUuanBnIiwic2xpZGVzaG93IjoiMWZmMmJmNyJ9\" href=\"https:\/\/www.tourderomandie.ch\/wp-content\/uploads\/2025\/05\/Cossoany_\u00a9Keystone-5.jpg\"><figure class=\"swiper-slide-inner\"><img decoding=\"async\" class=\"swiper-slide-image\" src=\"https:\/\/www.tourderomandie.ch\/wp-content\/uploads\/2025\/05\/Cossoany_\u00a9Keystone-5.jpg\" alt=\"Alex Baudin from France of team EF Education-Easypost celebrates on the podium during the third stage, a 183 km race between Cossonay and Cossonay at the 78th Tour de Romandie UCI World Tour Cycling race, in Cossonay, Switzerland, Friday, May 2, 2025. (KEYSTONE\/Jean-Christophe Bott)\" \/><\/figure><\/a><\/div><div class=\"swiper-slide\" role=\"group\" aria-roledescription=\"slide\" aria-label=\"6 of 14\"><a data-elementor-open-lightbox=\"yes\" data-elementor-lightbox-slideshow=\"1ff2bf7\" data-e-action-hash=\"#elementor-action%3Aaction%3Dlightbox%26settings%3DeyJpZCI6ODEyNiwidXJsIjoiaHR0cHM6XC9cL3d3dy50b3VyZGVyb21hbmRpZS5jaFwvd3AtY29udGVudFwvdXBsb2Fkc1wvMjAyNVwvMDVcL0Nvc3NvYW55X1x1MDBhOUtleXN0b25lLTYuanBnIiwic2xpZGVzaG93IjoiMWZmMmJmNyJ9\" href=\"https:\/\/www.tourderomandie.ch\/wp-content\/uploads\/2025\/05\/Cossoany_\u00a9Keystone-6.jpg\"><figure class=\"swiper-slide-inner\"><img decoding=\"async\" class=\"swiper-slide-image\" src=\"https:\/\/www.tourderomandie.ch\/wp-content\/uploads\/2025\/05\/Cossoany_\u00a9Keystone-6.jpg\" alt=\"Stefan Kueng from Switzerland of team Groupama-FDJ celebrates on the podium during the third stage, a 183 km race between Cossonay and Cossonay at the 78th Tour de Romandie UCI World Tour Cycling race, in Cossonay, Switzerland, Friday, May 2, 2025. (KEYSTONE\/Jean-Christophe Bott)\" \/><\/figure><\/a><\/div><div class=\"swiper-slide\" role=\"group\" aria-roledescription=\"slide\" aria-label=\"7 of 14\"><a data-elementor-open-lightbox=\"yes\" data-elementor-lightbox-slideshow=\"1ff2bf7\" data-e-action-hash=\"#elementor-action%3Aaction%3Dlightbox%26settings%3DeyJpZCI6ODEyNywidXJsIjoiaHR0cHM6XC9cL3d3dy50b3VyZGVyb21hbmRpZS5jaFwvd3AtY29udGVudFwvdXBsb2Fkc1wvMjAyNVwvMDVcL0Nvc3NvYW55X1x1MDBhOUtleXN0b25lLTcuanBnIiwic2xpZGVzaG93IjoiMWZmMmJmNyJ9\" href=\"https:\/\/www.tourderomandie.ch\/wp-content\/uploads\/2025\/05\/Cossoany_\u00a9Keystone-7.jpg\"><figure class=\"swiper-slide-inner\"><img decoding=\"async\" class=\"swiper-slide-image\" src=\"https:\/\/www.tourderomandie.ch\/wp-content\/uploads\/2025\/05\/Cossoany_\u00a9Keystone-7.jpg\" alt=\"Roland Thalmann from Switzerland of Tudor Cycling team celebrates on the podium during the third stage, a 183 km race between Cossonay and Cossonay at the 78th Tour de Romandie UCI World Tour Cycling race, in Cossonay, Switzerland, Friday, May 2, 2025. (KEYSTONE\/Jean-Christophe Bott)\" \/><\/figure><\/a><\/div><div class=\"swiper-slide\" role=\"group\" aria-roledescription=\"slide\" aria-label=\"8 of 14\"><a data-elementor-open-lightbox=\"yes\" data-elementor-lightbox-slideshow=\"1ff2bf7\" data-e-action-hash=\"#elementor-action%3Aaction%3Dlightbox%26settings%3DeyJpZCI6ODEyOCwidXJsIjoiaHR0cHM6XC9cL3d3dy50b3VyZGVyb21hbmRpZS5jaFwvd3AtY29udGVudFwvdXBsb2Fkc1wvMjAyNVwvMDVcL0Nvc3NvYW55X1x1MDBhOUtleXN0b25lLTguanBnIiwic2xpZGVzaG93IjoiMWZmMmJmNyJ9\" href=\"https:\/\/www.tourderomandie.ch\/wp-content\/uploads\/2025\/05\/Cossoany_\u00a9Keystone-8.jpg\"><figure class=\"swiper-slide-inner\"><img decoding=\"async\" class=\"swiper-slide-image\" src=\"https:\/\/www.tourderomandie.ch\/wp-content\/uploads\/2025\/05\/Cossoany_\u00a9Keystone-8.jpg\" alt=\"Jay Vine from Australia of UAE Team Emirates XRG celebrates on the podium as the stage winner after the third stage, a 183 km race between Cossonay and Cossonay at the 78th Tour de Romandie UCI World Tour Cycling race, in Cossonay, Switzerland, Friday, May 2, 2025. (KEYSTONE\/Jean-Christophe Bott)\" \/><\/figure><\/a><\/div><div class=\"swiper-slide\" role=\"group\" aria-roledescription=\"slide\" aria-label=\"9 of 14\"><a data-elementor-open-lightbox=\"yes\" data-elementor-lightbox-slideshow=\"1ff2bf7\" data-e-action-hash=\"#elementor-action%3Aaction%3Dlightbox%26settings%3DeyJpZCI6ODEyOSwidXJsIjoiaHR0cHM6XC9cL3d3dy50b3VyZGVyb21hbmRpZS5jaFwvd3AtY29udGVudFwvdXBsb2Fkc1wvMjAyNVwvMDVcL0Nvc3NvYW55X1x1MDBhOUtleXN0b25lLTkuanBnIiwic2xpZGVzaG93IjoiMWZmMmJmNyJ9\" href=\"https:\/\/www.tourderomandie.ch\/wp-content\/uploads\/2025\/05\/Cossoany_\u00a9Keystone-9.jpg\"><figure class=\"swiper-slide-inner\"><img decoding=\"async\" class=\"swiper-slide-image\" src=\"https:\/\/www.tourderomandie.ch\/wp-content\/uploads\/2025\/05\/Cossoany_\u00a9Keystone-9.jpg\" alt=\"The overall leader Alex Baudin from France of team EF Education-Easypost celebrates on the podium with the yellow jersey after the third stage, a 183 km race between Cossonay and Cossonay at the 78th Tour de Romandie UCI World Tour Cycling race, in Cossonay, Switzerland, Friday, May 2, 2025. (KEYSTONE\/Jean-Christophe Bott)\" \/><\/figure><\/a><\/div><div class=\"swiper-slide\" role=\"group\" aria-roledescription=\"slide\" aria-label=\"10 of 14\"><a data-elementor-open-lightbox=\"yes\" data-elementor-lightbox-slideshow=\"1ff2bf7\" data-e-action-hash=\"#elementor-action%3Aaction%3Dlightbox%26settings%3DeyJpZCI6ODEzMCwidXJsIjoiaHR0cHM6XC9cL3d3dy50b3VyZGVyb21hbmRpZS5jaFwvd3AtY29udGVudFwvdXBsb2Fkc1wvMjAyNVwvMDVcL0Nvc3NvYW55X1x1MDBhOUtleXN0b25lLTEwLmpwZyIsInNsaWRlc2hvdyI6IjFmZjJiZjcifQ%3D%3D\" href=\"https:\/\/www.tourderomandie.ch\/wp-content\/uploads\/2025\/05\/Cossoany_\u00a9Keystone-10.jpg\"><figure class=\"swiper-slide-inner\"><img decoding=\"async\" class=\"swiper-slide-image\" src=\"https:\/\/www.tourderomandie.ch\/wp-content\/uploads\/2025\/05\/Cossoany_\u00a9Keystone-10.jpg\" alt=\"Remco Evenepoel from Belgium of team Soudal Quick-Step, centre, crosses the finish line to placed seven in the third stage, a 183 km race between Cossonay and Cossonay at the 78th Tour de Romandie UCI World Tour Cycling race, in Cossonay, Switzerland, Friday, May 2, 2025. (KEYSTONE\/Jean-Christophe Bott)\" \/><\/figure><\/a><\/div><div class=\"swiper-slide\" role=\"group\" aria-roledescription=\"slide\" aria-label=\"11 of 14\"><a data-elementor-open-lightbox=\"yes\" data-elementor-lightbox-slideshow=\"1ff2bf7\" data-e-action-hash=\"#elementor-action%3Aaction%3Dlightbox%26settings%3DeyJpZCI6ODEzMSwidXJsIjoiaHR0cHM6XC9cL3d3dy50b3VyZGVyb21hbmRpZS5jaFwvd3AtY29udGVudFwvdXBsb2Fkc1wvMjAyNVwvMDVcL0Nvc3NvYW55X1x1MDBhOUtleXN0b25lLTExLmpwZyIsInNsaWRlc2hvdyI6IjFmZjJiZjcifQ%3D%3D\" href=\"https:\/\/www.tourderomandie.ch\/wp-content\/uploads\/2025\/05\/Cossoany_\u00a9Keystone-11.jpg\"><figure class=\"swiper-slide-inner\"><img decoding=\"async\" class=\"swiper-slide-image\" src=\"https:\/\/www.tourderomandie.ch\/wp-content\/uploads\/2025\/05\/Cossoany_\u00a9Keystone-11.jpg\" alt=\"Jay Vine from Australia of UAE Team Emirates XRG crosses the finish line to win in the third stage, a 183 km race between Cossonay and Cossonay at the 78th Tour de Romandie UCI World Tour Cycling race, in Cossonay, Switzerland, Friday, May 2, 2025. (KEYSTONE\/Jean-Christophe Bott)\" \/><\/figure><\/a><\/div><div class=\"swiper-slide\" role=\"group\" aria-roledescription=\"slide\" aria-label=\"12 of 14\"><a data-elementor-open-lightbox=\"yes\" data-elementor-lightbox-slideshow=\"1ff2bf7\" data-e-action-hash=\"#elementor-action%3Aaction%3Dlightbox%26settings%3DeyJpZCI6ODEzMiwidXJsIjoiaHR0cHM6XC9cL3d3dy50b3VyZGVyb21hbmRpZS5jaFwvd3AtY29udGVudFwvdXBsb2Fkc1wvMjAyNVwvMDVcL0Nvc3NvYW55X1x1MDBhOUtleXN0b25lLTEyLmpwZyIsInNsaWRlc2hvdyI6IjFmZjJiZjcifQ%3D%3D\" href=\"https:\/\/www.tourderomandie.ch\/wp-content\/uploads\/2025\/05\/Cossoany_\u00a9Keystone-12.jpg\"><figure class=\"swiper-slide-inner\"><img decoding=\"async\" class=\"swiper-slide-image\" src=\"https:\/\/www.tourderomandie.ch\/wp-content\/uploads\/2025\/05\/Cossoany_\u00a9Keystone-12.jpg\" alt=\"Stefan Kueng from Switzerland of team Groupama-FDJ in action during the third stage, a 183 km race between Cossonay and Cossonay at the 78th Tour de Romandie UCI World Tour Cycling race, in Montricher, Switzerland, Friday, May 2, 2025. (KEYSTONE\/Jean-Christophe Bott)\" \/><\/figure><\/a><\/div><div class=\"swiper-slide\" role=\"group\" aria-roledescription=\"slide\" aria-label=\"13 of 14\"><a data-elementor-open-lightbox=\"yes\" data-elementor-lightbox-slideshow=\"1ff2bf7\" data-e-action-hash=\"#elementor-action%3Aaction%3Dlightbox%26settings%3DeyJpZCI6ODEzMywidXJsIjoiaHR0cHM6XC9cL3d3dy50b3VyZGVyb21hbmRpZS5jaFwvd3AtY29udGVudFwvdXBsb2Fkc1wvMjAyNVwvMDVcL0Nvc3NvYW55X1x1MDBhOUtleXN0b25lLTEzLmpwZyIsInNsaWRlc2hvdyI6IjFmZjJiZjcifQ%3D%3D\" href=\"https:\/\/www.tourderomandie.ch\/wp-content\/uploads\/2025\/05\/Cossoany_\u00a9Keystone-13.jpg\"><figure class=\"swiper-slide-inner\"><img decoding=\"async\" class=\"swiper-slide-image\" src=\"https:\/\/www.tourderomandie.ch\/wp-content\/uploads\/2025\/05\/Cossoany_\u00a9Keystone-13.jpg\" alt=\"Stefan Kueng from Switzerland of team Groupama-FDJ in action during the third stage, a 183 km race between Cossonay and Cossonay at the 78th Tour de Romandie UCI World Tour Cycling race, in Montricher, Switzerland, Friday, May 2, 2025. (KEYSTONE\/Jean-Christophe Bott)\" \/><\/figure><\/a><\/div><div class=\"swiper-slide\" role=\"group\" aria-roledescription=\"slide\" aria-label=\"14 of 14\"><a data-elementor-open-lightbox=\"yes\" data-elementor-lightbox-slideshow=\"1ff2bf7\" data-e-action-hash=\"#elementor-action%3Aaction%3Dlightbox%26settings%3DeyJpZCI6ODEzNCwidXJsIjoiaHR0cHM6XC9cL3d3dy50b3VyZGVyb21hbmRpZS5jaFwvd3AtY29udGVudFwvdXBsb2Fkc1wvMjAyNVwvMDVcL0Nvc3NvbmF5X1x1MDBhOS1LZXlzdG9uZS5qcGciLCJzbGlkZXNob3ciOiIxZmYyYmY3In0%3D\" href=\"https:\/\/www.tourderomandie.ch\/wp-content\/uploads\/2025\/05\/Cossonay_\u00a9-Keystone.jpg\"><figure class=\"swiper-slide-inner\"><img decoding=\"async\" class=\"swiper-slide-image\" src=\"https:\/\/www.tourderomandie.ch\/wp-content\/uploads\/2025\/05\/Cossonay_\u00a9-Keystone.jpg\" alt=\"Alex Baudin from France of team EF Education-Easypost waits in the start line, during the third stage, a 183 km race between Cossonay and Cossonay at the 78th Tour de Romandie UCI World Tour Cycling race, in Cossonay, Switzerland, Friday, May 2, 2025. (KEYSTONE\/Jean-Christophe Bott)\" \/><\/figure><\/a><\/div>\t\t\t<\/div>\n\t\t\t\t\t\t\t\n\t\t\t\t\t\t\t\t\t<div class=\"swiper-pagination\"><\/div>\n\t\t\t\t\t\t\t\t\t<\/div>\n\t\t\t\t\t\t<\/div>\n\t\t\t\t<div class=\"elementor-element elementor-element-4ddb549 elementor-widget elementor-widget-heading\" data-id=\"4ddb549\" data-element_type=\"widget\" data-e-type=\"widget\" data-widget_type=\"heading.default\">\n\t\t\t\t\t<h2 class=\"elementor-heading-title elementor-size-default\">Sion - Thyon \u00a9Keystone<\/h2>\t\t\t\t<\/div>\n\t\t\t\t<div class=\"elementor-element elementor-element-83d3685 elementor-pagination-position-outside elementor-widget elementor-widget-image-carousel\" data-id=\"83d3685\" data-element_type=\"widget\" data-e-type=\"widget\" data-settings=\"{&quot;navigation&quot;:&quot;dots&quot;,&quot;image_spacing_custom&quot;:{&quot;unit&quot;:&quot;px&quot;,&quot;size&quot;:10,&quot;sizes&quot;:[]},&quot;autoplay&quot;:&quot;yes&quot;,&quot;pause_on_hover&quot;:&quot;yes&quot;,&quot;pause_on_interaction&quot;:&quot;yes&quot;,&quot;autoplay_speed&quot;:5000,&quot;infinite&quot;:&quot;yes&quot;,&quot;speed&quot;:500,&quot;image_spacing_custom_laptop&quot;:{&quot;unit&quot;:&quot;px&quot;,&quot;size&quot;:&quot;&quot;,&quot;sizes&quot;:[]},&quot;image_spacing_custom_tablet_extra&quot;:{&quot;unit&quot;:&quot;px&quot;,&quot;size&quot;:&quot;&quot;,&quot;sizes&quot;:[]},&quot;image_spacing_custom_tablet&quot;:{&quot;unit&quot;:&quot;px&quot;,&quot;size&quot;:&quot;&quot;,&quot;sizes&quot;:[]},&quot;image_spacing_custom_mobile_extra&quot;:{&quot;unit&quot;:&quot;px&quot;,&quot;size&quot;:&quot;&quot;,&quot;sizes&quot;:[]},&quot;image_spacing_custom_mobile&quot;:{&quot;unit&quot;:&quot;px&quot;,&quot;size&quot;:&quot;&quot;,&quot;sizes&quot;:[]}}\" data-widget_type=\"image-carousel.default\">\n\t\t\t\t\t\t\t<div class=\"elementor-image-carousel-wrapper swiper\" role=\"region\" aria-roledescription=\"carousel\" aria-label=\"Carrousel d\u2019images\" dir=\"ltr\">\n\t\t\t<div class=\"elementor-image-carousel swiper-wrapper\" aria-live=\"off\">\n\t\t\t\t\t\t\t\t<div class=\"swiper-slide\" role=\"group\" aria-roledescription=\"slide\" aria-label=\"1 of 15\"><a data-elementor-open-lightbox=\"yes\" data-elementor-lightbox-slideshow=\"83d3685\" data-e-action-hash=\"#elementor-action%3Aaction%3Dlightbox%26settings%3DeyJpZCI6ODEzNiwidXJsIjoiaHR0cHM6XC9cL3d3dy50b3VyZGVyb21hbmRpZS5jaFwvd3AtY29udGVudFwvdXBsb2Fkc1wvMjAyNVwvMDVcL1Npb24tVGh5b24tMjAwMF9cdTAwYTktS2V5c3RvbmUuanBnIiwic2xpZGVzaG93IjoiODNkMzY4NSJ9\" href=\"https:\/\/www.tourderomandie.ch\/wp-content\/uploads\/2025\/05\/Sion-Thyon-2000_\u00a9-Keystone.jpg\"><figure class=\"swiper-slide-inner\"><img decoding=\"async\" class=\"swiper-slide-image\" src=\"https:\/\/www.tourderomandie.ch\/wp-content\/uploads\/2025\/05\/Sion-Thyon-2000_\u00a9-Keystone.jpg\" alt=\"Remco Evenepoel from Belgium of team Soudal Quick-Step, signs an autograph to spectator, prior the fourth stage, a 118,2 km race between Sion and Thyon 2000 at the 78th Tour de Romandie UCI World Tour Cycling race, in Thyon, Switzerland, Saturday, May 3, 2025. (KEYSTONE\/Jean-Christophe Bott)\" \/><\/figure><\/a><\/div><div class=\"swiper-slide\" role=\"group\" aria-roledescription=\"slide\" aria-label=\"2 of 15\"><a data-elementor-open-lightbox=\"yes\" data-elementor-lightbox-slideshow=\"83d3685\" data-e-action-hash=\"#elementor-action%3Aaction%3Dlightbox%26settings%3DeyJpZCI6ODEzNywidXJsIjoiaHR0cHM6XC9cL3d3dy50b3VyZGVyb21hbmRpZS5jaFwvd3AtY29udGVudFwvdXBsb2Fkc1wvMjAyNVwvMDVcL1Npb24tVGh5b24tMjAwMF9cdTAwYTlLZXlzdG9uZS5qcGciLCJzbGlkZXNob3ciOiI4M2QzNjg1In0%3D\" href=\"https:\/\/www.tourderomandie.ch\/wp-content\/uploads\/2025\/05\/Sion-Thyon-2000_\u00a9Keystone.jpg\"><figure class=\"swiper-slide-inner\"><img decoding=\"async\" class=\"swiper-slide-image\" src=\"https:\/\/www.tourderomandie.ch\/wp-content\/uploads\/2025\/05\/Sion-Thyon-2000_\u00a9Keystone.jpg\" alt=\"KEYPIX - The pack riedes during the fourth stage, a 118,2 km race between Sion and Thyon 2000 at the 78th Tour de Romandie UCI World Tour Cycling race, in Grimisuat, Switzerland, Saturday, May 3, 2025. (KEYSTONE\/Jean-Christophe Bott)\" \/><\/figure><\/a><\/div><div class=\"swiper-slide\" role=\"group\" aria-roledescription=\"slide\" aria-label=\"3 of 15\"><a data-elementor-open-lightbox=\"yes\" data-elementor-lightbox-slideshow=\"83d3685\" data-e-action-hash=\"#elementor-action%3Aaction%3Dlightbox%26settings%3DeyJpZCI6ODEzOCwidXJsIjoiaHR0cHM6XC9cL3d3dy50b3VyZGVyb21hbmRpZS5jaFwvd3AtY29udGVudFwvdXBsb2Fkc1wvMjAyNVwvMDVcL1Npb24tVHlob24tMjAwMF9cdTAwYTktS2V5c3RvbmUtMS5qcGciLCJzbGlkZXNob3ciOiI4M2QzNjg1In0%3D\" href=\"https:\/\/www.tourderomandie.ch\/wp-content\/uploads\/2025\/05\/Sion-Tyhon-2000_\u00a9-Keystone-1.jpg\"><figure class=\"swiper-slide-inner\"><img decoding=\"async\" class=\"swiper-slide-image\" src=\"https:\/\/www.tourderomandie.ch\/wp-content\/uploads\/2025\/05\/Sion-Tyhon-2000_\u00a9-Keystone-1.jpg\" alt=\"Lenny Martinez from France of team Bahrain Victorius celebrates on the podium during the fourth stage, a 118,2 km race between Sion and Thyon 2000 at the 78th Tour de Romandie UCI World Tour Cycling race, in Thyon Switzerland, Saturday, May 3, 2025. (KEYSTONE\/Jean-Christophe Bott)\" \/><\/figure><\/a><\/div><div class=\"swiper-slide\" role=\"group\" aria-roledescription=\"slide\" aria-label=\"4 of 15\"><a data-elementor-open-lightbox=\"yes\" data-elementor-lightbox-slideshow=\"83d3685\" data-e-action-hash=\"#elementor-action%3Aaction%3Dlightbox%26settings%3DeyJpZCI6ODEzOSwidXJsIjoiaHR0cHM6XC9cL3d3dy50b3VyZGVyb21hbmRpZS5jaFwvd3AtY29udGVudFwvdXBsb2Fkc1wvMjAyNVwvMDVcL1Npb24tVHlob24tMjAwMF9cdTAwYTktS2V5c3RvbmUtMy5qcGciLCJzbGlkZXNob3ciOiI4M2QzNjg1In0%3D\" href=\"https:\/\/www.tourderomandie.ch\/wp-content\/uploads\/2025\/05\/Sion-Tyhon-2000_\u00a9-Keystone-3.jpg\"><figure class=\"swiper-slide-inner\"><img decoding=\"async\" class=\"swiper-slide-image\" src=\"https:\/\/www.tourderomandie.ch\/wp-content\/uploads\/2025\/05\/Sion-Tyhon-2000_\u00a9-Keystone-3.jpg\" alt=\"Jay Vine from Australia of UAE Team Emirates XRG celebrates on the podium during the fourth stage, a 118,2 km race between Sion and Thyon 2000 at the 78th Tour de Romandie UCI World Tour Cycling race, in Thyon Switzerland, Saturday, May 3, 2025. (KEYSTONE\/Jean-Christophe Bott)\" \/><\/figure><\/a><\/div><div class=\"swiper-slide\" role=\"group\" aria-roledescription=\"slide\" aria-label=\"5 of 15\"><a data-elementor-open-lightbox=\"yes\" data-elementor-lightbox-slideshow=\"83d3685\" data-e-action-hash=\"#elementor-action%3Aaction%3Dlightbox%26settings%3DeyJpZCI6ODE0MCwidXJsIjoiaHR0cHM6XC9cL3d3dy50b3VyZGVyb21hbmRpZS5jaFwvd3AtY29udGVudFwvdXBsb2Fkc1wvMjAyNVwvMDVcL1Npb24tVHlob24tMjAwMF9cdTAwYTktS2V5c3RvbmUtNC5qcGciLCJzbGlkZXNob3ciOiI4M2QzNjg1In0%3D\" href=\"https:\/\/www.tourderomandie.ch\/wp-content\/uploads\/2025\/05\/Sion-Tyhon-2000_\u00a9-Keystone-4.jpg\"><figure class=\"swiper-slide-inner\"><img decoding=\"async\" class=\"swiper-slide-image\" src=\"https:\/\/www.tourderomandie.ch\/wp-content\/uploads\/2025\/05\/Sion-Tyhon-2000_\u00a9-Keystone-4.jpg\" alt=\"The overall leader Lenny Martinez from France of team Bahrain Victorius celebrates on the podium with the yellow jersey after the fourth stage, a 118,2 km race between Sion and Thyon 2000 at the 78th Tour de Romandie UCI World Tour Cycling race, in Thyon, Switzerland, Saturday, May 3, 2025. (KEYSTONE\/Jean-Christophe Bott)\" \/><\/figure><\/a><\/div><div class=\"swiper-slide\" role=\"group\" aria-roledescription=\"slide\" aria-label=\"6 of 15\"><a data-elementor-open-lightbox=\"yes\" data-elementor-lightbox-slideshow=\"83d3685\" data-e-action-hash=\"#elementor-action%3Aaction%3Dlightbox%26settings%3DeyJpZCI6ODE0MSwidXJsIjoiaHR0cHM6XC9cL3d3dy50b3VyZGVyb21hbmRpZS5jaFwvd3AtY29udGVudFwvdXBsb2Fkc1wvMjAyNVwvMDVcL1Npb24tVHlob24tMjAwMF9cdTAwYTktS2V5c3RvbmUtNS5qcGciLCJzbGlkZXNob3ciOiI4M2QzNjg1In0%3D\" href=\"https:\/\/www.tourderomandie.ch\/wp-content\/uploads\/2025\/05\/Sion-Tyhon-2000_\u00a9-Keystone-5.jpg\"><figure class=\"swiper-slide-inner\"><img decoding=\"async\" class=\"swiper-slide-image\" src=\"https:\/\/www.tourderomandie.ch\/wp-content\/uploads\/2025\/05\/Sion-Tyhon-2000_\u00a9-Keystone-5.jpg\" alt=\"The Pack in action during the fourth stage, a 118,2 km race between Sion and Thyon 2000 at the 78th Tour de Romandie UCI World Tour Cycling race, in Mase Switzerland, Saturday, May 3, 2025. (KEYSTONE\/Jean-Christophe Bott)\" \/><\/figure><\/a><\/div><div class=\"swiper-slide\" role=\"group\" aria-roledescription=\"slide\" aria-label=\"7 of 15\"><a data-elementor-open-lightbox=\"yes\" data-elementor-lightbox-slideshow=\"83d3685\" data-e-action-hash=\"#elementor-action%3Aaction%3Dlightbox%26settings%3DeyJpZCI6ODE0MiwidXJsIjoiaHR0cHM6XC9cL3d3dy50b3VyZGVyb21hbmRpZS5jaFwvd3AtY29udGVudFwvdXBsb2Fkc1wvMjAyNVwvMDVcL1Npb24tVHlob24tMjAwMF9cdTAwYTktS2V5c3RvbmUtNi5qcGciLCJzbGlkZXNob3ciOiI4M2QzNjg1In0%3D\" href=\"https:\/\/www.tourderomandie.ch\/wp-content\/uploads\/2025\/05\/Sion-Tyhon-2000_\u00a9-Keystone-6.jpg\"><figure class=\"swiper-slide-inner\"><img decoding=\"async\" class=\"swiper-slide-image\" src=\"https:\/\/www.tourderomandie.ch\/wp-content\/uploads\/2025\/05\/Sion-Tyhon-2000_\u00a9-Keystone-6.jpg\" alt=\"Remco Evenepoel from Belgium of team Soudal Quick-Step, left, in action during the fourth stage, a 118,2 km race between Sion and Thyon 2000 at the 78th Tour de Romandie UCI World Tour Cycling race, in Thyon Switzerland, Saturday, May 3, 2025. (KEYSTONE\/Jean-Christophe Bott)\" \/><\/figure><\/a><\/div><div class=\"swiper-slide\" role=\"group\" aria-roledescription=\"slide\" aria-label=\"8 of 15\"><a data-elementor-open-lightbox=\"yes\" data-elementor-lightbox-slideshow=\"83d3685\" data-e-action-hash=\"#elementor-action%3Aaction%3Dlightbox%26settings%3DeyJpZCI6ODE0MywidXJsIjoiaHR0cHM6XC9cL3d3dy50b3VyZGVyb21hbmRpZS5jaFwvd3AtY29udGVudFwvdXBsb2Fkc1wvMjAyNVwvMDVcL1Npb24tVHlob24tMjAwMF9cdTAwYTktS2V5c3RvbmUtNy5qcGciLCJzbGlkZXNob3ciOiI4M2QzNjg1In0%3D\" href=\"https:\/\/www.tourderomandie.ch\/wp-content\/uploads\/2025\/05\/Sion-Tyhon-2000_\u00a9-Keystone-7.jpg\"><figure class=\"swiper-slide-inner\"><img decoding=\"async\" class=\"swiper-slide-image\" src=\"https:\/\/www.tourderomandie.ch\/wp-content\/uploads\/2025\/05\/Sion-Tyhon-2000_\u00a9-Keystone-7.jpg\" alt=\"Lenny Martinez from France of team Bahrain Victorius, left, and Joao Almeida from Portugal of UAE Team Emirates XRG, right, sprint during the fourth stage, a 118,2 km race between Sion and Thyon 2000 at the 78th Tour de Romandie UCI World Tour Cycling race, in Thyon, Switzerland, Saturday, May 3, 2025. (KEYSTONE\/Jean-Christophe Bott)\" \/><\/figure><\/a><\/div><div class=\"swiper-slide\" role=\"group\" aria-roledescription=\"slide\" aria-label=\"9 of 15\"><a data-elementor-open-lightbox=\"yes\" data-elementor-lightbox-slideshow=\"83d3685\" data-e-action-hash=\"#elementor-action%3Aaction%3Dlightbox%26settings%3DeyJpZCI6ODE0NCwidXJsIjoiaHR0cHM6XC9cL3d3dy50b3VyZGVyb21hbmRpZS5jaFwvd3AtY29udGVudFwvdXBsb2Fkc1wvMjAyNVwvMDVcL1Npb24tVHlob24tMjAwMF9cdTAwYTktS2V5c3RvbmUtOC5qcGciLCJzbGlkZXNob3ciOiI4M2QzNjg1In0%3D\" href=\"https:\/\/www.tourderomandie.ch\/wp-content\/uploads\/2025\/05\/Sion-Tyhon-2000_\u00a9-Keystone-8.jpg\"><figure class=\"swiper-slide-inner\"><img decoding=\"async\" class=\"swiper-slide-image\" src=\"https:\/\/www.tourderomandie.ch\/wp-content\/uploads\/2025\/05\/Sion-Tyhon-2000_\u00a9-Keystone-8.jpg\" alt=\"Lenny Martinez from France of team Bahrain Victorius, left, celebrates winning, past Joao Almeida from Portugal of UAE Team Emirates XRG, right, the fourth stage, a 118,2 km race between Sion and Thyon 2000 at the 78th Tour de Romandie UCI World Tour Cycling race, in Thyon, Switzerland, Saturday, May 3, 2025. (KEYSTONE\/Jean-Christophe Bott)\" \/><\/figure><\/a><\/div><div class=\"swiper-slide\" role=\"group\" aria-roledescription=\"slide\" aria-label=\"10 of 15\"><a data-elementor-open-lightbox=\"yes\" data-elementor-lightbox-slideshow=\"83d3685\" data-e-action-hash=\"#elementor-action%3Aaction%3Dlightbox%26settings%3DeyJpZCI6ODE0NSwidXJsIjoiaHR0cHM6XC9cL3d3dy50b3VyZGVyb21hbmRpZS5jaFwvd3AtY29udGVudFwvdXBsb2Fkc1wvMjAyNVwvMDVcL1Npb24tVHlob24tMjAwMF9cdTAwYTktS2V5c3RvbmUtOS5qcGciLCJzbGlkZXNob3ciOiI4M2QzNjg1In0%3D\" href=\"https:\/\/www.tourderomandie.ch\/wp-content\/uploads\/2025\/05\/Sion-Tyhon-2000_\u00a9-Keystone-9.jpg\"><figure class=\"swiper-slide-inner\"><img decoding=\"async\" class=\"swiper-slide-image\" src=\"https:\/\/www.tourderomandie.ch\/wp-content\/uploads\/2025\/05\/Sion-Tyhon-2000_\u00a9-Keystone-9.jpg\" alt=\"Overall leader yellow jersey Alex Baudin from France of team EF Education-Easypost, and the overall orange points classification jersey Jay Vine from Australia of UAE Team Emirates XRG, 3rd right, climb to Nax, during the fourth stage, a 118,2 km race between Sion and Thyon 2000 at the 78th Tour de Romandie UCI World Tour Cycling race, in Nax, Switzerland, Saturday, May 3, 2025. (KEYSTONE\/Jean-Christophe Bott)\" \/><\/figure><\/a><\/div><div class=\"swiper-slide\" role=\"group\" aria-roledescription=\"slide\" aria-label=\"11 of 15\"><a data-elementor-open-lightbox=\"yes\" data-elementor-lightbox-slideshow=\"83d3685\" data-e-action-hash=\"#elementor-action%3Aaction%3Dlightbox%26settings%3DeyJpZCI6ODE0NiwidXJsIjoiaHR0cHM6XC9cL3d3dy50b3VyZGVyb21hbmRpZS5jaFwvd3AtY29udGVudFwvdXBsb2Fkc1wvMjAyNVwvMDVcL1Npb24tVHlob24tMjAwMF9cdTAwYTktS2V5c3RvbmUtMTAuanBnIiwic2xpZGVzaG93IjoiODNkMzY4NSJ9\" href=\"https:\/\/www.tourderomandie.ch\/wp-content\/uploads\/2025\/05\/Sion-Tyhon-2000_\u00a9-Keystone-10.jpg\"><figure class=\"swiper-slide-inner\"><img decoding=\"async\" class=\"swiper-slide-image\" src=\"https:\/\/www.tourderomandie.ch\/wp-content\/uploads\/2025\/05\/Sion-Tyhon-2000_\u00a9-Keystone-10.jpg\" alt=\"The pack climb to Nax, during the fourth stage, a 118,2 km race between Sion and Thyon 2000 at the 78th Tour de Romandie UCI World Tour Cycling race, in Nax, Switzerland, Saturday, May 3, 2025. (KEYSTONE\/Jean-Christophe Bott)\" \/><\/figure><\/a><\/div><div class=\"swiper-slide\" role=\"group\" aria-roledescription=\"slide\" aria-label=\"12 of 15\"><a data-elementor-open-lightbox=\"yes\" data-elementor-lightbox-slideshow=\"83d3685\" data-e-action-hash=\"#elementor-action%3Aaction%3Dlightbox%26settings%3DeyJpZCI6ODE0NywidXJsIjoiaHR0cHM6XC9cL3d3dy50b3VyZGVyb21hbmRpZS5jaFwvd3AtY29udGVudFwvdXBsb2Fkc1wvMjAyNVwvMDVcL1Npb24tVHlob24tMjAwMF9cdTAwYTktS2V5c3RvbmUtMTEuanBnIiwic2xpZGVzaG93IjoiODNkMzY4NSJ9\" href=\"https:\/\/www.tourderomandie.ch\/wp-content\/uploads\/2025\/05\/Sion-Tyhon-2000_\u00a9-Keystone-11.jpg\"><figure class=\"swiper-slide-inner\"><img decoding=\"async\" class=\"swiper-slide-image\" src=\"https:\/\/www.tourderomandie.ch\/wp-content\/uploads\/2025\/05\/Sion-Tyhon-2000_\u00a9-Keystone-11.jpg\" alt=\"Remco Evenepoel from Belgium of team Soudal Quick-Step, right, climbs with the pack to Nax, during the fourth stage, a 118,2 km race between Sion and Thyon 2000 at the 78th Tour de Romandie UCI World Tour Cycling race, in Nax, Switzerland, Saturday, May 3, 2025. (KEYSTONE\/Jean-Christophe Bott)\" \/><\/figure><\/a><\/div><div class=\"swiper-slide\" role=\"group\" aria-roledescription=\"slide\" aria-label=\"13 of 15\"><a data-elementor-open-lightbox=\"yes\" data-elementor-lightbox-slideshow=\"83d3685\" data-e-action-hash=\"#elementor-action%3Aaction%3Dlightbox%26settings%3DeyJpZCI6ODE0OCwidXJsIjoiaHR0cHM6XC9cL3d3dy50b3VyZGVyb21hbmRpZS5jaFwvd3AtY29udGVudFwvdXBsb2Fkc1wvMjAyNVwvMDVcL1Npb24tVHlob24tMjAwMF9cdTAwYTktS2V5c3RvbmUtMTIuanBnIiwic2xpZGVzaG93IjoiODNkMzY4NSJ9\" href=\"https:\/\/www.tourderomandie.ch\/wp-content\/uploads\/2025\/05\/Sion-Tyhon-2000_\u00a9-Keystone-12.jpg\"><figure class=\"swiper-slide-inner\"><img decoding=\"async\" class=\"swiper-slide-image\" src=\"https:\/\/www.tourderomandie.ch\/wp-content\/uploads\/2025\/05\/Sion-Tyhon-2000_\u00a9-Keystone-12.jpg\" alt=\"Louis Barre from France of team Intermarche-Wanty, right, leads the breakaway group past Julien Bernard from France of team Lidl-Trek, left, and Ben Zwiehoff from Germany of team Red Bull-Bora-Hansgrohe, centre, during the fourth stage, a 118,2 km race between Sion and Thyon 2000 at the 78th Tour de Romandie UCI World Tour Cycling race, in Nax, Switzerland, Saturday, May 3, 2025. (KEYSTONE\/Jean-Christophe Bott)\" \/><\/figure><\/a><\/div><div class=\"swiper-slide\" role=\"group\" aria-roledescription=\"slide\" aria-label=\"14 of 15\"><a data-elementor-open-lightbox=\"yes\" data-elementor-lightbox-slideshow=\"83d3685\" data-e-action-hash=\"#elementor-action%3Aaction%3Dlightbox%26settings%3DeyJpZCI6ODE0OSwidXJsIjoiaHR0cHM6XC9cL3d3dy50b3VyZGVyb21hbmRpZS5jaFwvd3AtY29udGVudFwvdXBsb2Fkc1wvMjAyNVwvMDVcL1Npb24tVHlob24tMjAwMF9cdTAwYTktS2V5c3RvbmUtMTMuanBnIiwic2xpZGVzaG93IjoiODNkMzY4NSJ9\" href=\"https:\/\/www.tourderomandie.ch\/wp-content\/uploads\/2025\/05\/Sion-Tyhon-2000_\u00a9-Keystone-13.jpg\"><figure class=\"swiper-slide-inner\"><img decoding=\"async\" class=\"swiper-slide-image\" src=\"https:\/\/www.tourderomandie.ch\/wp-content\/uploads\/2025\/05\/Sion-Tyhon-2000_\u00a9-Keystone-13.jpg\" alt=\"Ben Zwiehoff from from Germany of team Red Bull-Bora-Hansgrohe during the fourth stage, a 118,2 km race between Sion and Thyon 2000 at the 78th Tour de Romandie UCI World Tour Cycling race, in Thyon Switzerland, Saturday, May 3, 2025. (KEYSTONE\/Jean-Christophe Bott)\" \/><\/figure><\/a><\/div><div class=\"swiper-slide\" role=\"group\" aria-roledescription=\"slide\" aria-label=\"15 of 15\"><a data-elementor-open-lightbox=\"yes\" data-elementor-lightbox-slideshow=\"83d3685\" data-e-action-hash=\"#elementor-action%3Aaction%3Dlightbox%26settings%3DeyJpZCI6ODE1MCwidXJsIjoiaHR0cHM6XC9cL3d3dy50b3VyZGVyb21hbmRpZS5jaFwvd3AtY29udGVudFwvdXBsb2Fkc1wvMjAyNVwvMDVcL1Npb24tVHlob24tMjAwMF9cdTAwYTktS2V5c3RvbmUtMTQuanBnIiwic2xpZGVzaG93IjoiODNkMzY4NSJ9\" href=\"https:\/\/www.tourderomandie.ch\/wp-content\/uploads\/2025\/05\/Sion-Tyhon-2000_\u00a9-Keystone-14.jpg\"><figure class=\"swiper-slide-inner\"><img decoding=\"async\" class=\"swiper-slide-image\" src=\"https:\/\/www.tourderomandie.ch\/wp-content\/uploads\/2025\/05\/Sion-Tyhon-2000_\u00a9-Keystone-14.jpg\" alt=\"Roland Thalmann from Switzerland of Tudor Cycling team celebrates on the podium during the fourth stage, a 118,2 km race between Sion and Thyon 2000 at the 78th Tour de Romandie UCI World Tour Cycling race, in Thyon Switzerland, Saturday, May 3, 2025. (KEYSTONE\/Jean-Christophe Bott)\" \/><\/figure><\/a><\/div>\t\t\t<\/div>\n\t\t\t\t\t\t\t\n\t\t\t\t\t\t\t\t\t<div class=\"swiper-pagination\"><\/div>\n\t\t\t\t\t\t\t\t\t<\/div>\n\t\t\t\t\t\t<\/div>\n\t\t\t\t<div class=\"elementor-element elementor-element-2d85cc7 elementor-widget elementor-widget-heading\" data-id=\"2d85cc7\" data-element_type=\"widget\" data-e-type=\"widget\" data-widget_type=\"heading.default\">\n\t\t\t\t\t<h2 class=\"elementor-heading-title elementor-size-default\">Gen\u00e8ve \u00a9Keystone<\/h2>\t\t\t\t<\/div>\n\t\t\t\t<div class=\"elementor-element elementor-element-97b2a9e elementor-pagination-position-outside elementor-widget elementor-widget-image-carousel\" data-id=\"97b2a9e\" data-element_type=\"widget\" data-e-type=\"widget\" data-settings=\"{&quot;navigation&quot;:&quot;dots&quot;,&quot;image_spacing_custom&quot;:{&quot;unit&quot;:&quot;px&quot;,&quot;size&quot;:10,&quot;sizes&quot;:[]},&quot;autoplay&quot;:&quot;yes&quot;,&quot;pause_on_hover&quot;:&quot;yes&quot;,&quot;pause_on_interaction&quot;:&quot;yes&quot;,&quot;autoplay_speed&quot;:5000,&quot;infinite&quot;:&quot;yes&quot;,&quot;speed&quot;:500,&quot;image_spacing_custom_laptop&quot;:{&quot;unit&quot;:&quot;px&quot;,&quot;size&quot;:&quot;&quot;,&quot;sizes&quot;:[]},&quot;image_spacing_custom_tablet_extra&quot;:{&quot;unit&quot;:&quot;px&quot;,&quot;size&quot;:&quot;&quot;,&quot;sizes&quot;:[]},&quot;image_spacing_custom_tablet&quot;:{&quot;unit&quot;:&quot;px&quot;,&quot;size&quot;:&quot;&quot;,&quot;sizes&quot;:[]},&quot;image_spacing_custom_mobile_extra&quot;:{&quot;unit&quot;:&quot;px&quot;,&quot;size&quot;:&quot;&quot;,&quot;sizes&quot;:[]},&quot;image_spacing_custom_mobile&quot;:{&quot;unit&quot;:&quot;px&quot;,&quot;size&quot;:&quot;&quot;,&quot;sizes&quot;:[]}}\" data-widget_type=\"image-carousel.default\">\n\t\t\t\t\t\t\t<div class=\"elementor-image-carousel-wrapper swiper\" role=\"region\" aria-roledescription=\"carousel\" aria-label=\"Carrousel d\u2019images\" dir=\"ltr\">\n\t\t\t<div class=\"elementor-image-carousel swiper-wrapper\" aria-live=\"off\">\n\t\t\t\t\t\t\t\t<div class=\"swiper-slide\" role=\"group\" aria-roledescription=\"slide\" aria-label=\"1 of 13\"><a data-elementor-open-lightbox=\"yes\" data-elementor-lightbox-slideshow=\"97b2a9e\" data-e-action-hash=\"#elementor-action%3Aaction%3Dlightbox%26settings%3DeyJpZCI6ODE1MSwidXJsIjoiaHR0cHM6XC9cL3d3dy50b3VyZGVyb21hbmRpZS5jaFwvd3AtY29udGVudFwvdXBsb2Fkc1wvMjAyNVwvMDVcL0dlbmV2ZV9cdTAwYTlLZXlzdG9uZS0xLmpwZyIsInNsaWRlc2hvdyI6Ijk3YjJhOWUifQ%3D%3D\" href=\"https:\/\/www.tourderomandie.ch\/wp-content\/uploads\/2025\/05\/Geneve_\u00a9Keystone-1.jpg\"><figure class=\"swiper-slide-inner\"><img decoding=\"async\" class=\"swiper-slide-image\" src=\"https:\/\/www.tourderomandie.ch\/wp-content\/uploads\/2025\/05\/Geneve_\u00a9Keystone-1.jpg\" alt=\"Joao Almeida from Portugal of UAE Team Emirates XRG in action during the fifth and final stage, a 17,1 km race against the clock at the 78th Tour de Romandie UCI World Tour Cycling race, in Geneva, Switzerland, Sunday, May 4, 2025. (KEYSTONE\/Jean-Christophe Bott)\" \/><\/figure><\/a><\/div><div class=\"swiper-slide\" role=\"group\" aria-roledescription=\"slide\" aria-label=\"2 of 13\"><a data-elementor-open-lightbox=\"yes\" data-elementor-lightbox-slideshow=\"97b2a9e\" data-e-action-hash=\"#elementor-action%3Aaction%3Dlightbox%26settings%3DeyJpZCI6ODE1MiwidXJsIjoiaHR0cHM6XC9cL3d3dy50b3VyZGVyb21hbmRpZS5jaFwvd3AtY29udGVudFwvdXBsb2Fkc1wvMjAyNVwvMDVcL0dlbmV2ZV9cdTAwYTlLZXlzdG9uZS02LmpwZyIsInNsaWRlc2hvdyI6Ijk3YjJhOWUifQ%3D%3D\" href=\"https:\/\/www.tourderomandie.ch\/wp-content\/uploads\/2025\/05\/Geneve_\u00a9Keystone-6.jpg\"><figure class=\"swiper-slide-inner\"><img decoding=\"async\" class=\"swiper-slide-image\" src=\"https:\/\/www.tourderomandie.ch\/wp-content\/uploads\/2025\/05\/Geneve_\u00a9Keystone-6.jpg\" alt=\"Stefan Kueng from Switzerland of team Groupama-FDJ celebrates on the podium during the fifth and final stage, a 17,1 km race against the clock at the 78th Tour de Romandie UCI World Tour Cycling race, in Geneva, Switzerland, Sunday, May 4, 2025. (KEYSTONE\/Jean-Christophe Bott)\" \/><\/figure><\/a><\/div><div class=\"swiper-slide\" role=\"group\" aria-roledescription=\"slide\" aria-label=\"3 of 13\"><a data-elementor-open-lightbox=\"yes\" data-elementor-lightbox-slideshow=\"97b2a9e\" data-e-action-hash=\"#elementor-action%3Aaction%3Dlightbox%26settings%3DeyJpZCI6ODE1MywidXJsIjoiaHR0cHM6XC9cL3d3dy50b3VyZGVyb21hbmRpZS5jaFwvd3AtY29udGVudFwvdXBsb2Fkc1wvMjAyNVwvMDVcL0dlbmV2ZV9cdTAwYTlLZXlzdG9uZS05LmpwZyIsInNsaWRlc2hvdyI6Ijk3YjJhOWUifQ%3D%3D\" href=\"https:\/\/www.tourderomandie.ch\/wp-content\/uploads\/2025\/05\/Geneve_\u00a9Keystone-9.jpg\"><figure class=\"swiper-slide-inner\"><img decoding=\"async\" class=\"swiper-slide-image\" src=\"https:\/\/www.tourderomandie.ch\/wp-content\/uploads\/2025\/05\/Geneve_\u00a9Keystone-9.jpg\" alt=\"The podium of the Tour de Romandie with second placed Lenny Martinez from France of team Bahrain Victorius, left, the winner Joao Almeida from Portugal of UAE Team Emirates XRG, center, and third placed Jay Vine from Australia of UAE Team Emirates XRG, right, celebrate on the podium after the fifth and final stage, a 17,1 km race against the clock at the 78th Tour de Romandie UCI World Tour Cycling race, in Geneva, Switzerland, Sunday, May 4, 2025. (KEYSTONE\/Salvatore Di Nolfi)\" \/><\/figure><\/a><\/div><div class=\"swiper-slide\" role=\"group\" aria-roledescription=\"slide\" aria-label=\"4 of 13\"><a data-elementor-open-lightbox=\"yes\" data-elementor-lightbox-slideshow=\"97b2a9e\" data-e-action-hash=\"#elementor-action%3Aaction%3Dlightbox%26settings%3DeyJpZCI6ODE1NCwidXJsIjoiaHR0cHM6XC9cL3d3dy50b3VyZGVyb21hbmRpZS5jaFwvd3AtY29udGVudFwvdXBsb2Fkc1wvMjAyNVwvMDVcL0dlbmV2ZV9cdTAwYTlLZXlzdG9uZS0xMS5qcGciLCJzbGlkZXNob3ciOiI5N2IyYTllIn0%3D\" href=\"https:\/\/www.tourderomandie.ch\/wp-content\/uploads\/2025\/05\/Geneve_\u00a9Keystone-11.jpg\"><figure class=\"swiper-slide-inner\"><img decoding=\"async\" class=\"swiper-slide-image\" src=\"https:\/\/www.tourderomandie.ch\/wp-content\/uploads\/2025\/05\/Geneve_\u00a9Keystone-11.jpg\" alt=\"Remco Evenepoel from Belgium of team Soudal Quick-Step in action during the fifth and final stage, a 17,1 km race against the clock at the 78th Tour de Romandie UCI World Tour Cycling race, in Geneva, Switzerland, Sunday, May 4, 2025. (KEYSTONE\/Salvatore Di Nolfi)\" \/><\/figure><\/a><\/div><div class=\"swiper-slide\" role=\"group\" aria-roledescription=\"slide\" aria-label=\"5 of 13\"><a data-elementor-open-lightbox=\"yes\" data-elementor-lightbox-slideshow=\"97b2a9e\" data-e-action-hash=\"#elementor-action%3Aaction%3Dlightbox%26settings%3DeyJpZCI6ODE1NSwidXJsIjoiaHR0cHM6XC9cL3d3dy50b3VyZGVyb21hbmRpZS5jaFwvd3AtY29udGVudFwvdXBsb2Fkc1wvMjAyNVwvMDVcL0dlbmV2ZV9cdTAwYTlLZXlzdG9uZS0xMi5qcGciLCJzbGlkZXNob3ciOiI5N2IyYTllIn0%3D\" href=\"https:\/\/www.tourderomandie.ch\/wp-content\/uploads\/2025\/05\/Geneve_\u00a9Keystone-12.jpg\"><figure class=\"swiper-slide-inner\"><img decoding=\"async\" class=\"swiper-slide-image\" src=\"https:\/\/www.tourderomandie.ch\/wp-content\/uploads\/2025\/05\/Geneve_\u00a9Keystone-12.jpg\" alt=\"Stage winner Remco Evenepoel from Belgium of team Soudal Quick-Step celebrates on the podium after the fifth and final stage, a 17,1 km race against the clock at the 78th Tour de Romandie UCI World Tour Cycling race, in Geneva, Switzerland, Sunday, May 4, 2025. (KEYSTONE\/Jean-Christophe Bott)\" \/><\/figure><\/a><\/div><div class=\"swiper-slide\" role=\"group\" aria-roledescription=\"slide\" aria-label=\"6 of 13\"><a data-elementor-open-lightbox=\"yes\" data-elementor-lightbox-slideshow=\"97b2a9e\" data-e-action-hash=\"#elementor-action%3Aaction%3Dlightbox%26settings%3DeyJpZCI6ODE1NiwidXJsIjoiaHR0cHM6XC9cL3d3dy50b3VyZGVyb21hbmRpZS5jaFwvd3AtY29udGVudFwvdXBsb2Fkc1wvMjAyNVwvMDVcL0dlbmV2ZV9cdTAwYTlLZXlzdG9uZS1FdmVuZXBvZWwtUGx1c0NvbWJhdGlmLTEuanBnIiwic2xpZGVzaG93IjoiOTdiMmE5ZSJ9\" href=\"https:\/\/www.tourderomandie.ch\/wp-content\/uploads\/2025\/05\/Geneve_\u00a9Keystone-Evenepoel-PlusCombatif-1.jpg\"><figure class=\"swiper-slide-inner\"><img decoding=\"async\" class=\"swiper-slide-image\" src=\"https:\/\/www.tourderomandie.ch\/wp-content\/uploads\/2025\/05\/Geneve_\u00a9Keystone-Evenepoel-PlusCombatif-1.jpg\" alt=\"Remco Evenepoel from Belgium of team Soudal Quick-Step celebrates on the podium during the fifth and final stage, a 17,1 km race against the clock at the 78th Tour de Romandie UCI World Tour Cycling race, in Geneva, Switzerland, Sunday, May 4, 2025. (KEYSTONE\/Jean-Christophe Bott)\" \/><\/figure><\/a><\/div><div class=\"swiper-slide\" role=\"group\" aria-roledescription=\"slide\" aria-label=\"7 of 13\"><a data-elementor-open-lightbox=\"yes\" data-elementor-lightbox-slideshow=\"97b2a9e\" data-e-action-hash=\"#elementor-action%3Aaction%3Dlightbox%26settings%3DeyJpZCI6ODE1NywidXJsIjoiaHR0cHM6XC9cL3d3dy50b3VyZGVyb21hbmRpZS5jaFwvd3AtY29udGVudFwvdXBsb2Fkc1wvMjAyNVwvMDVcL0dlbmV2ZV9cdTAwYTlLZXlzdG9uZS1KYXktVmluZS1NYWlsbG90LUpvdWV6U3BvcnQtT3JhbmdlLTEuanBnIiwic2xpZGVzaG93IjoiOTdiMmE5ZSJ9\" href=\"https:\/\/www.tourderomandie.ch\/wp-content\/uploads\/2025\/05\/Geneve_\u00a9Keystone-Jay-Vine-Maillot-JouezSport-Orange-1.jpg\"><figure class=\"swiper-slide-inner\"><img decoding=\"async\" class=\"swiper-slide-image\" src=\"https:\/\/www.tourderomandie.ch\/wp-content\/uploads\/2025\/05\/Geneve_\u00a9Keystone-Jay-Vine-Maillot-JouezSport-Orange-1.jpg\" alt=\"Jay Vine from Australia of UAE Team Emirates XRG celebrates on the podium after the fifth and final stage, a 17,1 km race against the clock at the 78th Tour de Romandie UCI World Tour Cycling race, in Geneva, Switzerland, Sunday, May 4, 2025. (KEYSTONE\/Jean-Christophe Bott)\" \/><\/figure><\/a><\/div><div class=\"swiper-slide\" role=\"group\" aria-roledescription=\"slide\" aria-label=\"8 of 13\"><a data-elementor-open-lightbox=\"yes\" data-elementor-lightbox-slideshow=\"97b2a9e\" data-e-action-hash=\"#elementor-action%3Aaction%3Dlightbox%26settings%3DeyJpZCI6ODE1OCwidXJsIjoiaHR0cHM6XC9cL3d3dy50b3VyZGVyb21hbmRpZS5jaFwvd3AtY29udGVudFwvdXBsb2Fkc1wvMjAyNVwvMDVcL0dlbmV2ZV9cdTAwYTlLZXlzdG9uZS1Kb2FvLUFsbWVpZGEtTWFpbGxvdC1qYXVuZS5qcGciLCJzbGlkZXNob3ciOiI5N2IyYTllIn0%3D\" href=\"https:\/\/www.tourderomandie.ch\/wp-content\/uploads\/2025\/05\/Geneve_\u00a9Keystone-Joao-Almeida-Maillot-jaune.jpg\"><figure class=\"swiper-slide-inner\"><img decoding=\"async\" class=\"swiper-slide-image\" src=\"https:\/\/www.tourderomandie.ch\/wp-content\/uploads\/2025\/05\/Geneve_\u00a9Keystone-Joao-Almeida-Maillot-jaune.jpg\" alt=\"The winner of the Tour de Romandie Joao Almeida from Portugal of UAE Team Emirates XRG celebrates on the podium with the yellow jersey after the fifth and final stage, a 17,1 km race against the clock at the 78th Tour de Romandie UCI World Tour Cycling race, in Geneva, Switzerland, Sunday, May 4, 2025. (KEYSTONE\/Jean-Christophe Bott)\" \/><\/figure><\/a><\/div><div class=\"swiper-slide\" role=\"group\" aria-roledescription=\"slide\" aria-label=\"9 of 13\"><a data-elementor-open-lightbox=\"yes\" data-elementor-lightbox-slideshow=\"97b2a9e\" data-e-action-hash=\"#elementor-action%3Aaction%3Dlightbox%26settings%3DeyJpZCI6ODE1OSwidXJsIjoiaHR0cHM6XC9cL3d3dy50b3VyZGVyb21hbmRpZS5jaFwvd3AtY29udGVudFwvdXBsb2Fkc1wvMjAyNVwvMDVcL0dlbmV2ZV9cdTAwYTlLZXlzdG9uZS1NYWlsbG90YmxhbmMtQmRMLTEuanBnIiwic2xpZGVzaG93IjoiOTdiMmE5ZSJ9\" href=\"https:\/\/www.tourderomandie.ch\/wp-content\/uploads\/2025\/05\/Geneve_\u00a9Keystone-Maillotblanc-BdL-1.jpg\"><figure class=\"swiper-slide-inner\"><img decoding=\"async\" class=\"swiper-slide-image\" src=\"https:\/\/www.tourderomandie.ch\/wp-content\/uploads\/2025\/05\/Geneve_\u00a9Keystone-Maillotblanc-BdL-1.jpg\" alt=\"Lenny Martinez from France of team Bahrain Victorius celebrates on the podium during the fifth and final stage, a 17,1 km race against the clock at the 78th Tour de Romandie UCI World Tour Cycling race, in Geneva, Switzerland, Sunday, May 4, 2025. (KEYSTONE\/Jean-Christophe Bott)\" \/><\/figure><\/a><\/div><div class=\"swiper-slide\" role=\"group\" aria-roledescription=\"slide\" aria-label=\"10 of 13\"><a data-elementor-open-lightbox=\"yes\" data-elementor-lightbox-slideshow=\"97b2a9e\" data-e-action-hash=\"#elementor-action%3Aaction%3Dlightbox%26settings%3DeyJpZCI6ODE2MCwidXJsIjoiaHR0cHM6XC9cL3d3dy50b3VyZGVyb21hbmRpZS5jaFwvd3AtY29udGVudFwvdXBsb2Fkc1wvMjAyNVwvMDVcL0dlbmV2ZV9cdTAwYTlLZXlzdG9uZS1NZWlsbGV1ci1zdWlzc2UtMS5qcGciLCJzbGlkZXNob3ciOiI5N2IyYTllIn0%3D\" href=\"https:\/\/www.tourderomandie.ch\/wp-content\/uploads\/2025\/05\/Geneve_\u00a9Keystone-Meilleur-suisse-1.jpg\"><figure class=\"swiper-slide-inner\"><img decoding=\"async\" class=\"swiper-slide-image\" src=\"https:\/\/www.tourderomandie.ch\/wp-content\/uploads\/2025\/05\/Geneve_\u00a9Keystone-Meilleur-suisse-1.jpg\" alt=\"Roland Thalmann from Switzerland of Tudor Cycling team celebrates on the podium during the fifth and final stage, a 17,1 km race against the clock at the 78th Tour de Romandie UCI World Tour Cycling race, in Geneva, Switzerland, Sunday, May 4, 2025. (KEYSTONE\/Jean-Christophe Bott)\" \/><\/figure><\/a><\/div><div class=\"swiper-slide\" role=\"group\" aria-roledescription=\"slide\" aria-label=\"11 of 13\"><a data-elementor-open-lightbox=\"yes\" data-elementor-lightbox-slideshow=\"97b2a9e\" data-e-action-hash=\"#elementor-action%3Aaction%3Dlightbox%26settings%3DeyJpZCI6ODE2MSwidXJsIjoiaHR0cHM6XC9cL3d3dy50b3VyZGVyb21hbmRpZS5jaFwvd3AtY29udGVudFwvdXBsb2Fkc1wvMjAyNVwvMDVcL0dlbmV2ZV9cdTAwYTlLZXlzdG9uZS1NZWlsbGV1cmUtZXF1aXBlLTEuanBnIiwic2xpZGVzaG93IjoiOTdiMmE5ZSJ9\" href=\"https:\/\/www.tourderomandie.ch\/wp-content\/uploads\/2025\/05\/Geneve_\u00a9Keystone-Meilleure-equipe-1.jpg\"><figure class=\"swiper-slide-inner\"><img decoding=\"async\" class=\"swiper-slide-image\" src=\"https:\/\/www.tourderomandie.ch\/wp-content\/uploads\/2025\/05\/Geneve_\u00a9Keystone-Meilleure-equipe-1.jpg\" alt=\"The winner of the Tour de Romandie Joao Almeida from Portugal of UAE Team Emirates XRG with the yellow jersey celebrates with team mates Felix Grossschartner from Austria of UAE Team Emirates XRG, Pablo Torres Arias from Spain of UAE Team Emirates XRG and Jay Vine from Australia of UAE Team Emirates XRG, on the podium during the fifth and final stage, a 17,1 km race against the clock at the 78th Tour de Romandie UCI World Tour Cycling race, in Geneva, Switzerland, Sunday, May 4, 2025. (KEYSTONE\/Jean-Christophe Bott)\" \/><\/figure><\/a><\/div><div class=\"swiper-slide\" role=\"group\" aria-roledescription=\"slide\" aria-label=\"12 of 13\"><a data-elementor-open-lightbox=\"yes\" data-elementor-lightbox-slideshow=\"97b2a9e\" data-e-action-hash=\"#elementor-action%3Aaction%3Dlightbox%26settings%3DeyJpZCI6ODE2MiwidXJsIjoiaHR0cHM6XC9cL3d3dy50b3VyZGVyb21hbmRpZS5jaFwvd3AtY29udGVudFwvdXBsb2Fkc1wvMjAyNVwvMDVcL0dlbmV2ZV9cdTAwYTlLZXlzdG9uZS1NZWlsbGV1ckdyaW1wZXVyLVByaW1lby0xLmpwZyIsInNsaWRlc2hvdyI6Ijk3YjJhOWUifQ%3D%3D\" href=\"https:\/\/www.tourderomandie.ch\/wp-content\/uploads\/2025\/05\/Geneve_\u00a9Keystone-MeilleurGrimpeur-Primeo-1.jpg\"><figure class=\"swiper-slide-inner\"><img decoding=\"async\" class=\"swiper-slide-image\" src=\"https:\/\/www.tourderomandie.ch\/wp-content\/uploads\/2025\/05\/Geneve_\u00a9Keystone-MeilleurGrimpeur-Primeo-1.jpg\" alt=\"Ben Zwiehoff from from Germany of team Red Bull-Bora-Hansgrohe celebrates on the podium during the fifth and final stage, a 17,1 km race against the clock at the 78th Tour de Romandie UCI World Tour Cycling race, in Geneva, Switzerland, Sunday, May 4, 2025. (KEYSTONE\/Jean-Christophe Bott)\" \/><\/figure><\/a><\/div><div class=\"swiper-slide\" role=\"group\" aria-roledescription=\"slide\" aria-label=\"13 of 13\"><a data-elementor-open-lightbox=\"yes\" data-elementor-lightbox-slideshow=\"97b2a9e\" data-e-action-hash=\"#elementor-action%3Aaction%3Dlightbox%26settings%3DeyJpZCI6ODE2MywidXJsIjoiaHR0cHM6XC9cL3d3dy50b3VyZGVyb21hbmRpZS5jaFwvd3AtY29udGVudFwvdXBsb2Fkc1wvMjAyNVwvMDVcL0dlbmV2ZV9cdTAwYTlLZXlzdG9uZS1Qb2RpdW0tZmluYWwtR2VuZXJhbC0zLmpwZyIsInNsaWRlc2hvdyI6Ijk3YjJhOWUifQ%3D%3D\" href=\"https:\/\/www.tourderomandie.ch\/wp-content\/uploads\/2025\/05\/Geneve_\u00a9Keystone-Podium-final-General-3.jpg\"><figure class=\"swiper-slide-inner\"><img decoding=\"async\" class=\"swiper-slide-image\" src=\"https:\/\/www.tourderomandie.ch\/wp-content\/uploads\/2025\/05\/Geneve_\u00a9Keystone-Podium-final-General-3.jpg\" alt=\"KEYPIX - The podium of the Tour de Romandie with second placed Lenny Martinez from France of team Bahrain Victorius, left, the winner Joao Almeida from Portugal of UAE Team Emirates XRG, center, and third placed Jay Vine from Australia of UAE Team Emirates XRG, right, celebrate on the podium after the fifth and final stage, a 17,1 km race against the clock at the 78th Tour de Romandie UCI World Tour Cycling race, in Geneva, Switzerland, Sunday, May 4, 2025. (KEYSTONE\/Jean-Christophe Bott)\" \/><\/figure><\/a><\/div>\t\t\t<\/div>\n\t\t\t\t\t\t\t\n\t\t\t\t\t\t\t\t\t<div class=\"swiper-pagination\"><\/div>\n\t\t\t\t\t\t\t\t\t<\/div>\n\t\t\t\t\t\t<\/div>\n\t\t\t\t<div class=\"elementor-element elementor-element-5331a25 elementor-widget elementor-widget-heading\" data-id=\"5331a25\" data-element_type=\"widget\" data-e-type=\"widget\" data-widget_type=\"heading.default\">\n\t\t\t\t\t<h2 class=\"elementor-heading-title elementor-size-default\">Conf\u00e9rence de presse \u00a9Keystone<\/h2>\t\t\t\t<\/div>\n\t\t\t\t<div class=\"elementor-element elementor-element-8c58239 elementor-pagination-position-outside elementor-widget elementor-widget-image-carousel\" data-id=\"8c58239\" data-element_type=\"widget\" data-e-type=\"widget\" data-settings=\"{&quot;navigation&quot;:&quot;dots&quot;,&quot;image_spacing_custom&quot;:{&quot;unit&quot;:&quot;px&quot;,&quot;size&quot;:10,&quot;sizes&quot;:[]},&quot;autoplay&quot;:&quot;yes&quot;,&quot;pause_on_hover&quot;:&quot;yes&quot;,&quot;pause_on_interaction&quot;:&quot;yes&quot;,&quot;autoplay_speed&quot;:5000,&quot;infinite&quot;:&quot;yes&quot;,&quot;speed&quot;:500,&quot;image_spacing_custom_laptop&quot;:{&quot;unit&quot;:&quot;px&quot;,&quot;size&quot;:&quot;&quot;,&quot;sizes&quot;:[]},&quot;image_spacing_custom_tablet_extra&quot;:{&quot;unit&quot;:&quot;px&quot;,&quot;size&quot;:&quot;&quot;,&quot;sizes&quot;:[]},&quot;image_spacing_custom_tablet&quot;:{&quot;unit&quot;:&quot;px&quot;,&quot;size&quot;:&quot;&quot;,&quot;sizes&quot;:[]},&quot;image_spacing_custom_mobile_extra&quot;:{&quot;unit&quot;:&quot;px&quot;,&quot;size&quot;:&quot;&quot;,&quot;sizes&quot;:[]},&quot;image_spacing_custom_mobile&quot;:{&quot;unit&quot;:&quot;px&quot;,&quot;size&quot;:&quot;&quot;,&quot;sizes&quot;:[]}}\" data-widget_type=\"image-carousel.default\">\n\t\t\t\t\t\t\t<div class=\"elementor-image-carousel-wrapper swiper\" role=\"region\" aria-roledescription=\"carousel\" aria-label=\"Carrousel d\u2019images\" dir=\"ltr\">\n\t\t\t<div class=\"elementor-image-carousel swiper-wrapper\" aria-live=\"off\">\n\t\t\t\t\t\t\t\t<div class=\"swiper-slide\" role=\"group\" aria-roledescription=\"slide\" aria-label=\"1 of 3\"><a data-elementor-open-lightbox=\"yes\" data-elementor-lightbox-slideshow=\"8c58239\" data-e-action-hash=\"#elementor-action%3Aaction%3Dlightbox%26settings%3DeyJpZCI6ODE2NCwidXJsIjoiaHR0cHM6XC9cL3d3dy50b3VyZGVyb21hbmRpZS5jaFwvd3AtY29udGVudFwvdXBsb2Fkc1wvMjAyNVwvMDVcL0NvbmZlcmVuY2UtZGUtUHJlc3NlLVREUl9cdTAwYTlLZXlzdG9uZS0xLmpwZyIsInNsaWRlc2hvdyI6IjhjNTgyMzkifQ%3D%3D\" href=\"https:\/\/www.tourderomandie.ch\/wp-content\/uploads\/2025\/05\/Conference-de-Presse-TDR_\u00a9Keystone-1.jpg\"><figure class=\"swiper-slide-inner\"><img decoding=\"async\" class=\"swiper-slide-image\" src=\"https:\/\/www.tourderomandie.ch\/wp-content\/uploads\/2025\/05\/Conference-de-Presse-TDR_\u00a9Keystone-1.jpg\" alt=\"Richard Chassot, directeur general du Tour de Romandie, pose devant les maillots lors de la derniere conference de presse avant le depart de la 78eme edition du Tour de Romandie le mercredi 23 avril 2025 a Cossonay. (KEYSTONE\/Jean-Christophe Bott)\" \/><\/figure><\/a><\/div><div class=\"swiper-slide\" role=\"group\" aria-roledescription=\"slide\" aria-label=\"2 of 3\"><a data-elementor-open-lightbox=\"yes\" data-elementor-lightbox-slideshow=\"8c58239\" data-e-action-hash=\"#elementor-action%3Aaction%3Dlightbox%26settings%3DeyJpZCI6ODE2NSwidXJsIjoiaHR0cHM6XC9cL3d3dy50b3VyZGVyb21hbmRpZS5jaFwvd3AtY29udGVudFwvdXBsb2Fkc1wvMjAyNVwvMDVcL0NvbmZlcmVuY2UtZGUtUHJlc3NlLVREUl9cdTAwYTlLZXlzdG9uZS0yLmpwZyIsInNsaWRlc2hvdyI6IjhjNTgyMzkifQ%3D%3D\" href=\"https:\/\/www.tourderomandie.ch\/wp-content\/uploads\/2025\/05\/Conference-de-Presse-TDR_\u00a9Keystone-2.jpg\"><figure class=\"swiper-slide-inner\"><img decoding=\"async\" class=\"swiper-slide-image\" src=\"https:\/\/www.tourderomandie.ch\/wp-content\/uploads\/2025\/05\/Conference-de-Presse-TDR_\u00a9Keystone-2.jpg\" alt=\"Belgium&#039;s Remco Evenepoel of Soudal Quick-Step team, speaks during a press conference at the 78th Tour de Romandie UCI World Tour Cycling race, in Moutier, Switzerland, Monday, April 28, 2025. (KEYSTONE\/Jean-Christophe Bott)\" \/><\/figure><\/a><\/div><div class=\"swiper-slide\" role=\"group\" aria-roledescription=\"slide\" aria-label=\"3 of 3\"><a data-elementor-open-lightbox=\"yes\" data-elementor-lightbox-slideshow=\"8c58239\" data-e-action-hash=\"#elementor-action%3Aaction%3Dlightbox%26settings%3DeyJpZCI6ODE2NiwidXJsIjoiaHR0cHM6XC9cL3d3dy50b3VyZGVyb21hbmRpZS5jaFwvd3AtY29udGVudFwvdXBsb2Fkc1wvMjAyNVwvMDVcL0NvbmZlcmVuY2UtZGUtUHJlc3NlLVREUl9cdTAwYTlLZXlzdG9uZS0zLmpwZyIsInNsaWRlc2hvdyI6IjhjNTgyMzkifQ%3D%3D\" href=\"https:\/\/www.tourderomandie.ch\/wp-content\/uploads\/2025\/05\/Conference-de-Presse-TDR_\u00a9Keystone-3.jpg\"><figure class=\"swiper-slide-inner\"><img decoding=\"async\" class=\"swiper-slide-image\" src=\"https:\/\/www.tourderomandie.ch\/wp-content\/uploads\/2025\/05\/Conference-de-Presse-TDR_\u00a9Keystone-3.jpg\" alt=\"Pascal Baertschi, directeur technique du Tour de Romandie, pose devant les maillots lors de la derniere conference de presse avant le depart de la 78eme edition du Tour de Romandie le mercredi 23 avril 2025 a Cossonay. (KEYSTONE\/Jean-Christophe Bott)\" \/><\/figure><\/a><\/div>\t\t\t<\/div>\n\t\t\t\t\t\t\t\n\t\t\t\t\t\t\t\t\t<div class=\"swiper-pagination\"><\/div>\n\t\t\t\t\t\t\t\t\t<\/div>\n\t\t\t\t\t\t<\/div>\n\t\t\t\t<div class=\"elementor-element elementor-element-a4abef5 txt_gradient elementor-widget elementor-widget-heading\" data-id=\"a4abef5\" data-element_type=\"widget\" data-e-type=\"widget\" data-widget_type=\"heading.default\">\n\t\t\t\t\t<h3 class=\"elementor-heading-title elementor-size-default\">Les \u00e9tapes<\/h3>\t\t\t\t<\/div>\n\t\t<div class=\"elementor-element elementor-element-14a6b81 e-con-full e-flex e-con e-child\" data-id=\"14a6b81\" data-element_type=\"container\" data-e-type=\"container\">\n\t\t<div class=\"elementor-element elementor-element-a8738e9 e-con-full e-flex e-con e-child\" data-id=\"a8738e9\" data-element_type=\"container\" data-e-type=\"container\">\n\t\t\t\t<div class=\"elementor-element elementor-element-7ac5e65 elementor-widget elementor-widget-video\" data-id=\"7ac5e65\" data-element_type=\"widget\" data-e-type=\"widget\" data-settings=\"{&quot;video_type&quot;:&quot;hosted&quot;,&quot;controls&quot;:&quot;yes&quot;}\" data-widget_type=\"video.default\">\n\t\t\t\t\t\t\t<div class=\"e-hosted-video elementor-wrapper elementor-open-inline\">\n\t\t\t\t\t<video class=\"elementor-video\" src=\"https:\/\/www.tourderomandie.ch\/wp-content\/uploads\/2025\/04\/tdr2025-E0-PROLOGUE.mp4\" controls=\"\" preload=\"metadata\" controlsList=\"nodownload\"><\/video>\n\t\t\t\t<\/div>\n\t\t\t\t\t\t<\/div>\n\t\t\t\t<div class=\"elementor-element elementor-element-259ba36 elementor-widget elementor-widget-heading\" data-id=\"259ba36\" data-element_type=\"widget\" data-e-type=\"widget\" data-widget_type=\"heading.default\">\n\t\t\t\t\t<h5 class=\"elementor-heading-title elementor-size-default\">Prologue Saint-Imier<\/h5>\t\t\t\t<\/div>\n\t\t\t\t<\/div>\n\t\t<div class=\"elementor-element elementor-element-e1aa086 e-con-full e-flex e-con e-child\" data-id=\"e1aa086\" data-element_type=\"container\" data-e-type=\"container\">\n\t\t\t\t<div class=\"elementor-element elementor-element-0cd0255 elementor-widget elementor-widget-video\" data-id=\"0cd0255\" data-element_type=\"widget\" data-e-type=\"widget\" data-settings=\"{&quot;video_type&quot;:&quot;hosted&quot;,&quot;controls&quot;:&quot;yes&quot;}\" data-widget_type=\"video.default\">\n\t\t\t\t\t\t\t<div class=\"e-hosted-video elementor-wrapper elementor-open-inline\">\n\t\t\t\t\t<video class=\"elementor-video\" src=\"https:\/\/www.tourderomandie.ch\/wp-content\/uploads\/2025\/04\/tdr2025-E1.mp4\" controls=\"\" preload=\"metadata\" controlsList=\"nodownload\"><\/video>\n\t\t\t\t<\/div>\n\t\t\t\t\t\t<\/div>\n\t\t\t\t<div class=\"elementor-element elementor-element-ba68f09 elementor-widget elementor-widget-heading\" data-id=\"ba68f09\" data-element_type=\"widget\" data-e-type=\"widget\" data-widget_type=\"heading.default\">\n\t\t\t\t\t<h5 class=\"elementor-heading-title elementor-size-default\">M\u00fcnchenstein by Primeo Energie -\nFribourg<\/h5>\t\t\t\t<\/div>\n\t\t\t\t<\/div>\n\t\t<div class=\"elementor-element elementor-element-9976540 e-con-full e-flex e-con e-child\" data-id=\"9976540\" data-element_type=\"container\" data-e-type=\"container\">\n\t\t\t\t<div class=\"elementor-element elementor-element-0fb6fc2 elementor-widget elementor-widget-video\" data-id=\"0fb6fc2\" data-element_type=\"widget\" data-e-type=\"widget\" data-settings=\"{&quot;video_type&quot;:&quot;hosted&quot;,&quot;controls&quot;:&quot;yes&quot;}\" data-widget_type=\"video.default\">\n\t\t\t\t\t\t\t<div class=\"e-hosted-video elementor-wrapper elementor-open-inline\">\n\t\t\t\t\t<video class=\"elementor-video\" src=\"https:\/\/www.tourderomandie.ch\/wp-content\/uploads\/2025\/04\/tdr2025-E2.mp4\" controls=\"\" preload=\"metadata\" controlsList=\"nodownload\"><\/video>\n\t\t\t\t<\/div>\n\t\t\t\t\t\t<\/div>\n\t\t\t\t<div class=\"elementor-element elementor-element-3cac203 elementor-widget elementor-widget-heading\" data-id=\"3cac203\" data-element_type=\"widget\" data-e-type=\"widget\" data-widget_type=\"heading.default\">\n\t\t\t\t\t<h5 class=\"elementor-heading-title elementor-size-default\">La Grande B\u00e9roche<\/h5>\t\t\t\t<\/div>\n\t\t\t\t<\/div>\n\t\t\t\t<\/div>\n\t\t<div class=\"elementor-element elementor-element-7f89da6 e-con-full e-flex e-con e-child\" data-id=\"7f89da6\" data-element_type=\"container\" data-e-type=\"container\">\n\t\t<div class=\"elementor-element elementor-element-6a4c59a e-con-full e-flex e-con e-child\" data-id=\"6a4c59a\" data-element_type=\"container\" data-e-type=\"container\">\n\t\t\t\t<div class=\"elementor-element elementor-element-58d7151 elementor-widget elementor-widget-video\" data-id=\"58d7151\" data-element_type=\"widget\" data-e-type=\"widget\" data-settings=\"{&quot;video_type&quot;:&quot;hosted&quot;,&quot;controls&quot;:&quot;yes&quot;}\" data-widget_type=\"video.default\">\n\t\t\t\t\t\t\t<div class=\"e-hosted-video elementor-wrapper elementor-open-inline\">\n\t\t\t\t\t<video class=\"elementor-video\" src=\"https:\/\/www.tourderomandie.ch\/wp-content\/uploads\/2025\/04\/tdr2025-E3.mp4\" controls=\"\" preload=\"metadata\" controlsList=\"nodownload\"><\/video>\n\t\t\t\t<\/div>\n\t\t\t\t\t\t<\/div>\n\t\t\t\t<div class=\"elementor-element elementor-element-83a08b2 elementor-widget elementor-widget-heading\" data-id=\"83a08b2\" data-element_type=\"widget\" data-e-type=\"widget\" data-widget_type=\"heading.default\">\n\t\t\t\t\t<h5 class=\"elementor-heading-title elementor-size-default\">Cossonay<\/h5>\t\t\t\t<\/div>\n\t\t\t\t<\/div>\n\t\t<div class=\"elementor-element elementor-element-3aeaffe e-con-full e-flex e-con e-child\" data-id=\"3aeaffe\" data-element_type=\"container\" data-e-type=\"container\">\n\t\t\t\t<div class=\"elementor-element elementor-element-76db557 elementor-widget elementor-widget-video\" data-id=\"76db557\" data-element_type=\"widget\" data-e-type=\"widget\" data-settings=\"{&quot;video_type&quot;:&quot;hosted&quot;,&quot;controls&quot;:&quot;yes&quot;}\" data-widget_type=\"video.default\">\n\t\t\t\t\t\t\t<div class=\"e-hosted-video elementor-wrapper elementor-open-inline\">\n\t\t\t\t\t<video class=\"elementor-video\" src=\"https:\/\/www.tourderomandie.ch\/wp-content\/uploads\/2025\/04\/tdr2025-E4.mp4\" controls=\"\" preload=\"metadata\" controlsList=\"nodownload\"><\/video>\n\t\t\t\t<\/div>\n\t\t\t\t\t\t<\/div>\n\t\t\t\t<div class=\"elementor-element elementor-element-73c2e7b elementor-widget elementor-widget-heading\" data-id=\"73c2e7b\" data-element_type=\"widget\" data-e-type=\"widget\" data-widget_type=\"heading.default\">\n\t\t\t\t\t<h5 class=\"elementor-heading-title elementor-size-default\">Sion - Thyon<\/h5>\t\t\t\t<\/div>\n\t\t\t\t<\/div>\n\t\t<div class=\"elementor-element elementor-element-e2965fe e-con-full e-flex e-con e-child\" data-id=\"e2965fe\" data-element_type=\"container\" data-e-type=\"container\">\n\t\t\t\t<div class=\"elementor-element elementor-element-9dab9d1 elementor-widget elementor-widget-video\" data-id=\"9dab9d1\" data-element_type=\"widget\" data-e-type=\"widget\" data-settings=\"{&quot;video_type&quot;:&quot;hosted&quot;,&quot;controls&quot;:&quot;yes&quot;}\" data-widget_type=\"video.default\">\n\t\t\t\t\t\t\t<div class=\"e-hosted-video elementor-wrapper elementor-open-inline\">\n\t\t\t\t\t<video class=\"elementor-video\" src=\"https:\/\/www.tourderomandie.ch\/wp-content\/uploads\/2025\/04\/tdr2025-E5.mp4\" controls=\"\" preload=\"metadata\" controlsList=\"nodownload\"><\/video>\n\t\t\t\t<\/div>\n\t\t\t\t\t\t<\/div>\n\t\t\t\t<div class=\"elementor-element elementor-element-fa486e7 elementor-widget elementor-widget-heading\" data-id=\"fa486e7\" data-element_type=\"widget\" data-e-type=\"widget\" data-widget_type=\"heading.default\">\n\t\t\t\t\t<h5 class=\"elementor-heading-title elementor-size-default\">Gen\u00e8ve<\/h5>\t\t\t\t<\/div>\n\t\t\t\t<\/div>\n\t\t\t\t<\/div>\n\t\t\t\t<\/div>\n\t\t<div class=\"elementor-element elementor-element-773e4dd e-con-full e-flex e-con e-child\" data-id=\"773e4dd\" data-element_type=\"container\" data-e-type=\"container\">\n\t\t\t\t<div class=\"elementor-element elementor-element-e99df52 txt_gradient elementor-widget elementor-widget-heading\" data-id=\"e99df52\" data-element_type=\"widget\" data-e-type=\"widget\" data-widget_type=\"heading.default\">\n\t\t\t\t\t<h3 class=\"elementor-heading-title elementor-size-default\">Teaser<\/h3>\t\t\t\t<\/div>\n\t\t\t\t<div class=\"elementor-element elementor-element-d3ae54d elementor-widget elementor-widget-video\" data-id=\"d3ae54d\" data-element_type=\"widget\" data-e-type=\"widget\" data-settings=\"{&quot;video_type&quot;:&quot;hosted&quot;,&quot;controls&quot;:&quot;yes&quot;}\" data-widget_type=\"video.default\">\n\t\t\t\t\t\t\t<div class=\"e-hosted-video elementor-wrapper elementor-open-inline\">\n\t\t\t\t\t<video class=\"elementor-video\" src=\"https:\/\/www.tourderomandie.ch\/wp-content\/uploads\/2025\/04\/Teaser-TDR-2025_horizontal.mp4\" controls=\"\" preload=\"metadata\" controlsList=\"nodownload\" poster=\"https:\/\/www.tourderomandie.ch\/wp-content\/uploads\/2025\/04\/Capture-decran-2025-04-09-a-12.05.13.jpg\"><\/video>\n\t\t\t\t<\/div>\n\t\t\t\t\t\t<\/div>\n\t\t\t\t<\/div>\n\t\t\t\t<\/div>\n\t\t<div class=\"elementor-element elementor-element-e068bcd e-con-full e-flex e-con e-child\" data-id=\"e068bcd\" data-element_type=\"container\" data-e-type=\"container\">\n\t\t\t\t<div class=\"elementor-element elementor-element-73da975 year-group elementor-widget elementor-widget-heading\" data-id=\"73da975\" data-element_type=\"widget\" data-e-type=\"widget\" data-widget_type=\"heading.default\">\n\t\t\t\t\t<h2 class=\"elementor-heading-title elementor-size-default\">2024<\/h2>\t\t\t\t<\/div>\n\t\t\t\t<div class=\"elementor-element elementor-element-62788be elementor-widget elementor-widget-button\" data-id=\"62788be\" data-element_type=\"widget\" data-e-type=\"widget\" data-widget_type=\"button.default\">\n\t\t\t\t\t\t\t\t\t\t<a class=\"elementor-button elementor-button-link elementor-size-sm\" href=\"https:\/\/tourderomandie.ch\/wp-content\/uploads\/2024\/11\/dossier_post_event2024_web-1.pdf\" target=\"_blank\">\n\t\t\t\t\t\t<span class=\"elementor-button-content-wrapper\">\n\t\t\t\t\t\t\t\t\t<span class=\"elementor-button-text\">Dossier post event 2024<\/span>\n\t\t\t\t\t<\/span>\n\t\t\t\t\t<\/a>\n\t\t\t\t\t\t\t\t<\/div>\n\t\t<div class=\"elementor-element elementor-element-415b78a e-con-full e-flex e-con e-child\" data-id=\"415b78a\" data-element_type=\"container\" data-e-type=\"container\">\n\t\t\t\t<div class=\"elementor-element elementor-element-0c85f85 txt_gradient elementor-widget elementor-widget-heading\" data-id=\"0c85f85\" data-element_type=\"widget\" data-e-type=\"widget\" data-widget_type=\"heading.default\">\n\t\t\t\t\t<h3 class=\"elementor-heading-title elementor-size-default\">Aftermovie<\/h3>\t\t\t\t<\/div>\n\t\t\t\t<\/div>\n\t\t\t\t<div class=\"elementor-element elementor-element-bb8aebe elementor-widget elementor-widget-video\" data-id=\"bb8aebe\" data-element_type=\"widget\" data-e-type=\"widget\" data-settings=\"{&quot;youtube_url&quot;:&quot;https:\\\/\\\/www.youtube.com\\\/watch?v=egGbyCb1Ws4&quot;,&quot;video_type&quot;:&quot;youtube&quot;,&quot;controls&quot;:&quot;yes&quot;}\" data-widget_type=\"video.default\">\n\t\t\t\t\t\t\t<div class=\"elementor-wrapper elementor-open-inline\">\n\t\t\t<div class=\"elementor-video\"><\/div>\t\t<\/div>\n\t\t\t\t\t\t<\/div>\n\t\t<div class=\"elementor-element elementor-element-e1a384a e-con-full e-flex e-con e-child\" data-id=\"e1a384a\" data-element_type=\"container\" data-e-type=\"container\">\n\t\t\t\t<div class=\"elementor-element elementor-element-25b5e8f txt_gradient elementor-widget elementor-widget-heading\" data-id=\"25b5e8f\" data-element_type=\"widget\" data-e-type=\"widget\" data-widget_type=\"heading.default\">\n\t\t\t\t\t<h3 class=\"elementor-heading-title elementor-size-default\">Photos 2024<\/h3>\t\t\t\t<\/div>\n\t\t\t\t<div class=\"elementor-element elementor-element-704e016 elementor-widget elementor-widget-text-editor\" data-id=\"704e016\" data-element_type=\"widget\" data-e-type=\"widget\" data-widget_type=\"text-editor.default\">\n\t\t\t\t\t\t\t\t\t<p>Pour toute utilisation, merci de contacter notre partenaire Keystone \u00e0 l\u2019adresse suivante :<span style=\"text-decoration: underline;\"><span style=\"color: #339966; text-decoration: underline;\">\u00a0<a style=\"color: #339966; text-decoration: underline;\" href=\"mailto:info@keystone-ats.ch\">info@keystone-ats.ch<\/a><\/span><\/span><\/p>\t\t\t\t\t\t\t\t<\/div>\n\t\t\t\t<div class=\"elementor-element elementor-element-e27efb6 elementor-arrows-position-inside elementor-widget elementor-widget-n-carousel\" data-id=\"e27efb6\" data-element_type=\"widget\" data-e-type=\"widget\" data-settings=\"{&quot;carousel_items&quot;:[{&quot;slide_title&quot;:&quot;Diapositive N\\u00b01&quot;,&quot;_id&quot;:&quot;1835fed&quot;},{&quot;slide_title&quot;:&quot;Diapositive N\\u00b02&quot;,&quot;_id&quot;:&quot;4a74b58&quot;},{&quot;slide_title&quot;:&quot;Diapositive N\\u00b02&quot;,&quot;_id&quot;:&quot;d740118&quot;},{&quot;slide_title&quot;:&quot;Diapositive N\\u00b02&quot;,&quot;_id&quot;:&quot;d473174&quot;},{&quot;slide_title&quot;:&quot;Diapositive N\\u00b02&quot;,&quot;_id&quot;:&quot;29dc2ff&quot;},{&quot;slide_title&quot;:&quot;Diapositive N\\u00b02&quot;,&quot;_id&quot;:&quot;84e0840&quot;}],&quot;slides_to_show&quot;:&quot;2&quot;,&quot;slides_to_scroll&quot;:&quot;1&quot;,&quot;offset_sides&quot;:&quot;right&quot;,&quot;image_spacing_custom&quot;:{&quot;unit&quot;:&quot;px&quot;,&quot;size&quot;:18,&quot;sizes&quot;:[]},&quot;slides_to_show_tablet&quot;:&quot;2&quot;,&quot;slides_to_show_mobile&quot;:&quot;1&quot;,&quot;autoplay&quot;:&quot;yes&quot;,&quot;autoplay_speed&quot;:5000,&quot;pause_on_hover&quot;:&quot;yes&quot;,&quot;pause_on_interaction&quot;:&quot;yes&quot;,&quot;infinite&quot;:&quot;yes&quot;,&quot;speed&quot;:500,&quot;offset_width&quot;:{&quot;unit&quot;:&quot;px&quot;,&quot;size&quot;:80,&quot;sizes&quot;:[]},&quot;offset_width_laptop&quot;:{&quot;unit&quot;:&quot;px&quot;,&quot;size&quot;:&quot;&quot;,&quot;sizes&quot;:[]},&quot;offset_width_tablet_extra&quot;:{&quot;unit&quot;:&quot;px&quot;,&quot;size&quot;:&quot;&quot;,&quot;sizes&quot;:[]},&quot;offset_width_tablet&quot;:{&quot;unit&quot;:&quot;px&quot;,&quot;size&quot;:&quot;&quot;,&quot;sizes&quot;:[]},&quot;offset_width_mobile_extra&quot;:{&quot;unit&quot;:&quot;px&quot;,&quot;size&quot;:&quot;&quot;,&quot;sizes&quot;:[]},&quot;offset_width_mobile&quot;:{&quot;unit&quot;:&quot;px&quot;,&quot;size&quot;:&quot;&quot;,&quot;sizes&quot;:[]},&quot;arrows&quot;:&quot;yes&quot;,&quot;image_spacing_custom_laptop&quot;:{&quot;unit&quot;:&quot;px&quot;,&quot;size&quot;:&quot;&quot;,&quot;sizes&quot;:[]},&quot;image_spacing_custom_tablet_extra&quot;:{&quot;unit&quot;:&quot;px&quot;,&quot;size&quot;:&quot;&quot;,&quot;sizes&quot;:[]},&quot;image_spacing_custom_tablet&quot;:{&quot;unit&quot;:&quot;px&quot;,&quot;size&quot;:&quot;&quot;,&quot;sizes&quot;:[]},&quot;image_spacing_custom_mobile_extra&quot;:{&quot;unit&quot;:&quot;px&quot;,&quot;size&quot;:&quot;&quot;,&quot;sizes&quot;:[]},&quot;image_spacing_custom_mobile&quot;:{&quot;unit&quot;:&quot;px&quot;,&quot;size&quot;:&quot;&quot;,&quot;sizes&quot;:[]}}\" data-widget_type=\"nested-carousel.default\">\n\t\t\t\t\t\t\t<div class=\"e-n-carousel swiper\" role=\"region\" aria-roledescription=\"carousel\" aria-label=\"Carousel\" dir=\"ltr\">\n\t\t\t<div class=\"swiper-wrapper\" aria-live=\"off\">\n\t\t\t\t\t\t\t\t\t\t<div class=\"swiper-slide\" data-slide=\"1\" role=\"group\" aria-roledescription=\"slide\" aria-label=\"1 of 6\">\n\t\t\t\t\t\t\t<div class=\"elementor-element elementor-element-c81392b e-flex e-con-boxed e-con e-child\" data-id=\"c81392b\" data-element_type=\"container\" data-e-type=\"container\">\n\t\t\t\t\t<div class=\"e-con-inner\">\n\t\t\t\t<div class=\"elementor-element elementor-element-5520e0f elementor-widget elementor-widget-image\" data-id=\"5520e0f\" data-element_type=\"widget\" data-e-type=\"widget\" data-widget_type=\"image.default\">\n\t\t\t\t\t\t\t\t\t\t\t\t\t\t\t<img decoding=\"async\" width=\"800\" height=\"533\" src=\"https:\/\/www.tourderomandie.ch\/wp-content\/uploads\/2024\/11\/10-1024x682-1.jpg\" class=\"attachment-large size-large wp-image-3968\" alt=\"\" \/>\t\t\t\t\t\t\t\t\t\t\t\t\t\t\t<\/div>\n\t\t\t\t<div class=\"elementor-element elementor-element-e990ece elementor-widget elementor-widget-heading\" data-id=\"e990ece\" data-element_type=\"widget\" data-e-type=\"widget\" data-widget_type=\"heading.default\">\n\t\t\t\t\t<h4 class=\"elementor-heading-title elementor-size-default\">\u00c9tape 5 \u2013 Podium final compos\u00e9 de Carlos Rodriguez Cano, Aleksandr Vlasov et Florian Lipowitz <\/h4>\t\t\t\t<\/div>\n\t\t\t\t<div class=\"elementor-element elementor-element-fdcf5e8 elementor-widget elementor-widget-text-editor\" data-id=\"fdcf5e8\" data-element_type=\"widget\" data-e-type=\"widget\" data-widget_type=\"text-editor.default\">\n\t\t\t\t\t\t\t\t\t<p>@Keystone | Jean-Christophe Bott<\/p>\t\t\t\t\t\t\t\t<\/div>\n\t\t\t\t\t<\/div>\n\t\t\t\t<\/div>\n\t\t\t\t\t\t\t\t<\/div>\n\t\t\t\t\t\t\t\t\t\t\t<div class=\"swiper-slide\" data-slide=\"2\" role=\"group\" aria-roledescription=\"slide\" aria-label=\"2 of 6\">\n\t\t\t\t\t\t\t<div class=\"elementor-element elementor-element-cf2091b e-flex e-con-boxed e-con e-child\" data-id=\"cf2091b\" data-element_type=\"container\" data-e-type=\"container\">\n\t\t\t\t\t<div class=\"e-con-inner\">\n\t\t\t\t<div class=\"elementor-element elementor-element-88b8bd7 elementor-widget elementor-widget-image\" data-id=\"88b8bd7\" data-element_type=\"widget\" data-e-type=\"widget\" data-widget_type=\"image.default\">\n\t\t\t\t\t\t\t\t\t\t\t\t\t\t\t<img loading=\"lazy\" decoding=\"async\" width=\"800\" height=\"533\" src=\"https:\/\/www.tourderomandie.ch\/wp-content\/uploads\/2024\/11\/9-1024x682-1.jpg\" class=\"attachment-large size-large wp-image-3967\" alt=\"\" \/>\t\t\t\t\t\t\t\t\t\t\t\t\t\t\t<\/div>\n\t\t\t\t<div class=\"elementor-element elementor-element-ed7b115 elementor-widget elementor-widget-heading\" data-id=\"ed7b115\" data-element_type=\"widget\" data-e-type=\"widget\" data-widget_type=\"heading.default\">\n\t\t\t\t\t<h4 class=\"elementor-heading-title elementor-size-default\">\u00c9tape 5 \u2013 Peloton lors de la derni\u00e8re \u00e9tape en boucle Vernier-Vernier<\/h4>\t\t\t\t<\/div>\n\t\t\t\t<div class=\"elementor-element elementor-element-ccd0775 elementor-widget elementor-widget-text-editor\" data-id=\"ccd0775\" data-element_type=\"widget\" data-e-type=\"widget\" data-widget_type=\"text-editor.default\">\n\t\t\t\t\t\t\t\t\t<p>@Keystone | Jean-Christophe Bott<\/p>\t\t\t\t\t\t\t\t<\/div>\n\t\t\t\t\t<\/div>\n\t\t\t\t<\/div>\n\t\t\t\t\t\t\t\t<\/div>\n\t\t\t\t\t\t\t\t\t\t\t<div class=\"swiper-slide\" data-slide=\"3\" role=\"group\" aria-roledescription=\"slide\" aria-label=\"3 of 6\">\n\t\t\t\t\t\t\t<div class=\"elementor-element elementor-element-e1def78 e-flex e-con-boxed e-con e-child\" data-id=\"e1def78\" data-element_type=\"container\" data-e-type=\"container\">\n\t\t\t\t\t<div class=\"e-con-inner\">\n\t\t\t\t<div class=\"elementor-element elementor-element-b9defb2 elementor-widget elementor-widget-image\" data-id=\"b9defb2\" data-element_type=\"widget\" data-e-type=\"widget\" data-widget_type=\"image.default\">\n\t\t\t\t\t\t\t\t\t\t\t\t\t\t\t<img loading=\"lazy\" decoding=\"async\" width=\"800\" height=\"534\" src=\"https:\/\/www.tourderomandie.ch\/wp-content\/uploads\/2024\/11\/8-1024x683-1.jpg\" class=\"attachment-large size-large wp-image-3966\" alt=\"\" \/>\t\t\t\t\t\t\t\t\t\t\t\t\t\t\t<\/div>\n\t\t\t\t<div class=\"elementor-element elementor-element-5e62320 elementor-widget elementor-widget-heading\" data-id=\"5e62320\" data-element_type=\"widget\" data-e-type=\"widget\" data-widget_type=\"heading.default\">\n\t\t\t\t\t<h4 class=\"elementor-heading-title elementor-size-default\">\u00c9tape 4 \u2013 Participants du P\u2019tit Tour lors de la traditionnelle photo sur le podium \u00e0 Leysin<\/h4>\t\t\t\t<\/div>\n\t\t\t\t<div class=\"elementor-element elementor-element-c2dcb84 elementor-widget elementor-widget-text-editor\" data-id=\"c2dcb84\" data-element_type=\"widget\" data-e-type=\"widget\" data-widget_type=\"text-editor.default\">\n\t\t\t\t\t\t\t\t\t<p>@Giomm<\/p>\t\t\t\t\t\t\t\t<\/div>\n\t\t\t\t\t<\/div>\n\t\t\t\t<\/div>\n\t\t\t\t\t\t\t\t<\/div>\n\t\t\t\t\t\t\t\t\t\t\t<div class=\"swiper-slide\" data-slide=\"4\" role=\"group\" aria-roledescription=\"slide\" aria-label=\"4 of 6\">\n\t\t\t\t\t\t\t<div class=\"elementor-element elementor-element-201d897 e-flex e-con-boxed e-con e-child\" data-id=\"201d897\" data-element_type=\"container\" data-e-type=\"container\">\n\t\t\t\t\t<div class=\"e-con-inner\">\n\t\t\t\t<div class=\"elementor-element elementor-element-c784a84 elementor-widget elementor-widget-image\" data-id=\"c784a84\" data-element_type=\"widget\" data-e-type=\"widget\" data-widget_type=\"image.default\">\n\t\t\t\t\t\t\t\t\t\t\t\t\t\t\t<img loading=\"lazy\" decoding=\"async\" width=\"800\" height=\"534\" src=\"https:\/\/www.tourderomandie.ch\/wp-content\/uploads\/2024\/11\/7-1024x683-1.jpg\" class=\"attachment-large size-large wp-image-3965\" alt=\"\" \/>\t\t\t\t\t\t\t\t\t\t\t\t\t\t\t<\/div>\n\t\t\t\t<div class=\"elementor-element elementor-element-744d512 elementor-widget elementor-widget-heading\" data-id=\"744d512\" data-element_type=\"widget\" data-e-type=\"widget\" data-widget_type=\"heading.default\">\n\t\t\t\t\t<h4 class=\"elementor-heading-title elementor-size-default\">\u00c9tape 4 \u2013 L\u2019\u00e9quipe Lidl-Trek lors de la pr\u00e9sentation des \u00e9quipes \u00e0 Saillon<\/h4>\t\t\t\t<\/div>\n\t\t\t\t<div class=\"elementor-element elementor-element-8b99c47 elementor-widget elementor-widget-text-editor\" data-id=\"8b99c47\" data-element_type=\"widget\" data-e-type=\"widget\" data-widget_type=\"text-editor.default\">\n\t\t\t\t\t\t\t\t\t<p>@Giomm<\/p>\t\t\t\t\t\t\t\t<\/div>\n\t\t\t\t\t<\/div>\n\t\t\t\t<\/div>\n\t\t\t\t\t\t\t\t<\/div>\n\t\t\t\t\t\t\t\t\t\t\t<div class=\"swiper-slide\" data-slide=\"5\" role=\"group\" aria-roledescription=\"slide\" aria-label=\"5 of 6\">\n\t\t\t\t\t\t\t<div class=\"elementor-element elementor-element-82db92f e-flex e-con-boxed e-con e-child\" data-id=\"82db92f\" data-element_type=\"container\" data-e-type=\"container\">\n\t\t\t\t\t<div class=\"e-con-inner\">\n\t\t\t\t<div class=\"elementor-element elementor-element-07aafe1 elementor-widget elementor-widget-image\" data-id=\"07aafe1\" data-element_type=\"widget\" data-e-type=\"widget\" data-widget_type=\"image.default\">\n\t\t\t\t\t\t\t\t\t\t\t\t\t\t\t<img loading=\"lazy\" decoding=\"async\" width=\"800\" height=\"534\" src=\"https:\/\/www.tourderomandie.ch\/wp-content\/uploads\/2024\/11\/5-1024x683-1.jpg\" class=\"attachment-large size-large wp-image-3963\" alt=\"\" \/>\t\t\t\t\t\t\t\t\t\t\t\t\t\t\t<\/div>\n\t\t\t\t<div class=\"elementor-element elementor-element-a408f24 elementor-widget elementor-widget-heading\" data-id=\"a408f24\" data-element_type=\"widget\" data-e-type=\"widget\" data-widget_type=\"heading.default\">\n\t\t\t\t\t<h4 class=\"elementor-heading-title elementor-size-default\">\u00c9tape 2 \u2013 Thibau Nys, meilleur jeune de la seconde \u00e9tape \u00e0 Salvan\/Les Mar\u00e9cottes<\/h4>\t\t\t\t<\/div>\n\t\t\t\t<div class=\"elementor-element elementor-element-b0931a2 elementor-widget elementor-widget-text-editor\" data-id=\"b0931a2\" data-element_type=\"widget\" data-e-type=\"widget\" data-widget_type=\"text-editor.default\">\n\t\t\t\t\t\t\t\t\t<p>@Giomm<\/p>\t\t\t\t\t\t\t\t<\/div>\n\t\t\t\t\t<\/div>\n\t\t\t\t<\/div>\n\t\t\t\t\t\t\t\t<\/div>\n\t\t\t\t\t\t\t\t\t\t\t<div class=\"swiper-slide\" data-slide=\"6\" role=\"group\" aria-roledescription=\"slide\" aria-label=\"6 of 6\">\n\t\t\t\t\t\t\t<div class=\"elementor-element elementor-element-d2575b8 e-flex e-con-boxed e-con e-child\" data-id=\"d2575b8\" data-element_type=\"container\" data-e-type=\"container\">\n\t\t\t\t\t<div class=\"e-con-inner\">\n\t\t\t\t<div class=\"elementor-element elementor-element-0aa4dad elementor-widget elementor-widget-image\" data-id=\"0aa4dad\" data-element_type=\"widget\" data-e-type=\"widget\" data-widget_type=\"image.default\">\n\t\t\t\t\t\t\t\t\t\t\t\t\t\t\t<img loading=\"lazy\" decoding=\"async\" width=\"683\" height=\"1024\" src=\"https:\/\/www.tourderomandie.ch\/wp-content\/uploads\/2024\/11\/6-683x1024-1.jpg\" class=\"attachment-large size-large wp-image-3964\" alt=\"\" \/>\t\t\t\t\t\t\t\t\t\t\t\t\t\t\t<\/div>\n\t\t\t\t<div class=\"elementor-element elementor-element-f4a92c5 elementor-widget elementor-widget-heading\" data-id=\"f4a92c5\" data-element_type=\"widget\" data-e-type=\"widget\" data-widget_type=\"heading.default\">\n\t\t\t\t\t<h4 class=\"elementor-heading-title elementor-size-default\">\u00c9tape 3 \u2013 Juan Ayuso Pesquera, maillot jaune lors du contre-la-montre \u00e0 Oron<\/h4>\t\t\t\t<\/div>\n\t\t\t\t<div class=\"elementor-element elementor-element-3891eb8 elementor-widget elementor-widget-text-editor\" data-id=\"3891eb8\" data-element_type=\"widget\" data-e-type=\"widget\" data-widget_type=\"text-editor.default\">\n\t\t\t\t\t\t\t\t\t<p>@Giomm<\/p>\t\t\t\t\t\t\t\t<\/div>\n\t\t\t\t\t<\/div>\n\t\t\t\t<\/div>\n\t\t\t\t\t\t\t\t<\/div>\n\t\t\t\t\t\t\t\t<\/div>\n\t\t<\/div>\n\t\t\t\t\t<div class=\"elementor-swiper-button elementor-swiper-button-prev\" role=\"button\" tabindex=\"0\" aria-label=\"Previous\">\n\t\t\t\t<svg aria-hidden=\"true\" class=\"e-font-icon-svg e-eicon-chevron-left\" viewBox=\"0 0 1000 1000\" xmlns=\"http:\/\/www.w3.org\/2000\/svg\"><path d=\"M646 125C629 125 613 133 604 142L308 442C296 454 292 471 292 487 292 504 296 521 308 533L604 854C617 867 629 875 646 875 663 875 679 871 692 858 704 846 713 829 713 812 713 796 708 779 692 767L438 487 692 225C700 217 708 204 708 187 708 171 704 154 692 142 675 129 663 125 646 125Z\"><\/path><\/svg>\t\t\t<\/div>\n\t\t\t<div class=\"elementor-swiper-button elementor-swiper-button-next\" role=\"button\" tabindex=\"0\" aria-label=\"Next\">\n\t\t\t\t<svg aria-hidden=\"true\" class=\"e-font-icon-svg e-eicon-chevron-right\" viewBox=\"0 0 1000 1000\" xmlns=\"http:\/\/www.w3.org\/2000\/svg\"><path d=\"M696 533C708 521 713 504 713 487 713 471 708 454 696 446L400 146C388 133 375 125 354 125 338 125 325 129 313 142 300 154 292 171 292 187 292 204 296 221 308 233L563 492 304 771C292 783 288 800 288 817 288 833 296 850 308 863 321 871 338 875 354 875 371 875 388 867 400 854L696 533Z\"><\/path><\/svg>\t\t\t<\/div>\n\t\t\t\t\t\t<\/div>\n\t\t\t\t<\/div>\n\t\t\t\t<div class=\"elementor-element elementor-element-a13a6fb txt_gradient elementor-widget elementor-widget-heading\" data-id=\"a13a6fb\" data-element_type=\"widget\" data-e-type=\"widget\" data-widget_type=\"heading.default\">\n\t\t\t\t\t<h3 class=\"elementor-heading-title elementor-size-default\">Teaser<\/h3>\t\t\t\t<\/div>\n\t\t\t\t<\/div>\n\t\t<div class=\"elementor-element elementor-element-6b02166 e-con-full e-flex e-con e-child\" data-id=\"6b02166\" data-element_type=\"container\" data-e-type=\"container\">\n\t\t\t\t<div class=\"elementor-element elementor-element-37a312d year-group elementor-widget elementor-widget-heading\" data-id=\"37a312d\" data-element_type=\"widget\" data-e-type=\"widget\" data-widget_type=\"heading.default\">\n\t\t\t\t\t<h2 class=\"elementor-heading-title elementor-size-default\">2023<\/h2>\t\t\t\t<\/div>\n\t\t\t\t<div class=\"elementor-element elementor-element-c03aaf3 elementor-widget elementor-widget-button\" data-id=\"c03aaf3\" data-element_type=\"widget\" data-e-type=\"widget\" data-widget_type=\"button.default\">\n\t\t\t\t\t\t\t\t\t\t<a class=\"elementor-button elementor-button-link elementor-size-sm\" href=\"https:\/\/tourderomandie.ch\/wp-content\/uploads\/2024\/11\/PostEvent_2023_06.07_BD.pdf\" target=\"_blank\">\n\t\t\t\t\t\t<span class=\"elementor-button-content-wrapper\">\n\t\t\t\t\t\t\t\t\t<span class=\"elementor-button-text\">Dossier post event 2023<\/span>\n\t\t\t\t\t<\/span>\n\t\t\t\t\t<\/a>\n\t\t\t\t\t\t\t\t<\/div>\n\t\t<div class=\"elementor-element elementor-element-22882da e-con-full e-flex e-con e-child\" data-id=\"22882da\" data-element_type=\"container\" data-e-type=\"container\">\n\t\t\t\t<div class=\"elementor-element elementor-element-b63968a txt_gradient elementor-widget elementor-widget-heading\" data-id=\"b63968a\" data-element_type=\"widget\" data-e-type=\"widget\" data-widget_type=\"heading.default\">\n\t\t\t\t\t<h3 class=\"elementor-heading-title elementor-size-default\">Aftermovie<\/h3>\t\t\t\t<\/div>\n\t\t\t\t<div class=\"elementor-element elementor-element-0955cf3 elementor-widget elementor-widget-video\" data-id=\"0955cf3\" data-element_type=\"widget\" data-e-type=\"widget\" data-settings=\"{&quot;youtube_url&quot;:&quot;https:\\\/\\\/www.youtube.com\\\/watch?v=uM9-oR2SJoU&quot;,&quot;video_type&quot;:&quot;youtube&quot;,&quot;controls&quot;:&quot;yes&quot;}\" data-widget_type=\"video.default\">\n\t\t\t\t\t\t\t<div class=\"elementor-wrapper elementor-open-inline\">\n\t\t\t<div class=\"elementor-video\"><\/div>\t\t<\/div>\n\t\t\t\t\t\t<\/div>\n\t\t\t\t<\/div>\n\t\t<div class=\"elementor-element elementor-element-1247135 e-con-full e-flex e-con e-child\" data-id=\"1247135\" data-element_type=\"container\" data-e-type=\"container\">\n\t\t\t\t<div class=\"elementor-element elementor-element-ccc2e3a txt_gradient elementor-widget elementor-widget-heading\" data-id=\"ccc2e3a\" data-element_type=\"widget\" data-e-type=\"widget\" data-widget_type=\"heading.default\">\n\t\t\t\t\t<h3 class=\"elementor-heading-title elementor-size-default\">Photos 2023<\/h3>\t\t\t\t<\/div>\n\t\t\t\t<div class=\"elementor-element elementor-element-e114d11 elementor-widget elementor-widget-text-editor\" data-id=\"e114d11\" data-element_type=\"widget\" data-e-type=\"widget\" data-widget_type=\"text-editor.default\">\n\t\t\t\t\t\t\t\t\t<p>Pour toute utilisation, merci de contacter notre partenaire Keystone \u00e0 l\u2019adresse suivante :<span style=\"text-decoration: underline;\"><span style=\"color: #339966; text-decoration: underline;\">\u00a0<a style=\"color: #339966; text-decoration: underline;\" href=\"mailto:info@keystone-ats.ch\">info@keystone-ats.ch<\/a><\/span><\/span><\/p>\t\t\t\t\t\t\t\t<\/div>\n\t\t\t\t<div class=\"elementor-element elementor-element-38d17bc elementor-arrows-position-inside elementor-widget elementor-widget-n-carousel\" data-id=\"38d17bc\" data-element_type=\"widget\" data-e-type=\"widget\" data-settings=\"{&quot;carousel_items&quot;:[{&quot;slide_title&quot;:&quot;Diapositive N\\u00b01&quot;,&quot;_id&quot;:&quot;1835fed&quot;},{&quot;slide_title&quot;:&quot;Diapositive N\\u00b01&quot;,&quot;_id&quot;:&quot;819355f&quot;},{&quot;slide_title&quot;:&quot;Diapositive N\\u00b01&quot;,&quot;_id&quot;:&quot;69ef653&quot;},{&quot;slide_title&quot;:&quot;Diapositive N\\u00b01&quot;,&quot;_id&quot;:&quot;deb5a7d&quot;}],&quot;slides_to_show&quot;:&quot;2&quot;,&quot;slides_to_scroll&quot;:&quot;1&quot;,&quot;offset_sides&quot;:&quot;right&quot;,&quot;image_spacing_custom&quot;:{&quot;unit&quot;:&quot;px&quot;,&quot;size&quot;:18,&quot;sizes&quot;:[]},&quot;slides_to_show_tablet&quot;:&quot;2&quot;,&quot;slides_to_show_mobile&quot;:&quot;1&quot;,&quot;autoplay&quot;:&quot;yes&quot;,&quot;autoplay_speed&quot;:5000,&quot;pause_on_hover&quot;:&quot;yes&quot;,&quot;pause_on_interaction&quot;:&quot;yes&quot;,&quot;infinite&quot;:&quot;yes&quot;,&quot;speed&quot;:500,&quot;offset_width&quot;:{&quot;unit&quot;:&quot;px&quot;,&quot;size&quot;:80,&quot;sizes&quot;:[]},&quot;offset_width_laptop&quot;:{&quot;unit&quot;:&quot;px&quot;,&quot;size&quot;:&quot;&quot;,&quot;sizes&quot;:[]},&quot;offset_width_tablet_extra&quot;:{&quot;unit&quot;:&quot;px&quot;,&quot;size&quot;:&quot;&quot;,&quot;sizes&quot;:[]},&quot;offset_width_tablet&quot;:{&quot;unit&quot;:&quot;px&quot;,&quot;size&quot;:&quot;&quot;,&quot;sizes&quot;:[]},&quot;offset_width_mobile_extra&quot;:{&quot;unit&quot;:&quot;px&quot;,&quot;size&quot;:&quot;&quot;,&quot;sizes&quot;:[]},&quot;offset_width_mobile&quot;:{&quot;unit&quot;:&quot;px&quot;,&quot;size&quot;:&quot;&quot;,&quot;sizes&quot;:[]},&quot;arrows&quot;:&quot;yes&quot;,&quot;image_spacing_custom_laptop&quot;:{&quot;unit&quot;:&quot;px&quot;,&quot;size&quot;:&quot;&quot;,&quot;sizes&quot;:[]},&quot;image_spacing_custom_tablet_extra&quot;:{&quot;unit&quot;:&quot;px&quot;,&quot;size&quot;:&quot;&quot;,&quot;sizes&quot;:[]},&quot;image_spacing_custom_tablet&quot;:{&quot;unit&quot;:&quot;px&quot;,&quot;size&quot;:&quot;&quot;,&quot;sizes&quot;:[]},&quot;image_spacing_custom_mobile_extra&quot;:{&quot;unit&quot;:&quot;px&quot;,&quot;size&quot;:&quot;&quot;,&quot;sizes&quot;:[]},&quot;image_spacing_custom_mobile&quot;:{&quot;unit&quot;:&quot;px&quot;,&quot;size&quot;:&quot;&quot;,&quot;sizes&quot;:[]}}\" data-widget_type=\"nested-carousel.default\">\n\t\t\t\t\t\t\t<div class=\"e-n-carousel swiper\" role=\"region\" aria-roledescription=\"carousel\" aria-label=\"Carousel\" dir=\"ltr\">\n\t\t\t<div class=\"swiper-wrapper\" aria-live=\"off\">\n\t\t\t\t\t\t\t\t\t\t<div class=\"swiper-slide\" data-slide=\"1\" role=\"group\" aria-roledescription=\"slide\" aria-label=\"1 of 4\">\n\t\t\t\t\t\t\t<div class=\"elementor-element elementor-element-e694022 e-flex e-con-boxed e-con e-child\" data-id=\"e694022\" data-element_type=\"container\" data-e-type=\"container\">\n\t\t\t\t\t<div class=\"e-con-inner\">\n\t\t\t\t<div class=\"elementor-element elementor-element-d0eeee1 elementor-widget elementor-widget-image\" data-id=\"d0eeee1\" data-element_type=\"widget\" data-e-type=\"widget\" data-widget_type=\"image.default\">\n\t\t\t\t\t\t\t\t\t\t\t\t\t\t\t<img loading=\"lazy\" decoding=\"async\" width=\"800\" height=\"534\" src=\"https:\/\/www.tourderomandie.ch\/wp-content\/uploads\/2024\/11\/2023_4-1024x683-1.jpg\" class=\"attachment-large size-large wp-image-3977\" alt=\"\" \/>\t\t\t\t\t\t\t\t\t\t\t\t\t\t\t<\/div>\n\t\t\t\t<div class=\"elementor-element elementor-element-3b2fbe1 elementor-widget elementor-widget-heading\" data-id=\"3b2fbe1\" data-element_type=\"widget\" data-e-type=\"widget\" data-widget_type=\"heading.default\">\n\t\t\t\t\t<h4 class=\"elementor-heading-title elementor-size-default\">Podium final de l\u2019\u00e9dition 2023, avec de gauche \u00e0 droite, Matteo Jorgenson, Adam Yates et Damiano Caruso<\/h4>\t\t\t\t<\/div>\n\t\t\t\t<div class=\"elementor-element elementor-element-f0943f0 elementor-widget elementor-widget-text-editor\" data-id=\"f0943f0\" data-element_type=\"widget\" data-e-type=\"widget\" data-widget_type=\"text-editor.default\">\n\t\t\t\t\t\t\t\t\t<p>@Keystone<\/p>\t\t\t\t\t\t\t\t<\/div>\n\t\t\t\t\t<\/div>\n\t\t\t\t<\/div>\n\t\t\t\t\t\t\t\t<\/div>\n\t\t\t\t\t\t\t\t\t\t\t<div class=\"swiper-slide\" data-slide=\"2\" role=\"group\" aria-roledescription=\"slide\" aria-label=\"2 of 4\">\n\t\t\t\t\t\t\t<div class=\"elementor-element elementor-element-2800198 e-flex e-con-boxed e-con e-child\" data-id=\"2800198\" data-element_type=\"container\" data-e-type=\"container\">\n\t\t\t\t\t<div class=\"e-con-inner\">\n\t\t\t\t<div class=\"elementor-element elementor-element-361f984 elementor-widget elementor-widget-image\" data-id=\"361f984\" data-element_type=\"widget\" data-e-type=\"widget\" data-widget_type=\"image.default\">\n\t\t\t\t\t\t\t\t\t\t\t\t\t\t\t<img loading=\"lazy\" decoding=\"async\" width=\"800\" height=\"534\" src=\"https:\/\/www.tourderomandie.ch\/wp-content\/uploads\/2024\/11\/2023_3-1024x683-1.jpg\" class=\"attachment-large size-large wp-image-3976\" alt=\"\" \/>\t\t\t\t\t\t\t\t\t\t\t\t\t\t\t<\/div>\n\t\t\t\t<div class=\"elementor-element elementor-element-1b66840 elementor-widget elementor-widget-heading\" data-id=\"1b66840\" data-element_type=\"widget\" data-e-type=\"widget\" data-widget_type=\"heading.default\">\n\t\t\t\t\t<h4 class=\"elementor-heading-title elementor-size-default\">Arriv\u00e9e de l\u2019\u00e9tape Morteau \u2013 Chaux-de-Fonds remport\u00e9e par Ethan Hayter, Tour de Romandie<\/h4>\t\t\t\t<\/div>\n\t\t\t\t<div class=\"elementor-element elementor-element-6ca433b elementor-widget elementor-widget-text-editor\" data-id=\"6ca433b\" data-element_type=\"widget\" data-e-type=\"widget\" data-widget_type=\"text-editor.default\">\n\t\t\t\t\t\t\t\t\t<p>@Keystone<\/p>\t\t\t\t\t\t\t\t<\/div>\n\t\t\t\t\t<\/div>\n\t\t\t\t<\/div>\n\t\t\t\t\t\t\t\t<\/div>\n\t\t\t\t\t\t\t\t\t\t\t<div class=\"swiper-slide\" data-slide=\"3\" role=\"group\" aria-roledescription=\"slide\" aria-label=\"3 of 4\">\n\t\t\t\t\t\t\t<div class=\"elementor-element elementor-element-0e82584 e-flex e-con-boxed e-con e-child\" data-id=\"0e82584\" data-element_type=\"container\" data-e-type=\"container\">\n\t\t\t\t\t<div class=\"e-con-inner\">\n\t\t\t\t<div class=\"elementor-element elementor-element-6a276af elementor-widget elementor-widget-image\" data-id=\"6a276af\" data-element_type=\"widget\" data-e-type=\"widget\" data-widget_type=\"image.default\">\n\t\t\t\t\t\t\t\t\t\t\t\t\t\t\t<img loading=\"lazy\" decoding=\"async\" width=\"800\" height=\"534\" src=\"https:\/\/www.tourderomandie.ch\/wp-content\/uploads\/2024\/11\/2023_2-1024x683-1.jpg\" class=\"attachment-large size-large wp-image-3975\" alt=\"\" \/>\t\t\t\t\t\t\t\t\t\t\t\t\t\t\t<\/div>\n\t\t\t\t<div class=\"elementor-element elementor-element-c356bf4 elementor-widget elementor-widget-heading\" data-id=\"c356bf4\" data-element_type=\"widget\" data-e-type=\"widget\" data-widget_type=\"heading.default\">\n\t\t\t\t\t<h4 class=\"elementor-heading-title elementor-size-default\">Remise du prix du meilleur jeune, Ethan Vernon de l\u2019\u00e9quipe Soudal Quick-Step, lors de l\u2019\u00e9tape 3 du Tour de Romandie 2023<\/h4>\t\t\t\t<\/div>\n\t\t\t\t<div class=\"elementor-element elementor-element-18a5c2c elementor-widget elementor-widget-text-editor\" data-id=\"18a5c2c\" data-element_type=\"widget\" data-e-type=\"widget\" data-widget_type=\"text-editor.default\">\n\t\t\t\t\t\t\t\t\t<p>@Keystone<\/p>\t\t\t\t\t\t\t\t<\/div>\n\t\t\t\t\t<\/div>\n\t\t\t\t<\/div>\n\t\t\t\t\t\t\t\t<\/div>\n\t\t\t\t\t\t\t\t\t\t\t<div class=\"swiper-slide\" data-slide=\"4\" role=\"group\" aria-roledescription=\"slide\" aria-label=\"4 of 4\">\n\t\t\t\t\t\t\t<div class=\"elementor-element elementor-element-31785b3 e-flex e-con-boxed e-con e-child\" data-id=\"31785b3\" data-element_type=\"container\" data-e-type=\"container\">\n\t\t\t\t\t<div class=\"e-con-inner\">\n\t\t\t\t<div class=\"elementor-element elementor-element-b42caa8 elementor-widget elementor-widget-image\" data-id=\"b42caa8\" data-element_type=\"widget\" data-e-type=\"widget\" data-widget_type=\"image.default\">\n\t\t\t\t\t\t\t\t\t\t\t\t\t\t\t<img loading=\"lazy\" decoding=\"async\" width=\"800\" height=\"534\" src=\"https:\/\/www.tourderomandie.ch\/wp-content\/uploads\/2024\/11\/2023_1-1024x683-1.jpg\" class=\"attachment-large size-large wp-image-3974\" alt=\"\" \/>\t\t\t\t\t\t\t\t\t\t\t\t\t\t\t<\/div>\n\t\t\t\t<div class=\"elementor-element elementor-element-28d8855 elementor-widget elementor-widget-heading\" data-id=\"28d8855\" data-element_type=\"widget\" data-e-type=\"widget\" data-widget_type=\"heading.default\">\n\t\t\t\t\t<h4 class=\"elementor-heading-title elementor-size-default\">Etape Crissier \u2013 Vall\u00e9e-de-Joux, Tour de Romandie 2023<\/h4>\t\t\t\t<\/div>\n\t\t\t\t<div class=\"elementor-element elementor-element-e7cacf5 elementor-widget elementor-widget-text-editor\" data-id=\"e7cacf5\" data-element_type=\"widget\" data-e-type=\"widget\" data-widget_type=\"text-editor.default\">\n\t\t\t\t\t\t\t\t\t<p>@Keystone<\/p>\t\t\t\t\t\t\t\t<\/div>\n\t\t\t\t\t<\/div>\n\t\t\t\t<\/div>\n\t\t\t\t\t\t\t\t<\/div>\n\t\t\t\t\t\t\t\t<\/div>\n\t\t<\/div>\n\t\t\t\t\t<div class=\"elementor-swiper-button elementor-swiper-button-prev\" role=\"button\" tabindex=\"0\" aria-label=\"Previous\">\n\t\t\t\t<svg aria-hidden=\"true\" class=\"e-font-icon-svg e-eicon-chevron-left\" viewBox=\"0 0 1000 1000\" xmlns=\"http:\/\/www.w3.org\/2000\/svg\"><path d=\"M646 125C629 125 613 133 604 142L308 442C296 454 292 471 292 487 292 504 296 521 308 533L604 854C617 867 629 875 646 875 663 875 679 871 692 858 704 846 713 829 713 812 713 796 708 779 692 767L438 487 692 225C700 217 708 204 708 187 708 171 704 154 692 142 675 129 663 125 646 125Z\"><\/path><\/svg>\t\t\t<\/div>\n\t\t\t<div class=\"elementor-swiper-button elementor-swiper-button-next\" role=\"button\" tabindex=\"0\" aria-label=\"Next\">\n\t\t\t\t<svg aria-hidden=\"true\" class=\"e-font-icon-svg e-eicon-chevron-right\" viewBox=\"0 0 1000 1000\" xmlns=\"http:\/\/www.w3.org\/2000\/svg\"><path d=\"M696 533C708 521 713 504 713 487 713 471 708 454 696 446L400 146C388 133 375 125 354 125 338 125 325 129 313 142 300 154 292 171 292 187 292 204 296 221 308 233L563 492 304 771C292 783 288 800 288 817 288 833 296 850 308 863 321 871 338 875 354 875 371 875 388 867 400 854L696 533Z\"><\/path><\/svg>\t\t\t<\/div>\n\t\t\t\t\t\t<\/div>\n\t\t\t\t<\/div>\n\t\t\t\t<\/div>\n\t\t<div class=\"elementor-element elementor-element-9698de3 e-con-full e-flex e-con e-child\" data-id=\"9698de3\" data-element_type=\"container\" data-e-type=\"container\">\n\t\t\t\t<div class=\"elementor-element elementor-element-e5f514b year-group elementor-widget elementor-widget-heading\" data-id=\"e5f514b\" data-element_type=\"widget\" data-e-type=\"widget\" data-widget_type=\"heading.default\">\n\t\t\t\t\t<h2 class=\"elementor-heading-title elementor-size-default\">2022<\/h2>\t\t\t\t<\/div>\n\t\t\t\t<div class=\"elementor-element elementor-element-36230c8 elementor-widget elementor-widget-button\" data-id=\"36230c8\" data-element_type=\"widget\" data-e-type=\"widget\" data-widget_type=\"button.default\">\n\t\t\t\t\t\t\t\t\t\t<a class=\"elementor-button elementor-button-link elementor-size-sm\" href=\"\/wp-content\/uploads\/2024\/08\/Post_event_2022.pdf\">\n\t\t\t\t\t\t<span class=\"elementor-button-content-wrapper\">\n\t\t\t\t\t\t\t\t\t<span class=\"elementor-button-text\">Dossier post event 2022<\/span>\n\t\t\t\t\t<\/span>\n\t\t\t\t\t<\/a>\n\t\t\t\t\t\t\t\t<\/div>\n\t\t<div class=\"elementor-element elementor-element-258801e e-con-full e-flex e-con e-child\" data-id=\"258801e\" data-element_type=\"container\" data-e-type=\"container\">\n\t\t\t\t<div class=\"elementor-element elementor-element-d23a258 txt_gradient elementor-widget elementor-widget-heading\" data-id=\"d23a258\" data-element_type=\"widget\" data-e-type=\"widget\" data-widget_type=\"heading.default\">\n\t\t\t\t\t<h3 class=\"elementor-heading-title elementor-size-default\">Aftermovie<\/h3>\t\t\t\t<\/div>\n\t\t\t\t<div class=\"elementor-element elementor-element-ab36aab elementor-widget elementor-widget-video\" data-id=\"ab36aab\" data-element_type=\"widget\" data-e-type=\"widget\" data-settings=\"{&quot;youtube_url&quot;:&quot;https:\\\/\\\/www.youtube.com\\\/watch?v=i-A8MosoHjM&quot;,&quot;video_type&quot;:&quot;youtube&quot;,&quot;controls&quot;:&quot;yes&quot;}\" data-widget_type=\"video.default\">\n\t\t\t\t\t\t\t<div class=\"elementor-wrapper elementor-open-inline\">\n\t\t\t<div class=\"elementor-video\"><\/div>\t\t<\/div>\n\t\t\t\t\t\t<\/div>\n\t\t\t\t<div class=\"elementor-element elementor-element-0881754 elementor-widget elementor-widget-video\" data-id=\"0881754\" data-element_type=\"widget\" data-e-type=\"widget\" data-settings=\"{&quot;youtube_url&quot;:&quot;https:\\\/\\\/www.youtube.com\\\/watch?v=5lPScOYdZPg&quot;,&quot;video_type&quot;:&quot;youtube&quot;,&quot;controls&quot;:&quot;yes&quot;}\" data-widget_type=\"video.default\">\n\t\t\t\t\t\t\t<div class=\"elementor-wrapper elementor-open-inline\">\n\t\t\t<div class=\"elementor-video\"><\/div>\t\t<\/div>\n\t\t\t\t\t\t<\/div>\n\t\t\t\t<\/div>\n\t\t<div class=\"elementor-element elementor-element-741389e e-con-full e-flex e-con e-child\" data-id=\"741389e\" data-element_type=\"container\" data-e-type=\"container\">\n\t\t\t\t<div class=\"elementor-element elementor-element-73c1a8f txt_gradient elementor-widget elementor-widget-heading\" data-id=\"73c1a8f\" data-element_type=\"widget\" data-e-type=\"widget\" data-widget_type=\"heading.default\">\n\t\t\t\t\t<h3 class=\"elementor-heading-title elementor-size-default\">Photos 2022<\/h3>\t\t\t\t<\/div>\n\t\t\t\t<div class=\"elementor-element elementor-element-59cd634 elementor-widget elementor-widget-text-editor\" data-id=\"59cd634\" data-element_type=\"widget\" data-e-type=\"widget\" data-widget_type=\"text-editor.default\">\n\t\t\t\t\t\t\t\t\t<p>Pour toute utilisation, merci de contacter notre partenaire Keystone \u00e0 l\u2019adresse suivante :<span style=\"text-decoration: underline;\"><span style=\"color: #339966; text-decoration: underline;\">\u00a0<a style=\"color: #339966; text-decoration: underline;\" href=\"mailto:info@keystone-ats.ch\">info@keystone-ats.ch<\/a><\/span><\/span><\/p>\t\t\t\t\t\t\t\t<\/div>\n\t\t\t\t<div class=\"elementor-element elementor-element-49b3e09 elementor-arrows-position-inside elementor-widget elementor-widget-n-carousel\" data-id=\"49b3e09\" data-element_type=\"widget\" data-e-type=\"widget\" data-settings=\"{&quot;carousel_items&quot;:[{&quot;slide_title&quot;:&quot;Diapositive N\\u00b01&quot;,&quot;_id&quot;:&quot;1835fed&quot;},{&quot;slide_title&quot;:&quot;Diapositive N\\u00b01&quot;,&quot;_id&quot;:&quot;819355f&quot;},{&quot;slide_title&quot;:&quot;Diapositive N\\u00b01&quot;,&quot;_id&quot;:&quot;69ef653&quot;},{&quot;slide_title&quot;:&quot;Diapositive N\\u00b01&quot;,&quot;_id&quot;:&quot;38f4d49&quot;}],&quot;slides_to_show&quot;:&quot;2&quot;,&quot;slides_to_scroll&quot;:&quot;1&quot;,&quot;offset_sides&quot;:&quot;right&quot;,&quot;image_spacing_custom&quot;:{&quot;unit&quot;:&quot;px&quot;,&quot;size&quot;:18,&quot;sizes&quot;:[]},&quot;slides_to_show_tablet&quot;:&quot;2&quot;,&quot;slides_to_show_mobile&quot;:&quot;1&quot;,&quot;autoplay&quot;:&quot;yes&quot;,&quot;autoplay_speed&quot;:5000,&quot;pause_on_hover&quot;:&quot;yes&quot;,&quot;pause_on_interaction&quot;:&quot;yes&quot;,&quot;infinite&quot;:&quot;yes&quot;,&quot;speed&quot;:500,&quot;offset_width&quot;:{&quot;unit&quot;:&quot;px&quot;,&quot;size&quot;:80,&quot;sizes&quot;:[]},&quot;offset_width_laptop&quot;:{&quot;unit&quot;:&quot;px&quot;,&quot;size&quot;:&quot;&quot;,&quot;sizes&quot;:[]},&quot;offset_width_tablet_extra&quot;:{&quot;unit&quot;:&quot;px&quot;,&quot;size&quot;:&quot;&quot;,&quot;sizes&quot;:[]},&quot;offset_width_tablet&quot;:{&quot;unit&quot;:&quot;px&quot;,&quot;size&quot;:&quot;&quot;,&quot;sizes&quot;:[]},&quot;offset_width_mobile_extra&quot;:{&quot;unit&quot;:&quot;px&quot;,&quot;size&quot;:&quot;&quot;,&quot;sizes&quot;:[]},&quot;offset_width_mobile&quot;:{&quot;unit&quot;:&quot;px&quot;,&quot;size&quot;:&quot;&quot;,&quot;sizes&quot;:[]},&quot;arrows&quot;:&quot;yes&quot;,&quot;image_spacing_custom_laptop&quot;:{&quot;unit&quot;:&quot;px&quot;,&quot;size&quot;:&quot;&quot;,&quot;sizes&quot;:[]},&quot;image_spacing_custom_tablet_extra&quot;:{&quot;unit&quot;:&quot;px&quot;,&quot;size&quot;:&quot;&quot;,&quot;sizes&quot;:[]},&quot;image_spacing_custom_tablet&quot;:{&quot;unit&quot;:&quot;px&quot;,&quot;size&quot;:&quot;&quot;,&quot;sizes&quot;:[]},&quot;image_spacing_custom_mobile_extra&quot;:{&quot;unit&quot;:&quot;px&quot;,&quot;size&quot;:&quot;&quot;,&quot;sizes&quot;:[]},&quot;image_spacing_custom_mobile&quot;:{&quot;unit&quot;:&quot;px&quot;,&quot;size&quot;:&quot;&quot;,&quot;sizes&quot;:[]}}\" data-widget_type=\"nested-carousel.default\">\n\t\t\t\t\t\t\t<div class=\"e-n-carousel swiper\" role=\"region\" aria-roledescription=\"carousel\" aria-label=\"Carousel\" dir=\"ltr\">\n\t\t\t<div class=\"swiper-wrapper\" aria-live=\"off\">\n\t\t\t\t\t\t\t\t\t\t<div class=\"swiper-slide\" data-slide=\"1\" role=\"group\" aria-roledescription=\"slide\" aria-label=\"1 of 4\">\n\t\t\t\t\t\t\t<div class=\"elementor-element elementor-element-d746bdd e-flex e-con-boxed e-con e-child\" data-id=\"d746bdd\" data-element_type=\"container\" data-e-type=\"container\">\n\t\t\t\t\t<div class=\"e-con-inner\">\n\t\t\t\t<div class=\"elementor-element elementor-element-0e36ed2 elementor-widget elementor-widget-image\" data-id=\"0e36ed2\" data-element_type=\"widget\" data-e-type=\"widget\" data-widget_type=\"image.default\">\n\t\t\t\t\t\t\t\t\t\t\t\t\t\t\t<img loading=\"lazy\" decoding=\"async\" width=\"800\" height=\"534\" src=\"https:\/\/www.tourderomandie.ch\/wp-content\/uploads\/2024\/11\/2022_4-1024x683-1.jpg\" class=\"attachment-large size-large wp-image-3981\" alt=\"\" \/>\t\t\t\t\t\t\t\t\t\t\t\t\t\t\t<\/div>\n\t\t\t\t<div class=\"elementor-element elementor-element-f9bd664 elementor-widget elementor-widget-heading\" data-id=\"f9bd664\" data-element_type=\"widget\" data-e-type=\"widget\" data-widget_type=\"heading.default\">\n\t\t\t\t\t<h4 class=\"elementor-heading-title elementor-size-default\">Gagnant du Tour de Romandie 2022, Aleksandr Vlasov de l\u2019\u00e9quipe Bora-Hansgrohe<\/h4>\t\t\t\t<\/div>\n\t\t\t\t<div class=\"elementor-element elementor-element-fac5bcd elementor-widget elementor-widget-text-editor\" data-id=\"fac5bcd\" data-element_type=\"widget\" data-e-type=\"widget\" data-widget_type=\"text-editor.default\">\n\t\t\t\t\t\t\t\t\t<p>@Keystone<\/p>\t\t\t\t\t\t\t\t<\/div>\n\t\t\t\t\t<\/div>\n\t\t\t\t<\/div>\n\t\t\t\t\t\t\t\t<\/div>\n\t\t\t\t\t\t\t\t\t\t\t<div class=\"swiper-slide\" data-slide=\"2\" role=\"group\" aria-roledescription=\"slide\" aria-label=\"2 of 4\">\n\t\t\t\t\t\t\t<div class=\"elementor-element elementor-element-3bd59f9 e-flex e-con-boxed e-con e-child\" data-id=\"3bd59f9\" data-element_type=\"container\" data-e-type=\"container\">\n\t\t\t\t\t<div class=\"e-con-inner\">\n\t\t\t\t<div class=\"elementor-element elementor-element-b8aba6f elementor-widget elementor-widget-image\" data-id=\"b8aba6f\" data-element_type=\"widget\" data-e-type=\"widget\" data-widget_type=\"image.default\">\n\t\t\t\t\t\t\t\t\t\t\t\t\t\t\t<img loading=\"lazy\" decoding=\"async\" width=\"800\" height=\"534\" src=\"https:\/\/www.tourderomandie.ch\/wp-content\/uploads\/2024\/11\/2022_3-1024x683-1.jpg\" class=\"attachment-large size-large wp-image-3980\" alt=\"\" \/>\t\t\t\t\t\t\t\t\t\t\t\t\t\t\t<\/div>\n\t\t\t\t<div class=\"elementor-element elementor-element-9d21623 elementor-widget elementor-widget-heading\" data-id=\"9d21623\" data-element_type=\"widget\" data-e-type=\"widget\" data-widget_type=\"heading.default\">\n\t\t\t\t\t<h4 class=\"elementor-heading-title elementor-size-default\">Peloton lors de l\u2019\u00e9tape Aigle \u2013 Zinal, Tour de Romandie 22<\/h4>\t\t\t\t<\/div>\n\t\t\t\t<div class=\"elementor-element elementor-element-9fafb03 elementor-widget elementor-widget-text-editor\" data-id=\"9fafb03\" data-element_type=\"widget\" data-e-type=\"widget\" data-widget_type=\"text-editor.default\">\n\t\t\t\t\t\t\t\t\t<p>@Keystone<\/p>\t\t\t\t\t\t\t\t<\/div>\n\t\t\t\t\t<\/div>\n\t\t\t\t<\/div>\n\t\t\t\t\t\t\t\t<\/div>\n\t\t\t\t\t\t\t\t\t\t\t<div class=\"swiper-slide\" data-slide=\"3\" role=\"group\" aria-roledescription=\"slide\" aria-label=\"3 of 4\">\n\t\t\t\t\t\t\t<div class=\"elementor-element elementor-element-1be9947 e-flex e-con-boxed e-con e-child\" data-id=\"1be9947\" data-element_type=\"container\" data-e-type=\"container\">\n\t\t\t\t\t<div class=\"e-con-inner\">\n\t\t\t\t<div class=\"elementor-element elementor-element-40c7978 elementor-widget elementor-widget-image\" data-id=\"40c7978\" data-element_type=\"widget\" data-e-type=\"widget\" data-widget_type=\"image.default\">\n\t\t\t\t\t\t\t\t\t\t\t\t\t\t\t<img loading=\"lazy\" decoding=\"async\" width=\"800\" height=\"534\" src=\"https:\/\/www.tourderomandie.ch\/wp-content\/uploads\/2024\/11\/2022_2-1024x683-1.jpg\" class=\"attachment-large size-large wp-image-3979\" alt=\"\" \/>\t\t\t\t\t\t\t\t\t\t\t\t\t\t\t<\/div>\n\t\t\t\t<div class=\"elementor-element elementor-element-aadd7b2 elementor-widget elementor-widget-heading\" data-id=\"aadd7b2\" data-element_type=\"widget\" data-e-type=\"widget\" data-widget_type=\"heading.default\">\n\t\t\t\t\t<h4 class=\"elementor-heading-title elementor-size-default\">L\u2019\u00e9quipe de Suisse dans l\u2019attente du lancement d\u2019une des \u00e9tapes du Tour de Romandie 2022<\/h4>\t\t\t\t<\/div>\n\t\t\t\t<div class=\"elementor-element elementor-element-12089f2 elementor-widget elementor-widget-text-editor\" data-id=\"12089f2\" data-element_type=\"widget\" data-e-type=\"widget\" data-widget_type=\"text-editor.default\">\n\t\t\t\t\t\t\t\t\t<p>@Keystone<\/p>\t\t\t\t\t\t\t\t<\/div>\n\t\t\t\t\t<\/div>\n\t\t\t\t<\/div>\n\t\t\t\t\t\t\t\t<\/div>\n\t\t\t\t\t\t\t\t\t\t\t<div class=\"swiper-slide\" data-slide=\"4\" role=\"group\" aria-roledescription=\"slide\" aria-label=\"4 of 4\">\n\t\t\t\t\t\t\t<div class=\"elementor-element elementor-element-9a7961c e-flex e-con-boxed e-con e-child\" data-id=\"9a7961c\" data-element_type=\"container\" data-e-type=\"container\">\n\t\t\t\t\t<div class=\"e-con-inner\">\n\t\t\t\t<div class=\"elementor-element elementor-element-14d1319 elementor-widget elementor-widget-image\" data-id=\"14d1319\" data-element_type=\"widget\" data-e-type=\"widget\" data-widget_type=\"image.default\">\n\t\t\t\t\t\t\t\t\t\t\t\t\t\t\t<img loading=\"lazy\" decoding=\"async\" width=\"800\" height=\"534\" src=\"https:\/\/www.tourderomandie.ch\/wp-content\/uploads\/2024\/11\/2022_1-1024x683-1.jpg\" class=\"attachment-large size-large wp-image-3978\" alt=\"\" \/>\t\t\t\t\t\t\t\t\t\t\t\t\t\t\t<\/div>\n\t\t\t\t<div class=\"elementor-element elementor-element-0714c71 elementor-widget elementor-widget-heading\" data-id=\"0714c71\" data-element_type=\"widget\" data-e-type=\"widget\" data-widget_type=\"heading.default\">\n\t\t\t\t\t<h4 class=\"elementor-heading-title elementor-size-default\">Thomas Geraint et Chris Froome au d\u00e9part d\u2019une des \u00e9tapes du Tour de Romandie 2022<\/h4>\t\t\t\t<\/div>\n\t\t\t\t<div class=\"elementor-element elementor-element-b0c3a54 elementor-widget elementor-widget-text-editor\" data-id=\"b0c3a54\" data-element_type=\"widget\" data-e-type=\"widget\" data-widget_type=\"text-editor.default\">\n\t\t\t\t\t\t\t\t\t<p>@Keystone<\/p>\t\t\t\t\t\t\t\t<\/div>\n\t\t\t\t\t<\/div>\n\t\t\t\t<\/div>\n\t\t\t\t\t\t\t\t<\/div>\n\t\t\t\t\t\t\t\t<\/div>\n\t\t<\/div>\n\t\t\t\t\t<div class=\"elementor-swiper-button elementor-swiper-button-prev\" role=\"button\" tabindex=\"0\" aria-label=\"Previous\">\n\t\t\t\t<svg aria-hidden=\"true\" class=\"e-font-icon-svg e-eicon-chevron-left\" viewBox=\"0 0 1000 1000\" xmlns=\"http:\/\/www.w3.org\/2000\/svg\"><path d=\"M646 125C629 125 613 133 604 142L308 442C296 454 292 471 292 487 292 504 296 521 308 533L604 854C617 867 629 875 646 875 663 875 679 871 692 858 704 846 713 829 713 812 713 796 708 779 692 767L438 487 692 225C700 217 708 204 708 187 708 171 704 154 692 142 675 129 663 125 646 125Z\"><\/path><\/svg>\t\t\t<\/div>\n\t\t\t<div class=\"elementor-swiper-button elementor-swiper-button-next\" role=\"button\" tabindex=\"0\" aria-label=\"Next\">\n\t\t\t\t<svg aria-hidden=\"true\" class=\"e-font-icon-svg e-eicon-chevron-right\" viewBox=\"0 0 1000 1000\" xmlns=\"http:\/\/www.w3.org\/2000\/svg\"><path d=\"M696 533C708 521 713 504 713 487 713 471 708 454 696 446L400 146C388 133 375 125 354 125 338 125 325 129 313 142 300 154 292 171 292 187 292 204 296 221 308 233L563 492 304 771C292 783 288 800 288 817 288 833 296 850 308 863 321 871 338 875 354 875 371 875 388 867 400 854L696 533Z\"><\/path><\/svg>\t\t\t<\/div>\n\t\t\t\t\t\t<\/div>\n\t\t\t\t<\/div>\n\t\t\t\t<\/div>\n\t\t\t\t<\/div>\n\t\t\t\t<\/div>\n\t\t\t\t<\/div>\n\t\t","protected":false},"excerpt":{"rendered":"<p>Archives m\u00e9dia 2026 Teaser https:\/\/www.tourderomandie.ch\/wp-content\/uploads\/2026\/02\/Teaser-TDR-Masculin-2026-V2-Final-1.mp4 2025 After movie 2025 https:\/\/www.tourderomandie.ch\/wp-content\/uploads\/2025\/05\/tdr2025_aftermovie_v4.mp4 Photos 2025 Pour toute utilisation, merci de contacter notre partenaire Keystone \u00e0 l\u2019adresse suivante :\u00a0info@keystone-ats.ch Prologue Saint-Imier \u00a9Keystone M\u00fcnchenstein by Primeo Energie &#8211; Fribourg \u00a9Keystone La Grande B\u00e9roche \u00a9Keystone Cossonay \u00a9Keystone Sion &#8211; Thyon \u00a9Keystone Gen\u00e8ve \u00a9Keystone Conf\u00e9rence de presse \u00a9Keystone Les \u00e9tapes https:\/\/www.tourderomandie.ch\/wp-content\/uploads\/2025\/04\/tdr2025-E0-PROLOGUE.mp4 Prologue [&hellip;]<\/p>\n","protected":false},"author":1,"featured_media":0,"parent":0,"menu_order":0,"comment_status":"closed","ping_status":"closed","template":"","meta":{"_acf_changed":false,"footnotes":""},"class_list":["post-1420","page","type-page","status-publish","hentry"],"acf":[],"yoast_head":"<!-- This site is optimized with the Yoast SEO plugin v27.5 - https:\/\/yoast.com\/product\/yoast-seo-wordpress\/ -->\n<title>Galerie photos et vid\u00e9os - Tour de Romandie<\/title>\n<meta name=\"description\" content=\"Les m\u00e9dias, aftermovies, photos et dossiers, ont \u00e9t\u00e9 class\u00e9s afin de pouvoir vous replonger dans les \u00e9ditions pr\u00e9c\u00e9dentes du TDR\" \/>\n<meta name=\"robots\" content=\"index, follow, max-snippet:-1, max-image-preview:large, max-video-preview:-1\" \/>\n<link rel=\"canonical\" href=\"https:\/\/www.tourderomandie.ch\/en\/archives-media\/\" \/>\n<meta property=\"og:locale\" content=\"en_US\" \/>\n<meta property=\"og:type\" content=\"article\" \/>\n<meta property=\"og:title\" content=\"Galerie photos et vid\u00e9os - Tour de Romandie\" \/>\n<meta property=\"og:description\" content=\"Les m\u00e9dias, aftermovies, photos et dossiers, ont \u00e9t\u00e9 class\u00e9s afin de pouvoir vous replonger dans les \u00e9ditions pr\u00e9c\u00e9dentes du TDR\" \/>\n<meta property=\"og:url\" content=\"https:\/\/www.tourderomandie.ch\/en\/archives-media\/\" \/>\n<meta property=\"og:site_name\" content=\"TdR\" \/>\n<meta property=\"article:publisher\" content=\"https:\/\/www.facebook.com\/tourderomandie\" \/>\n<meta property=\"article:modified_time\" content=\"2026-02-20T12:37:47+00:00\" \/>\n<meta property=\"og:image\" content=\"https:\/\/www.tourderomandie.ch\/wp-content\/uploads\/2026\/01\/montagne-1.png\" \/>\n<meta name=\"twitter:card\" content=\"summary_large_image\" \/>\n<meta name=\"twitter:site\" content=\"@TourDeRomandie\" \/>\n<meta name=\"twitter:label1\" content=\"Est. reading time\" \/>\n\t<meta name=\"twitter:data1\" content=\"29 minutes\" \/>\n<script type=\"application\/ld+json\" class=\"yoast-schema-graph\">{\"@context\":\"https:\\\/\\\/schema.org\",\"@graph\":[{\"@type\":\"WebPage\",\"@id\":\"https:\\\/\\\/www.tourderomandie.ch\\\/en\\\/archives-media\\\/\",\"url\":\"https:\\\/\\\/www.tourderomandie.ch\\\/en\\\/archives-media\\\/\",\"name\":\"Galerie photos et vid\u00e9os - Tour de Romandie\",\"isPartOf\":{\"@id\":\"https:\\\/\\\/www.tourderomandie.ch\\\/en\\\/#website\"},\"primaryImageOfPage\":{\"@id\":\"https:\\\/\\\/www.tourderomandie.ch\\\/en\\\/archives-media\\\/#primaryimage\"},\"image\":{\"@id\":\"https:\\\/\\\/www.tourderomandie.ch\\\/en\\\/archives-media\\\/#primaryimage\"},\"thumbnailUrl\":\"https:\\\/\\\/www.tourderomandie.ch\\\/wp-content\\\/uploads\\\/2026\\\/01\\\/montagne-1.png\",\"datePublished\":\"2024-08-06T09:07:21+00:00\",\"dateModified\":\"2026-02-20T12:37:47+00:00\",\"description\":\"Les m\u00e9dias, aftermovies, photos et dossiers, ont \u00e9t\u00e9 class\u00e9s afin de pouvoir vous replonger dans les \u00e9ditions pr\u00e9c\u00e9dentes du TDR\",\"breadcrumb\":{\"@id\":\"https:\\\/\\\/www.tourderomandie.ch\\\/en\\\/archives-media\\\/#breadcrumb\"},\"inLanguage\":\"en-US\",\"potentialAction\":[{\"@type\":\"ReadAction\",\"target\":[\"https:\\\/\\\/www.tourderomandie.ch\\\/en\\\/archives-media\\\/\"]}]},{\"@type\":\"ImageObject\",\"inLanguage\":\"en-US\",\"@id\":\"https:\\\/\\\/www.tourderomandie.ch\\\/en\\\/archives-media\\\/#primaryimage\",\"url\":\"https:\\\/\\\/www.tourderomandie.ch\\\/wp-content\\\/uploads\\\/2026\\\/01\\\/montagne-1.png\",\"contentUrl\":\"https:\\\/\\\/www.tourderomandie.ch\\\/wp-content\\\/uploads\\\/2026\\\/01\\\/montagne-1.png\"},{\"@type\":\"BreadcrumbList\",\"@id\":\"https:\\\/\\\/www.tourderomandie.ch\\\/en\\\/archives-media\\\/#breadcrumb\",\"itemListElement\":[{\"@type\":\"ListItem\",\"position\":1,\"name\":\"Accueil\",\"item\":\"https:\\\/\\\/www.tourderomandie.ch\\\/en\\\/\"},{\"@type\":\"ListItem\",\"position\":2,\"name\":\"Galerie photos et vid\u00e9os\"}]},{\"@type\":\"WebSite\",\"@id\":\"https:\\\/\\\/www.tourderomandie.ch\\\/en\\\/#website\",\"url\":\"https:\\\/\\\/www.tourderomandie.ch\\\/en\\\/\",\"name\":\"Tour de Romandie\",\"description\":\"Tour de Romandie | du 28 avril au 03 mai 2026\",\"publisher\":{\"@id\":\"https:\\\/\\\/www.tourderomandie.ch\\\/en\\\/#organization\"},\"potentialAction\":[{\"@type\":\"SearchAction\",\"target\":{\"@type\":\"EntryPoint\",\"urlTemplate\":\"https:\\\/\\\/www.tourderomandie.ch\\\/en\\\/?s={search_term_string}\"},\"query-input\":{\"@type\":\"PropertyValueSpecification\",\"valueRequired\":true,\"valueName\":\"search_term_string\"}}],\"inLanguage\":\"en-US\"},{\"@type\":\"Organization\",\"@id\":\"https:\\\/\\\/www.tourderomandie.ch\\\/en\\\/#organization\",\"name\":\"Tour de Romandie\",\"url\":\"https:\\\/\\\/www.tourderomandie.ch\\\/en\\\/\",\"logo\":{\"@type\":\"ImageObject\",\"inLanguage\":\"en-US\",\"@id\":\"https:\\\/\\\/www.tourderomandie.ch\\\/en\\\/#\\\/schema\\\/logo\\\/image\\\/\",\"url\":\"https:\\\/\\\/www.tourderomandie.ch\\\/wp-content\\\/uploads\\\/2024\\\/07\\\/logo-tdr-2x-min-2.png\",\"contentUrl\":\"https:\\\/\\\/www.tourderomandie.ch\\\/wp-content\\\/uploads\\\/2024\\\/07\\\/logo-tdr-2x-min-2.png\",\"width\":354,\"height\":110,\"caption\":\"Tour de Romandie\"},\"image\":{\"@id\":\"https:\\\/\\\/www.tourderomandie.ch\\\/en\\\/#\\\/schema\\\/logo\\\/image\\\/\"},\"sameAs\":[\"https:\\\/\\\/www.facebook.com\\\/tourderomandie\",\"https:\\\/\\\/x.com\\\/TourDeRomandie\",\"https:\\\/\\\/www.linkedin.com\\\/company\\\/tour-de-romandie\\\/\",\"https:\\\/\\\/www.instagram.com\\\/tourderomandie\\\/\",\"https:\\\/\\\/www.flickr.com\\\/photos\\\/149217298@N06\\\/\"]}]}<\/script>\n<!-- \/ Yoast SEO plugin. -->","yoast_head_json":{"title":"Photo and video gallery - Tour de Romandie","description":"The media, aftermovies, photos, and files have been categorized so you can dive back into previous editions of the TDR.","robots":{"index":"index","follow":"follow","max-snippet":"max-snippet:-1","max-image-preview":"max-image-preview:large","max-video-preview":"max-video-preview:-1"},"canonical":"https:\/\/www.tourderomandie.ch\/en\/archives-media\/","og_locale":"en_US","og_type":"article","og_title":"Galerie photos et vid\u00e9os - Tour de Romandie","og_description":"Les m\u00e9dias, aftermovies, photos et dossiers, ont \u00e9t\u00e9 class\u00e9s afin de pouvoir vous replonger dans les \u00e9ditions pr\u00e9c\u00e9dentes du TDR","og_url":"https:\/\/www.tourderomandie.ch\/en\/archives-media\/","og_site_name":"TdR","article_publisher":"https:\/\/www.facebook.com\/tourderomandie","article_modified_time":"2026-02-20T12:37:47+00:00","og_image":[{"url":"https:\/\/www.tourderomandie.ch\/wp-content\/uploads\/2026\/01\/montagne-1.png","type":"","width":"","height":""}],"twitter_card":"summary_large_image","twitter_site":"@TourDeRomandie","twitter_misc":{"Est. reading time":"29 minutes"},"schema":{"@context":"https:\/\/schema.org","@graph":[{"@type":"WebPage","@id":"https:\/\/www.tourderomandie.ch\/en\/archives-media\/","url":"https:\/\/www.tourderomandie.ch\/en\/archives-media\/","name":"Photo and video gallery - Tour de Romandie","isPartOf":{"@id":"https:\/\/www.tourderomandie.ch\/en\/#website"},"primaryImageOfPage":{"@id":"https:\/\/www.tourderomandie.ch\/en\/archives-media\/#primaryimage"},"image":{"@id":"https:\/\/www.tourderomandie.ch\/en\/archives-media\/#primaryimage"},"thumbnailUrl":"https:\/\/www.tourderomandie.ch\/wp-content\/uploads\/2026\/01\/montagne-1.png","datePublished":"2024-08-06T09:07:21+00:00","dateModified":"2026-02-20T12:37:47+00:00","description":"The media, aftermovies, photos, and files have been categorized so you can dive back into previous editions of the TDR.","breadcrumb":{"@id":"https:\/\/www.tourderomandie.ch\/en\/archives-media\/#breadcrumb"},"inLanguage":"en-US","potentialAction":[{"@type":"ReadAction","target":["https:\/\/www.tourderomandie.ch\/en\/archives-media\/"]}]},{"@type":"ImageObject","inLanguage":"en-US","@id":"https:\/\/www.tourderomandie.ch\/en\/archives-media\/#primaryimage","url":"https:\/\/www.tourderomandie.ch\/wp-content\/uploads\/2026\/01\/montagne-1.png","contentUrl":"https:\/\/www.tourderomandie.ch\/wp-content\/uploads\/2026\/01\/montagne-1.png"},{"@type":"BreadcrumbList","@id":"https:\/\/www.tourderomandie.ch\/en\/archives-media\/#breadcrumb","itemListElement":[{"@type":"ListItem","position":1,"name":"Accueil","item":"https:\/\/www.tourderomandie.ch\/en\/"},{"@type":"ListItem","position":2,"name":"Galerie photos et vid\u00e9os"}]},{"@type":"WebSite","@id":"https:\/\/www.tourderomandie.ch\/en\/#website","url":"https:\/\/www.tourderomandie.ch\/en\/","name":"Tour de Romandie","description":"Tour de Romandie | April 28 to May 3, 2026","publisher":{"@id":"https:\/\/www.tourderomandie.ch\/en\/#organization"},"potentialAction":[{"@type":"SearchAction","target":{"@type":"EntryPoint","urlTemplate":"https:\/\/www.tourderomandie.ch\/en\/?s={search_term_string}"},"query-input":{"@type":"PropertyValueSpecification","valueRequired":true,"valueName":"search_term_string"}}],"inLanguage":"en-US"},{"@type":"Organization","@id":"https:\/\/www.tourderomandie.ch\/en\/#organization","name":"Tour de Romandie","url":"https:\/\/www.tourderomandie.ch\/en\/","logo":{"@type":"ImageObject","inLanguage":"en-US","@id":"https:\/\/www.tourderomandie.ch\/en\/#\/schema\/logo\/image\/","url":"https:\/\/www.tourderomandie.ch\/wp-content\/uploads\/2024\/07\/logo-tdr-2x-min-2.png","contentUrl":"https:\/\/www.tourderomandie.ch\/wp-content\/uploads\/2024\/07\/logo-tdr-2x-min-2.png","width":354,"height":110,"caption":"Tour de Romandie"},"image":{"@id":"https:\/\/www.tourderomandie.ch\/en\/#\/schema\/logo\/image\/"},"sameAs":["https:\/\/www.facebook.com\/tourderomandie","https:\/\/x.com\/TourDeRomandie","https:\/\/www.linkedin.com\/company\/tour-de-romandie\/","https:\/\/www.instagram.com\/tourderomandie\/","https:\/\/www.flickr.com\/photos\/149217298@N06\/"]}]}},"_links":{"self":[{"href":"https:\/\/www.tourderomandie.ch\/en\/wp-json\/wp\/v2\/pages\/1420","targetHints":{"allow":["GET"]}}],"collection":[{"href":"https:\/\/www.tourderomandie.ch\/en\/wp-json\/wp\/v2\/pages"}],"about":[{"href":"https:\/\/www.tourderomandie.ch\/en\/wp-json\/wp\/v2\/types\/page"}],"author":[{"embeddable":true,"href":"https:\/\/www.tourderomandie.ch\/en\/wp-json\/wp\/v2\/users\/1"}],"replies":[{"embeddable":true,"href":"https:\/\/www.tourderomandie.ch\/en\/wp-json\/wp\/v2\/comments?post=1420"}],"version-history":[{"count":102,"href":"https:\/\/www.tourderomandie.ch\/en\/wp-json\/wp\/v2\/pages\/1420\/revisions"}],"predecessor-version":[{"id":9245,"href":"https:\/\/www.tourderomandie.ch\/en\/wp-json\/wp\/v2\/pages\/1420\/revisions\/9245"}],"wp:attachment":[{"href":"https:\/\/www.tourderomandie.ch\/en\/wp-json\/wp\/v2\/media?parent=1420"}],"curies":[{"name":"wp","href":"https:\/\/api.w.org\/{rel}","templated":true}]}}